{"id":9974,"date":"2019-08-28T09:24:25","date_gmt":"2019-08-28T07:24:25","guid":{"rendered":"https:\/\/www.salgotarjan.hu\/?page_id=9974"},"modified":"2019-10-24T11:19:24","modified_gmt":"2019-10-24T09:19:24","slug":"valasztasok-valasztasi-bizottsag-dontesei-2019-evi-helyi-onkormanyzati-kepviselok-es-polgarmesterek-nemzetisegi-onkormanyzati-kepviselok-valasztasa","status":"publish","type":"page","link":"https:\/\/www.salgotarjan.hu\/?page_id=9974","title":{"rendered":"V\u00e1laszt\u00e1sok \/ V\u00e1laszt\u00e1si bizotts\u00e1g d\u00f6nt\u00e9sei \/ 2019 \u00e9vi helyi \u00f6nkorm\u00e1nyzati k\u00e9pvisel\u0151k \u00e9s polg\u00e1rmesterek, nemzetis\u00e9gi \u00f6nkorm\u00e1nyzati k\u00e9pvisel\u0151k v\u00e1laszt\u00e1sa"},"content":{"rendered":"<p>1.2019.(VIII.29.) HVB sz. hat\u00e1rozat<br \/>\nFekete Zsolt polg\u00e1rmesterjel\u00f6lt nyilv\u00e1ntart\u00e1sba v\u00e9tele<br \/>\n<a href=\"https:\/\/www.salgotarjan.hu\/wp-content\/uploads\/valasztasok_20190829_hvb_1_2019.pdf\">let\u00f6lt\u00e9s<\/a><\/p>\n<p>2.2019.(VIII.29.) HVB sz. hat\u00e1rozat<br \/>\nMoln\u00e1r K\u00e1roly k\u00e9pvisel\u0151jel\u00f6lt nyilv\u00e1ntart\u00e1sba v\u00e9tele<br \/>\n<a href=\"https:\/\/www.salgotarjan.hu\/wp-content\/uploads\/valasztasok_20190829_hvb_2_2019.pdf\">let\u00f6lt\u00e9s<\/a><\/p>\n<p>3.2019.(VIII.29.) HVB sz. hat\u00e1rozat<br \/>\nPataki Csaba k\u00e9pvisel\u0151jel\u00f6lt nyilv\u00e1ntart\u00e1sba v\u00e9tele<br \/>\n<a href=\"https:\/\/www.salgotarjan.hu\/wp-content\/uploads\/valasztasok_20190829_hvb_3_2019.pdf\">let\u00f6lt\u00e9s<\/a><\/p>\n<p>4.2019.(VIII.29.) HVB sz. hat\u00e1rozat<br \/>\nKov\u00e1cs Andrea k\u00e9pvisel\u0151jel\u00f6lt nyilv\u00e1ntart\u00e1sba v\u00e9tele<br \/>\n<a href=\"https:\/\/www.salgotarjan.hu\/wp-content\/uploads\/valasztasok_20190829_hvb_4_2019.pdf\">let\u00f6lt\u00e9s<\/a><\/p>\n<p>5.2019.(VIII.29.) HVB sz. hat\u00e1rozat<br \/>\nGyurk\u00f3 J\u00f3zsef Csaba k\u00e9pvisel\u0151jel\u00f6lt nyilv\u00e1ntart\u00e1sba v\u00e9tele<br \/>\n<a href=\"https:\/\/www.salgotarjan.hu\/wp-content\/uploads\/valasztasok_20190829_hvb_5_2019.pdf\">let\u00f6lt\u00e9s<\/a><\/p>\n<p>6.2019.(VIII.29) HVB sz. hat\u00e1rozat<br \/>\ndr. Husz\u00e1r M\u00e1t\u00e9 k\u00e9pvisel\u0151jel\u00f6lt nyilv\u00e1ntart\u00e1sba v\u00e9tele<br \/>\n<a href=\"https:\/\/www.salgotarjan.hu\/wp-content\/uploads\/valasztasok_20190829_hvb_6_2019.pdf\">let\u00f6lt\u00e9s<\/a><\/p>\n<p>7.2019.(VIII.29.) HVB sz. hat\u00e1rozat<br \/>\ndr. D\u00e1niel Zolt\u00e1n k\u00e9pvisel\u0151jel\u00f6lt nyilv\u00e1ntart\u00e1sba v\u00e9tele<br \/>\n<a href=\"https:\/\/www.salgotarjan.hu\/wp-content\/uploads\/valasztasok_20190829_hvb_7_2019.pdf\">let\u00f6lt\u00e9s<\/a><\/p>\n<p>8.2019.(VIII.29.) HVB sz. hat\u00e1rozat<br \/>\nHarmos L\u00e1szl\u00f3 k\u00e9pvisel\u0151jel\u00f6lt nyilv\u00e1ntart\u00e1sba v\u00e9tele<br \/>\n<a href=\"https:\/\/www.salgotarjan.hu\/wp-content\/uploads\/valasztasok_20190829_hvb_8_2019.pdf\">let\u00f6lt\u00e9s<\/a><\/p>\n<p>9.2019.(VIII.29.) HVB sz. hat\u00e1rozat<br \/>\nHomoga L\u00e1szl\u00f3 k\u00e9pvisel\u0151jel\u00f6lt nyilv\u00e1ntart\u00e1sba v\u00e9tele<br \/>\n<a href=\"https:\/\/www.salgotarjan.hu\/wp-content\/uploads\/valasztasok_20190829_hvb_9_2019.pdf\">let\u00f6lt\u00e9s<\/a><\/p>\n<p>10.2019.(VIII.29.) HVB sz. hat\u00e1rozat<br \/>\nDud\u00e1s N\u00e1ndor k\u00e9pvisel\u0151jel\u00f6lt nyilv\u00e1ntart\u00e1sba v\u00e9tele<br \/>\n<a href=\"https:\/\/www.salgotarjan.hu\/wp-content\/uploads\/valasztasok_20190829_hvb_10_2019.pdf\">let\u00f6lt\u00e9s<\/a><\/p>\n<p>11.2019.(VIII.29.) HVB sz. hat\u00e1rozat<br \/>\nB\u00edr\u00f3 Ferenc k\u00e9pvisel\u0151jel\u00f6lt nyilv\u00e1ntart\u00e1sba v\u00e9tele<br \/>\n<a href=\"https:\/\/www.salgotarjan.hu\/wp-content\/uploads\/valasztasok_20190829_hvb_11_2019.pdf\">let\u00f6lt\u00e9s<\/a><\/p>\n<p>12.2019.(VIII.29.) HVB sz. hat\u00e1rozat<br \/>\nSzab\u00f3 Csaba polg\u00e1rmesterjel\u00f6lt nyilv\u00e1ntart\u00e1sba v\u00e9tele<br \/>\n<a href=\"https:\/\/www.salgotarjan.hu\/wp-content\/uploads\/valasztasok_20190829_hvb_12_2019.pdf\">let\u00f6lt\u00e9s<\/a><\/p>\n<p>13.2019.(VIII.29.) HVB sz. hat\u00e1rozat<br \/>\nNagyn\u00e9 Maruzs Ildik\u00f3 k\u00e9pvisel\u0151jel\u00f6lt nyilv\u00e1ntart\u00e1sba v\u00e9tele<br \/>\n<a href=\"https:\/\/www.salgotarjan.hu\/wp-content\/uploads\/valasztasok_20190829_hvb_13_2019.pdf\">let\u00f6lt\u00e9s<\/a><\/p>\n<p>14.2019.(VIII.29.) HVB sz. hat\u00e1rozat<br \/>\nBarna Bence k\u00e9pvisel\u0151jel\u00f6lt nyilv\u00e1ntart\u00e1sba v\u00e9tele<br \/>\n<a href=\"https:\/\/www.salgotarjan.hu\/wp-content\/uploads\/valasztasok_20190829_hvb_14_2019.pdf\">let\u00f6lt\u00e9s<\/a><\/p>\n<p>15.2019.(VIII.29.) HVB sz. hat\u00e1rozat<br \/>\nTurcs\u00e1ny L\u00e1szl\u00f3 k\u00e9pvisel\u0151jel\u00f6lt nyilv\u00e1ntart\u00e1sba v\u00e9tele<br \/>\n<a href=\"https:\/\/www.salgotarjan.hu\/wp-content\/uploads\/valasztasok_20190829_hvb_15_2019.pdf\">let\u00f6lt\u00e9s<\/a><\/p>\n<p>16.2019.(VIII.29.) HVB sz. hat\u00e1rozat<br \/>\nGyurk\u00f3n\u00e9 Kov\u00e1cs Krisztina k\u00e9pvisel\u0151jel\u00f6lt nyilv\u00e1ntart\u00e1sba v\u00e9tele<br \/>\n<a href=\"https:\/\/www.salgotarjan.hu\/wp-content\/uploads\/valasztasok_20190829_hvb_16_2019.pdf\">let\u00f6lt\u00e9s<\/a><\/p>\n<p>17.2019.(VIII.29.) HVB sz. hat\u00e1rozat<br \/>\nFenyvesi G\u00e1bor k\u00e9pvisel\u0151jel\u00f6lt nyilv\u00e1ntart\u00e1sba v\u00e9tele<br \/>\n<a href=\"https:\/\/www.salgotarjan.hu\/wp-content\/uploads\/valasztasok_20190829_hvb_17_2019.pdf\">let\u00f6lt\u00e9s<\/a><\/p>\n<p>18.2019.(VIII.29.) HVB sz. hat\u00e1rozat<br \/>\nGabora J\u00e1nos Gyula k\u00e9pvisel\u0151jel\u00f6lt nyilv\u00e1ntart\u00e1sba v\u00e9tele<br \/>\n<a href=\"https:\/\/www.salgotarjan.hu\/wp-content\/uploads\/valasztasok_20190829_hvb_18_2019.pdf\">let\u00f6lt\u00e9s<\/a><\/p>\n<p>19.2019.(VIII.29.) HVB sz. hat\u00e1rozat<br \/>\nKubovje Tibor k\u00e9pvisel\u0151jel\u00f6lt nyilv\u00e1ntart\u00e1sba v\u00e9tele<br \/>\n<a href=\"https:\/\/www.salgotarjan.hu\/wp-content\/uploads\/valasztasok_20190829_hvb_19_2019.pdf\">let\u00f6lt\u00e9s<\/a><\/p>\n<p>20.2019.(VIII.29.) HVB sz. hat\u00e1rozat<br \/>\nKorponai Tam\u00e1s k\u00e9pvisel\u0151jel\u00f6lt nyilv\u00e1ntart\u00e1sba v\u00e9tele<br \/>\n<a href=\"https:\/\/www.salgotarjan.hu\/wp-content\/uploads\/valasztasok_20190829_hvb_20_2019.pdf\">let\u00f6lt\u00e9s<\/a><\/p>\n<p>21.2019.(VIII.29.) HVB sz. hat\u00e1rozat<br \/>\nMajl\u00e1th Vikt\u00f3ria k\u00e9pvisel\u0151jel\u00f6lt nyilv\u00e1ntart\u00e1sba v\u00e9tele<br \/>\n<a href=\"https:\/\/www.salgotarjan.hu\/wp-content\/uploads\/valasztasok_20190829_hvb_21_2019.pdf\">let\u00f6lt\u00e9s<\/a><\/p>\n<p>22.2019.(VIII.29.) HVB sz. hat\u00e1rozat<br \/>\nTolnai S\u00e1ndor k\u00e9pvisel\u0151jel\u00f6lt nyilv\u00e1ntart\u00e1sba v\u00e9tele<br \/>\n<a href=\"https:\/\/www.salgotarjan.hu\/wp-content\/uploads\/valasztasok_20190829_hvb_22_2019.pdf\">let\u00f6lt\u00e9s<\/a><\/p>\n<p>23.2019.(VIII.29.) HVB sz. hat\u00e1rozat<br \/>\nFIDESZ \u00e9s KDNP k\u00f6z\u00f6s kompenz\u00e1ci\u00f3s lista nyilv\u00e1ntart\u00e1sba v\u00e9tele<br \/>\n<a href=\"https:\/\/www.salgotarjan.hu\/wp-content\/uploads\/valasztasok_20190829_hvb_23_2019.pdf\">let\u00f6lt\u00e9s<\/a><\/p>\n<p>24.2019. (IX.02.) HVB sz. hat\u00e1rozat<br \/>\nSz\u0151ke B\u00e9la Csab\u00e1n\u00e9 roma telep\u00fcl\u00e9si nemzetis\u00e9gi jel\u00f6lt nyilv\u00e1ntart\u00e1sba v\u00e9tele<br \/>\n<a href=\"https:\/\/www.salgotarjan.hu\/wp-content\/uploads\/valasztasok_20190902_hvb_24_2019.pdf\">let\u00f6lt\u00e9s<\/a><\/p>\n<p>25. 2019. (IX.02.) HVB sz. hat\u00e1rozat<br \/>\nBotos Nikoletta roma telep\u00fcl\u00e9si nemzetis\u00e9gi jel\u00f6lt nyilv\u00e1ntart\u00e1sba v\u00e9tele<br \/>\n<a href=\"https:\/\/www.salgotarjan.hu\/wp-content\/uploads\/valasztasok_20190902_hvb_25_2019.pdf\">let\u00f6lt\u00e9s<\/a><\/p>\n<p>26.2019.(IX.02.) HVB sz. hat\u00e1rozat<br \/>\nSzente Ibolya roma telep\u00fcl\u00e9si nemzetis\u00e9gi jel\u00f6lt nyilv\u00e1ntart\u00e1sba v\u00e9tele<br \/>\n<a href=\"https:\/\/www.salgotarjan.hu\/wp-content\/uploads\/valasztasok_20190902_hvb_26_2019.pdf\">let\u00f6lt\u00e9s<\/a><\/p>\n<p>27.2019.(IX.02.) HVB sz. hat\u00e1rozat<br \/>\nBal\u00e1zs Gy\u0151z\u0151 roma telep\u00fcl\u00e9si nemzetis\u00e9gi jel\u00f6lt nyilv\u00e1ntart\u00e1sba v\u00e9tele<br \/>\n<a href=\"https:\/\/www.salgotarjan.hu\/wp-content\/uploads\/valasztasok_20190902_hvb_27_2019.pdf\">let\u00f6lt\u00e9s<\/a><\/p>\n<p>28.2019.(IX02.) HVB sz. hat\u00e1rozat<br \/>\nSchaul Margit &#8211; roma telep\u00fcl\u00e9si nemzetis\u00e9gi jel\u00f6lt nyilv\u00e1ntart\u00e1sba v\u00e9tele<br \/>\n<a href=\"https:\/\/www.salgotarjan.hu\/wp-content\/uploads\/valasztasok_20190902_hvb_28_2019.pdf\">let\u00f6lt\u00e9s<\/a><\/p>\n<p>29.2019.(IX.02.) HVB.sz. hat\u00e1rozat<br \/>\nSSZE,Demokratikus Koal\u00edci\u00f3, Jobbik,LMP,Momentum Mozgalom,<br \/>\nMSZP,PM,Tarj\u00e1ni V\u00e1roslak\u00f3 Egyes\u00fclet k\u00f6z\u00f6s kompenz\u00e1ci\u00f3s lista nyilv\u00e1ntart\u00e1sba v\u00e9tele<br \/>\n<a href=\"https:\/\/www.salgotarjan.hu\/wp-content\/uploads\/valasztasok_20190902_hvb_29_2019.pdf\">let\u00f6lt\u00e9s<\/a><\/p>\n<p>30.2019.(IX.06.) HVB sz. hat\u00e1rozat<br \/>\nHranek Ferenc roma telep\u00fcl\u00e9si nemzetis\u00e9gi jel\u00f6lt nyilv\u00e1ntart\u00e1sba v\u00e9tele<br \/>\n<a href=\"https:\/\/www.salgotarjan.hu\/wp-content\/uploads\/valasztasok_20190906_hvb_30_2019.pdf\">let\u00f6lt\u00e9s<\/a><\/p>\n<p>31.2019.(IX.06.) HVB sz. hat\u00e1rozat<br \/>\nKlajban J\u00e1nos roma telep\u00fcl\u00e9si nemzetis\u00e9gi jel\u00f6lt nyilv\u00e1ntart\u00e1sba v\u00e9tele<br \/>\n<a href=\"https:\/\/www.salgotarjan.hu\/wp-content\/uploads\/valasztasok_20190906_hvb_31_2019.pdf\">let\u00f6lt\u00e9s<\/a><\/p>\n<p>32.2019.(IX.06.) HVB sz. hat\u00e1rozat<br \/>\nKlajbann\u00e9 Ol\u00e1h Hajnalka roma telep\u00fcl\u00e9si nemzetis\u00e9gi jel\u00f6lt nyilv\u00e1ntart\u00e1sba v\u00e9tele<br \/>\n<a href=\"https:\/\/www.salgotarjan.hu\/wp-content\/uploads\/valasztasok_20190906_hvb_32_2019.pdf\">let\u00f6lt\u00e9s<\/a><\/p>\n<p>33.2019.(IX.06.) HVB sz. hat\u00e1rozat<br \/>\nPalotai Mih\u00e1lyn\u00e9 roma telep\u00fcl\u00e9si nemzetis\u00e9gi jel\u00f6lt nyilv\u00e1ntart\u00e1sba v\u00e9tele<br \/>\n<a href=\"https:\/\/www.salgotarjan.hu\/wp-content\/uploads\/valasztasok_20190906_hvb_33_2019.pdf\">let\u00f6lt\u00e9s<\/a><\/p>\n<p>34.2019.(IX.06.) HVB sz. hat\u00e1rozat<br \/>\nCsonka Katalin roma telep\u00fcl\u00e9si nemzetis\u00e9gi jel\u00f6lt nyilv\u00e1ntart\u00e1sba v\u00e9tele<br \/>\n<a href=\"https:\/\/www.salgotarjan.hu\/wp-content\/uploads\/valasztasok_20190906_hvb_34_2019.pdf\">let\u00f6lt\u00e9s<\/a><\/p>\n<p>35.2019.(IX.06.) HVB sz. hat\u00e1rozat<br \/>\nT\u00f3thn\u00e9 Kov\u00e1cs Hajnalka &#8211; roma telep\u00fcl\u00e9si nemzetis\u00e9gi jel\u00f6lt nyilv\u00e1ntart\u00e1sba v\u00e9tele<br \/>\n<a href=\"https:\/\/www.salgotarjan.hu\/wp-content\/uploads\/valasztasok_20190906_hvb_35_2019.pdf\">let\u00f6lt\u00e9s<\/a><\/p>\n<p>36.2019.(IX.06.) HVB sz. hat\u00e1rozat<br \/>\nBotos R\u00f3bert &#8211; roma telep\u00fcl\u00e9si nemzetis\u00e9gi jel\u00f6lt nyilv\u00e1ntart\u00e1sba v\u00e9tele<br \/>\n<a href=\"https:\/\/www.salgotarjan.hu\/wp-content\/uploads\/valasztasok_20190906_hvb_36_2019.pdf\">let\u00f6lt\u00e9s<\/a><\/p>\n<p>37.2019.(IX.06.) HVB sz. hat\u00e1rozat<br \/>\nOl\u00e1h Imre roma telep\u00fcl\u00e9si nemzetis\u00e9gi jel\u00f6lt nyilv\u00e1ntart\u00e1sba v\u00e9tele<br \/>\n<a href=\"https:\/\/www.salgotarjan.hu\/wp-content\/uploads\/valasztasok_20190906_hvb_37_2019.pdf\">let\u00f6lt\u00e9s<\/a><\/p>\n<p>38.2019.(IX.06.) HVB sz. hat\u00e1rozat<br \/>\nBenk\u0151 Lajos roma telep\u00fcl\u00e9si nemzetis\u00e9gi jel\u00f6lt nyilv\u00e1ntart\u00e1sba v\u00e9tele<br \/>\n<a href=\"https:\/\/www.salgotarjan.hu\/wp-content\/uploads\/valasztasok_20190906_hvb_38_2019.pdf\">let\u00f6lt\u00e9s<\/a><\/p>\n<p>39.2019.(IX.06.) HVB sz. hat\u00e1rozat<br \/>\nBotos Tam\u00e1s roma telep\u00fcl\u00e9si nemzetis\u00e9gi jel\u00f6lt nyilv\u00e1ntart\u00e1sba v\u00e9tele<br \/>\n<a href=\"https:\/\/www.salgotarjan.hu\/wp-content\/uploads\/valasztasok_20190906_hvb_39_2019.pdf\">let\u00f6lt\u00e9s<\/a><\/p>\n<p>40.2019.(IX.06.) HVB sz. hat\u00e1rozat<br \/>\nOl\u00e1h Imr\u00e9n\u00e9 roma telep\u00fcl\u00e9si nemzetis\u00e9gi jel\u00f6lt nyilv\u00e1ntart\u00e1sba v\u00e9tele<br \/>\n<a href=\"https:\/\/www.salgotarjan.hu\/wp-content\/uploads\/valasztasok_20190906_hvb_40_2019.pdf\">let\u00f6lt\u00e9s<\/a><\/p>\n<p>41.2019.(IX.06.) HVB sz. hat\u00e1rozat<br \/>\nT\u00f3tmih\u00e1ly Zolt\u00e1n f\u00fcggetlen egy\u00e9ni v\u00e1laszt\u00f3ker\u00fcleti k\u00e9pvisel\u0151jel\u00f6lt nyilv\u00e1ntart\u00e1sba v\u00e9tele<br \/>\n<a href=\"https:\/\/www.salgotarjan.hu\/wp-content\/uploads\/valasztasok_20190906_hvb_41_2019.pdf\">let\u00f6lt\u00e9s<\/a><\/p>\n<p>42.2019.(IX. 09.) HVB sz. hat\u00e1rozat<br \/>\nDr. Egyed Ferdin\u00e1nd szlov\u00e1k telep\u00fcl\u00e9si nemzetis\u00e9gi jel\u00f6lt nyilv\u00e1ntart\u00e1sba v\u00e9tele<br \/>\n<a href=\"https:\/\/www.salgotarjan.hu\/wp-content\/uploads\/valasztasok_20190910_hvb_42_2019.pdf\">let\u00f6lt\u00e9s<\/a><\/p>\n<p>43.2019.(IX.09.) HVB sz. hat\u00e1rozat<br \/>\nEgyed P\u00e9ter szlov\u00e1k telep\u00fcl\u00e9si nemzetis\u00e9gi jel\u00f6lt nyilv\u00e1ntart\u00e1sba v\u00e9tele<br \/>\n<a href=\"https:\/\/www.salgotarjan.hu\/wp-content\/uploads\/valasztasok_20190910_hvb_43_2019.pdf\">let\u00f6lt\u00e9s<\/a><\/p>\n<p>44.2019.(IX.09.) HVB sz. hat\u00e1rozat<br \/>\nBartk\u00f3 Istv\u00e1n szlov\u00e1k telep\u00fcl\u00e9si nemzetis\u00e9gi jel\u00f6lt nyilv\u00e1ntart\u00e1sba v\u00e9tele<br \/>\n<a href=\"https:\/\/www.salgotarjan.hu\/wp-content\/uploads\/valasztasok_20190910_hvb_44_2019.pdf\">let\u00f6lt\u00e9s<\/a><\/p>\n<p>45.2019.(IX.09.) HVB sz. hat\u00e1rozat<br \/>\nVerb\u00f3i L\u00e1szl\u00f3 szlov\u00e1k telep\u00fcl\u00e9si nemzetis\u00e9gi jel\u00f6lt nyilv\u00e1ntart\u00e1sba v\u00e9tele<br \/>\n<a href=\"https:\/\/www.salgotarjan.hu\/wp-content\/uploads\/valasztasok_20190910_hvb_45_2019.pdf\">let\u00f6lt\u00e9s<\/a><\/p>\n<p>46.2019. (IX.09.) HVB. sz. hat\u00e1rozat<br \/>\nEgyedi Norbert polg\u00e1rmesterjel\u00f6lt nyilv\u00e1ntart\u00e1sba v\u00e9tele<br \/>\n<a href=\"https:\/\/www.salgotarjan.hu\/wp-content\/uploads\/valasztasok_20190910_hvb_46_2019.pdf\">let\u00f6lt\u00e9s<\/a><\/p>\n<p>47.2019. (IX.09.) HVB. sz. hat\u00e1rozat<br \/>\nKokinda Petra \u00c9va k\u00e9pvisel\u0151jel\u00f6lt nyilv\u00e1ntart\u00e1sba v\u00e9tele<br \/>\n<a href=\"https:\/\/www.salgotarjan.hu\/wp-content\/uploads\/valasztasok_20190910_hvb_47_2019.pdf\">let\u00f6lt\u00e9s<\/a><\/p>\n<p>48.2019. (IX.09.) HVB. sz. hat\u00e1rozat<br \/>\nHadh\u00e1zy Be\u00e1ta Zsuzsanna k\u00e9pvisel\u0151jel\u00f6lt nyilv\u00e1ntart\u00e1sba v\u00e9tele<br \/>\n<a href=\"https:\/\/www.salgotarjan.hu\/wp-content\/uploads\/valasztasok_20190910_hvb_48_2019.pdf\">let\u00f6lt\u00e9s<\/a><\/p>\n<p>49.2019. (IX.09.) HVB. sz. hat\u00e1rozat<br \/>\nBal\u00e1zs S\u00e1ndor k\u00e9pvisel\u0151jel\u00f6lt nyilv\u00e1ntart\u00e1sba v\u00e9tele<br \/>\n<a href=\"https:\/\/www.salgotarjan.hu\/wp-content\/uploads\/valasztasok_20190910_hvb_49_2019.pdf\">let\u00f6lt\u00e9s<\/a><\/p>\n<p>50.2019. (IX.09.)HVB sz. hat\u00e1rozat<br \/>\nKutas J\u00f3zsef k\u00e9pvisel\u0151jel\u00f6lt nyilv\u00e1ntart\u00e1sba v\u00e9tele<br \/>\n<a href=\"https:\/\/www.salgotarjan.hu\/wp-content\/uploads\/valasztasok_20190910_hvb_50_2019.pdf\">let\u00f6lt\u00e9s<\/a><\/p>\n<p>51.2019. (IX.09.) HVB sz. hat\u00e1rozat<br \/>\nMoln\u00e1r L\u00e1szl\u00f3 k\u00e9pvisel\u0151jel\u00f6lt nyilv\u00e1ntart\u00e1sba v\u00e9tele<br \/>\n<a href=\"https:\/\/www.salgotarjan.hu\/wp-content\/uploads\/valasztasok_20190910_hvb_51_2019.pdf\">let\u00f6lt\u00e9s<\/a><\/p>\n<p>52.2019. (IX.09.) HVB sz. hat\u00e1rozat<br \/>\nSz\u00e1mely Zolt\u00e1n k\u00e9pvisel\u0151jel\u00f6lt nyilv\u00e1ntart\u00e1sba v\u00e9tele<br \/>\n<a href=\"https:\/\/www.salgotarjan.hu\/wp-content\/uploads\/valasztasok_20190910_hvb_52_2019.pdf\">let\u00f6lt\u00e9s<\/a><\/p>\n<p>53.2019. (IX.09.) HVB sz. hat\u00e1rozat<br \/>\nOndr\u00e9sik L\u00e1szl\u00f3 k\u00e9pvisel\u0151jel\u00f6lt nyilv\u00e1ntart\u00e1sba v\u00e9tele let\u00f6lt\u00e9s<br \/>\n<a href=\"https:\/\/www.salgotarjan.hu\/wp-content\/uploads\/valasztasok_20190910_hvb_53_2019.pdf\">let\u00f6lt\u00e9s<\/a><\/p>\n<p>54.2019. (IX.09.) HVB sz. hat\u00e1rozat<br \/>\nEgyedi Norbert k\u00e9pvisel\u0151jel\u00f6lt nyilv\u00e1ntart\u00e1sba v\u00e9tele<br \/>\n<a href=\"https:\/\/www.salgotarjan.hu\/wp-content\/uploads\/valasztasok_20190910_hvb_54_2019.pdf\">let\u00f6lt\u00e9s<\/a><\/p>\n<p>55.2019. (IX.09.) HVB sz. hat\u00e1rozat<br \/>\nIv\u00e1dy Istv\u00e1n Mikl\u00f3s k\u00e9pvisel\u0151jel\u00f6lt nyilv\u00e1ntart\u00e1sba v\u00e9tele<br \/>\n<a href=\"https:\/\/www.salgotarjan.hu\/wp-content\/uploads\/valasztasok_20190910_hvb_55_2019.pdf\">let\u00f6lt\u00e9s<\/a><\/p>\n<p>56.2019. (IX.09.) HVB sz. hat\u00e1rozat<br \/>\nStark \u00c9va k\u00e9pvisel\u0151jel\u00f6lt nyilv\u00e1ntart\u00e1sba v\u00e9tele<br \/>\n<a href=\"https:\/\/www.salgotarjan.hu\/wp-content\/uploads\/valasztasok_20190910_hvb_56_2019.pdf\">let\u00f6lt\u00e9s<\/a><\/p>\n<p>57.2019.(IX.09.) HVB sz. hat\u00e1rozat<br \/>\nA helyi \u00f6nkorm\u00e1nyzati k\u00e9pvisel\u0151k \u00e9s polg\u00e1rmesterek 2019. \u00e9vi \u00e1ltal\u00e1nos v\u00e1laszt\u00e1s\u00e1n \u00e1ll\u00edtott polg\u00e1rmesterjel\u00f6ltek, valamint helyi \u00f6nkorm\u00e1nyzati k\u00e9pvisel\u0151k \u00e9s polg\u00e1rmesterek, illetve a nemzetis\u00e9gi \u00f6nkorm\u00e1nyzati k\u00e9pvisel\u0151k 2019. \u00e1ltal\u00e1nos v\u00e1laszt\u00e1s\u00e1n \u00e1ll\u00edtott k\u00e9pvisel\u0151jel\u00f6ltek \u00e9s nemzetis\u00e9gi jel\u00f6ltek sorrendj\u00e9nek kisorsol\u00e1sa<br \/>\n<a href=\"https:\/\/www.salgotarjan.hu\/wp-content\/uploads\/valasztasok_20190910_hvb_57_2019.pdf\">let\u00f6lt\u00e9s<\/a><\/p>\n<p>58. 2019. (IX.10.) HVB. sz. hat\u00e1rozat<br \/>\nNagy Attila Tibor polg\u00e1rmesterjel\u00f6lt nyilv\u00e1ntart\u00e1sba v\u00e9tele<br \/>\n<a href=\"https:\/\/www.salgotarjan.hu\/wp-content\/uploads\/valasztasok_20190910_hvb_58_2019.pdf\">let\u00f6lt\u00e9s<\/a><\/p>\n<p>59. 2019. (IX.10.) HVB. sz. hat\u00e1rozat<br \/>\nG\u00e1sp\u00e1r Ferenc k\u00e9pvisel\u0151jel\u00f6lt nyilv\u00e1ntart\u00e1sba v\u00e9tele<br \/>\n<a href=\"https:\/\/www.salgotarjan.hu\/wp-content\/uploads\/valasztasok_20190910_hvb_59_2019.pdf\">let\u00f6lt\u00e9s<\/a><\/p>\n<p>60. 2019. (IX.10.) HVB. sz. hat\u00e1rozat<br \/>\nNagy Attila Tibor k\u00e9pvisel\u0151jel\u00f6lt nyilv\u00e1ntart\u00e1sba v\u00e9tele<br \/>\n<a href=\"https:\/\/www.salgotarjan.hu\/wp-content\/uploads\/valasztasok_20190910_hvb_60_2019.pdf\">let\u00f6lt\u00e9s<\/a><\/p>\n<p>61. 2019. (IX.10.) HVB. sz. hat\u00e1rozat<br \/>\nBang\u00f3 Kriszti\u00e1n k\u00e9pvisel\u0151jel\u00f6lt nyilv\u00e1ntart\u00e1sba v\u00e9tele<br \/>\n<a href=\"https:\/\/www.salgotarjan.hu\/wp-content\/uploads\/valasztasok_20190910_hvb_61_2019.pdf\">let\u00f6lt\u00e9s<\/a><\/p>\n<p>62. 2019. (IX.10.) HVB. sz. hat\u00e1rozat<br \/>\nT\u0151zs\u00e9r Tibor k\u00e9pvisel\u0151jel\u00f6lt nyilv\u00e1ntart\u00e1sba v\u00e9tele<br \/>\n<a href=\"https:\/\/www.salgotarjan.hu\/wp-content\/uploads\/valasztasok_20190910_hvb_62_2019.pdf\">let\u00f6lt\u00e9s<\/a><\/p>\n<p>63. 2019. (IX.10.) HVB. sz. hat\u00e1rozat<br \/>\nFelf\u00f6ldi Istv\u00e1n k\u00e9pvisel\u0151jel\u00f6lt nyilv\u00e1ntart\u00e1sba v\u00e9tele<br \/>\n<a href=\"https:\/\/www.salgotarjan.hu\/wp-content\/uploads\/valasztasok_20190910_hvb_63_2019.pdf\">let\u00f6lt\u00e9s<\/a><\/p>\n<p>64. 2019. (IX.10.) HVB. sz. hat\u00e1rozat<br \/>\nCs\u00fcr\u00f6k Zolt\u00e1nn\u00e9 k\u00e9pvisel\u0151jel\u00f6lt nyilv\u00e1ntart\u00e1sba v\u00e9tele<br \/>\n<a href=\"https:\/\/www.salgotarjan.hu\/wp-content\/uploads\/valasztasok_20190910_hvb_64_2019.pdf\">let\u00f6lt\u00e9s<\/a><\/p>\n<p>65. 2019. (IX.10.) HVB. sz. hat\u00e1rozat<br \/>\nP\u00f3csa S\u00e1ndor k\u00e9pvisel\u0151jel\u00f6lt nyilv\u00e1ntart\u00e1sba v\u00e9tele<br \/>\n<a href=\"https:\/\/www.salgotarjan.hu\/wp-content\/uploads\/valasztasok_20190910_hvb_65_2019.pdf\">let\u00f6lt\u00e9s<\/a><\/p>\n<p>66. 2019. (IX.10.) HVB. sz. hat\u00e1rozat<br \/>\nCsern\u00e1k R\u00f3bert k\u00e9pvisel\u0151jel\u00f6lt nyilv\u00e1ntart\u00e1sba v\u00e9tele<br \/>\n<a href=\"https:\/\/www.salgotarjan.hu\/wp-content\/uploads\/valasztasok_20190910_hvb_66_2019.pdf\">let\u00f6lt\u00e9s<\/a><\/p>\n<p>67. 2019. (IX.10.) HVB. sz. hat\u00e1rozat<br \/>\nTelek L\u00e1szl\u00f3 k\u00e9pvisel\u0151jel\u00f6lt nyilv\u00e1ntart\u00e1sba v\u00e9tele<br \/>\n<a href=\"https:\/\/www.salgotarjan.hu\/wp-content\/uploads\/valasztasok_20190910_hvb_67_2019.pdf\">let\u00f6lt\u00e9s<\/a><\/p>\n<p>68. 2019. (IX.10.) HVB. sz. hat\u00e1rozat<br \/>\nAntal J\u00f3zsefn\u00e9 k\u00e9pvisel\u0151jel\u00f6lt nyilv\u00e1ntart\u00e1sba v\u00e9tele<br \/>\n<a href=\"https:\/\/www.salgotarjan.hu\/wp-content\/uploads\/valasztasok_20190910_hvb_68_2019.pdf\">let\u00f6lt\u00e9s<\/a><\/p>\n<p>69. 2019. (IX.10.) HVB. sz. hat\u00e1rozat<br \/>\nMagyar Munk\u00e1sp\u00e1rt \u00f6n\u00e1ll\u00f3 kompenz\u00e1ci\u00f3s lista nyilv\u00e1ntart\u00e1sba v\u00e9tele<br \/>\n<a href=\"https:\/\/www.salgotarjan.hu\/wp-content\/uploads\/valasztasok_20190910_hvb_69_2019.pdf\">let\u00f6lt\u00e9s<\/a><\/p>\n<p>70. 2019. (IX.10.) HVB. sz. hat\u00e1rozat<br \/>\nMi Haz\u00e1nk Mozgalom \u00f6n\u00e1ll\u00f3 kompenz\u00e1ci\u00f3s lista nyilv\u00e1ntart\u00e1sba v\u00e9tele<br \/>\n<a href=\"https:\/\/www.salgotarjan.hu\/wp-content\/uploads\/valasztasok_20190910_hvb_70_2019.pdf\">let\u00f6lt\u00e9s<\/a><\/p>\n<p>71. 2019. (IX.10.) HVB. sz. hat\u00e1rozat<br \/>\nT\u00f3thmih\u00e1ly Zolt\u00e1n polg\u00e1rmesterjel\u00f6lt nyilv\u00e1ntart\u00e1sba v\u00e9tele visszautas\u00edt\u00e1sa<br \/>\n<a href=\"https:\/\/www.salgotarjan.hu\/wp-content\/uploads\/valasztasok_20190910_hvb_71_2019.pdf\">let\u00f6lt\u00e9s<\/a><\/p>\n<p>72. 2019. (IX.10.) HVB. sz. hat\u00e1rozat<br \/>\nKompenz\u00e1ci\u00f3s list\u00e1k sorrendj\u00e9nek kisorsol\u00e1sa<br \/>\n<a href=\"https:\/\/www.salgotarjan.hu\/wp-content\/uploads\/valasztasok_20190910_hvb_72_2019.pdf\">let\u00f6lt\u00e9s<\/a><\/p>\n<p>73. 2019. (IX.13.) HVB. sz. hat\u00e1rozat<br \/>\nFekete Zsolt PM jel\u00f6lt b\u00edrs\u00e1gol\u00e1sa<br \/>\n<a href=\"https:\/\/www.salgotarjan.hu\/wp-content\/uploads\/valasztasok_20190913_hvb_73_2019.pdf\">let\u00f6lt\u00e9s<\/a><\/p>\n<p>74. 2019. (IX.13.) HVB. sz. hat\u00e1rozat<br \/>\nF\u00e9nyszarusy Dezs\u0151 L\u00e1szl\u00f3 f\u00fcggetlen PM jel\u00f6lt b\u00edrs\u00e1gol\u00e1sa<br \/>\n<a href=\"https:\/\/www.salgotarjan.hu\/wp-content\/uploads\/valasztasok_20190913_hvb_74_2019.pdf\">let\u00f6lt\u00e9s<\/a><\/p>\n<p>75. 2019. (IX.13.) HVB. sz. hat\u00e1rozat<br \/>\nEgyedi Norbert PM jel\u00f6lt b\u00edrs\u00e1gol\u00e1sa<br \/>\n<a href=\"https:\/\/www.salgotarjan.hu\/wp-content\/uploads\/valasztasok_20190913_hvb_75_2019.pdf\">let\u00f6lt\u00e9s<\/a><\/p>\n<p>76. 2019. (IX.13.) HVB. sz. hat\u00e1rozat<br \/>\nT\u00f3thmih\u00e1ly Zolt\u00e1n f\u00fcggetlen PM jel\u00f6lt b\u00edrs\u00e1gol\u00e1sa<br \/>\n<a href=\"https:\/\/www.salgotarjan.hu\/wp-content\/uploads\/valasztasok_20190913_hvb_76_2019.pdf\">let\u00f6lt\u00e9s<\/a><\/p>\n<p>77. 2019. (IX.13.) HVB. sz. hat\u00e1rozat<br \/>\nKubovje Tibor jel\u00f6lt b\u00edrs\u00e1gol\u00e1sa<br \/>\n<a href=\"https:\/\/www.salgotarjan.hu\/wp-content\/uploads\/valasztasok_20190913_hvb_77_2019.pdf\">let\u00f6lt\u00e9s<\/a><\/p>\n<p>78. 2019. (IX.13.) HVB. sz. hat\u00e1rozat<br \/>\nP\u00f3csa S\u00e1ndor jel\u00f6lt b\u00edrs\u00e1gol\u00e1sa<br \/>\n<a href=\"https:\/\/www.salgotarjan.hu\/wp-content\/uploads\/valasztasok_20190913_hvb_78_2019.pdf\">let\u00f6lt\u00e9s<\/a><\/p>\n<p>79. 2019. (IX.13.) HVB. sz. hat\u00e1rozat<br \/>\nT\u00f3thmih\u00e1ly Zolt\u00e1n f\u00fcggetlen jel\u00f6lt b\u00edrs\u00e1gol\u00e1sa<br \/>\n<a href=\"https:\/\/www.salgotarjan.hu\/wp-content\/uploads\/valasztasok_20190913_hvb_79_2019.pdf\">let\u00f6lt\u00e9s<\/a><\/p>\n<p>80. 2019. (IX.18.) HVB. sz. hat\u00e1rozat<br \/>\nHat\u00e1rozat szavaz\u00f3lapok adattartalm\u00e1nak j\u00f3v\u00e1hagy\u00e1sa<br \/>\n<a href=\"https:\/\/www.salgotarjan.hu\/wp-content\/uploads\/valasztasok_20190918_hvb_80_2019.pdf\">let\u00f6lt\u00e9s<\/a><\/p>\n<p>81. 2019. (IX.19.) HVB. sz. hat\u00e1rozat<br \/>\nMoln\u00e1r K\u00e1roly \u00f6nkorm\u00e1nyzati k\u00e9pvisel\u0151jel\u00f6lt \u00e1ltal beny\u00fajtott kifog\u00e1s elb\u00edr\u00e1l\u00e1sa<br \/>\n<a href=\"https:\/\/www.salgotarjan.hu\/wp-content\/uploads\/valasztasok_20190919_hvb_81_2019.pdf\">let\u00f6lt\u00e9s<\/a><\/p>\n<p>82. 2019. (X.11.) HVB. sz. hat\u00e1rozat<br \/>\nR\u00e1cz P\u00e9tern\u00e9 megb\u00edzat\u00e1sa megsz\u0171n\u00e9s\u00e9nek meg\u00e1llap\u00edt\u00e1sa<br \/>\n<a href=\"https:\/\/www.salgotarjan.hu\/wp-content\/uploads\/valasztasok_20191011_hvb_82_2019.pdf\">let\u00f6lt\u00e9s<\/a><\/p>\n<p>83. 2019. (X.11.) HVB. sz. hat\u00e1rozat<br \/>\nR\u00e1cz P\u00e9ter megb\u00edzat\u00e1sa megsz\u0171n\u00e9s\u00e9nek meg\u00e1llap\u00edt\u00e1sa<br \/>\n<a href=\"https:\/\/www.salgotarjan.hu\/wp-content\/uploads\/valasztasok_20191011_hvb_83_2019.pdf\">let\u00f6lt\u00e9s<\/a><\/p>\n<p>84. 2019. (X.11.) HVB. sz. hat\u00e1rozat<br \/>\nBarna J\u00e1nos megb\u00edzat\u00e1sa megsz\u0171n\u00e9s\u00e9nek meg\u00e1llap\u00edt\u00e1sa<br \/>\n<a href=\"https:\/\/www.salgotarjan.hu\/wp-content\/uploads\/valasztasok_20191011_hvb_84_2019.pdf\">let\u00f6lt\u00e9s<\/a><\/p>\n<p>85. 2019. (X.11.) HVB. sz. hat\u00e1rozat<br \/>\nR\u00e1cz Erik megb\u00edzat\u00e1sa megsz\u0171n\u00e9s\u00e9nek meg\u00e1llap\u00edt\u00e1sa<br \/>\n<a href=\"https:\/\/www.salgotarjan.hu\/wp-content\/uploads\/valasztasok_20191011_hvb_85_2019.pdf\">let\u00f6lt\u00e9s<\/a><\/p>\n<p>86. 2019. (X.11.) HVB. sz. hat\u00e1rozat<br \/>\nF\u00f6ldi Andrea megb\u00edzat\u00e1sa megsz\u0171n\u00e9s\u00e9nek meg\u00e1llap\u00edt\u00e1sa<br \/>\n<a href=\"https:\/\/www.salgotarjan.hu\/wp-content\/uploads\/valasztasok_20191011_hvb_86_2019.pdf\">let\u00f6lt\u00e9s<\/a><\/p>\n<p>87. 2019. (X.11.) HVB. sz. hat\u00e1rozat<br \/>\nSzulyovszky L\u00e1szl\u00f3 megb\u00edzat\u00e1sa megsz\u0171n\u00e9s\u00e9nek meg\u00e1llap\u00edt\u00e1sa<br \/>\n<a href=\"https:\/\/www.salgotarjan.hu\/wp-content\/uploads\/valasztasok_20191011_hvb_87_2019.pdf\">let\u00f6lt\u00e9s<\/a><\/p>\n<p>88. 2019. (X.11.) HVB. sz. hat\u00e1rozat<br \/>\nBarna-P\u00e1l M\u00f3nika megb\u00edzat\u00e1sa megsz\u0171n\u00e9s\u00e9nek meg\u00e1llap\u00edt\u00e1sa<br \/>\n<a href=\"https:\/\/www.salgotarjan.hu\/wp-content\/uploads\/valasztasok_20191011_hvb_88_2019.pdf\">let\u00f6lt\u00e9s<\/a><\/p>\n<p>89. 2019. (X.11.) HVB. sz. hat\u00e1rozat<br \/>\nBarna J\u00falia \u00c1gnes megb\u00edzat\u00e1sa megsz\u0171n\u00e9s\u00e9nek meg\u00e1llap\u00edt\u00e1sa<br \/>\n<a href=\"https:\/\/www.salgotarjan.hu\/wp-content\/uploads\/valasztasok_20191011_hvb_89_2019.pdf\">let\u00f6lt\u00e9s<\/a><\/p>\n<p>90. 2019. (X.14.) HVB. sz. hat\u00e1rozat<br \/>\n<a href=\"https:\/\/www.salgotarjan.hu\/wp-content\/uploads\/valasztasok_20191014_hvb_90_2019.pdf\">let\u00f6lt\u00e9s<\/a><\/p>\n<p>91. 2019. (X.14.) HVB. sz. hat\u00e1rozat<br \/>\n<a href=\"https:\/\/www.salgotarjan.hu\/wp-content\/uploads\/valasztasok_20191014_hvb_91_2019.pdf\">let\u00f6lt\u00e9s<\/a><\/p>\n<p>92. 2019. (X.14.) HVB. sz. hat\u00e1rozat<br \/>\n<a href=\"https:\/\/www.salgotarjan.hu\/wp-content\/uploads\/valasztasok_20191014_hvb_92_2019.pdf\">let\u00f6lt\u00e9s<\/a><\/p>\n<p>93. 2019. (X.14.) HVB. sz. hat\u00e1rozat<br \/>\n<a href=\"https:\/\/www.salgotarjan.hu\/wp-content\/uploads\/valasztasok_20191014_hvb_93_2019.pdf\">let\u00f6lt\u00e9s<\/a><\/p>\n<p>94. 2019. (X.14.) HVB. sz. hat\u00e1rozat<br \/>\n<a href=\"https:\/\/www.salgotarjan.hu\/wp-content\/uploads\/valasztasok_20191014_hvb_94_2019.pdf\">let\u00f6lt\u00e9s<\/a><\/p>\n<p>95. 2019. (X.14.) HVB. sz. hat\u00e1rozat<br \/>\n<a href=\"https:\/\/www.salgotarjan.hu\/wp-content\/uploads\/valasztasok_20191014_hvb_95_2019.pdf\">let\u00f6lt\u00e9s<\/a><\/p>\n<p>96. 2019. (X.14.) HVB. sz. hat\u00e1rozat<br \/>\n<a href=\"https:\/\/www.salgotarjan.hu\/wp-content\/uploads\/valasztasok_20191014_hvb_96_2019.pdf\">let\u00f6lt\u00e9s<\/a><\/p>\n<p>97. 2019. (X.14.) HVB. sz. hat\u00e1rozat<br \/>\n<a href=\"https:\/\/www.salgotarjan.hu\/wp-content\/uploads\/valasztasok_20191014_hvb_97_2019.pdf\">let\u00f6lt\u00e9s<\/a><\/p>\n<p>98. 2019. (X.14.) HVB. sz. hat\u00e1rozat<br \/>\n<a href=\"https:\/\/www.salgotarjan.hu\/wp-content\/uploads\/valasztasok_20191014_hvb_98_2019.pdf\">let\u00f6lt\u00e9s<\/a><\/p>\n<p>99. 2019. (X.14.) HVB. sz. hat\u00e1rozat<br \/>\n<a href=\"https:\/\/www.salgotarjan.hu\/wp-content\/uploads\/valasztasok_20191014_hvb_99_2019.pdf\">let\u00f6lt\u00e9s<\/a><\/p>\n<p>100. 2019. (X.14.) HVB. sz. hat\u00e1rozat<br \/>\n<a href=\"https:\/\/www.salgotarjan.hu\/wp-content\/uploads\/valasztasok_20191014_hvb_100_2019.pdf\">let\u00f6lt\u00e9s<\/a><\/p>\n<p>101. 2019. (X.14.) HVB. sz. hat\u00e1rozat<br \/>\n<a href=\"https:\/\/www.salgotarjan.hu\/wp-content\/uploads\/valasztasok_20191014_hvb_101_2019.pdf\">let\u00f6lt\u00e9s<\/a><\/p>\n<p>102. 2019. (X.14.) HVB. sz. hat\u00e1rozat<br \/>\n<a href=\"https:\/\/www.salgotarjan.hu\/wp-content\/uploads\/valasztasok_20191014_hvb_102_2019.pdf\">let\u00f6lt\u00e9s<\/a><\/p>\n<p>103. 2019. (X.24.) HVB. sz. hat\u00e1rozat<br \/>\nA kompenz\u00e1ci\u00f3s list\u00e1s v\u00e1laszt\u00e1s eredm\u00e9ny\u00e9nek meg\u00e1llap\u00edt\u00e1sa<br \/>\n<a href=\"https:\/\/www.salgotarjan.hu\/wp-content\/uploads\/valasztasok_20191024_hvb_103_2019.pdf\">let\u00f6lt\u00e9s<\/a><\/p>\n","protected":false},"excerpt":{"rendered":"<p>1.2019.(VIII.29.) HVB sz. hat\u00e1rozat Fekete Zsolt polg\u00e1rmesterjel\u00f6lt nyilv\u00e1ntart\u00e1sba v\u00e9tele let\u00f6lt\u00e9s 2.2019.(VIII.29.) HVB sz. hat\u00e1rozat Moln\u00e1r K\u00e1roly k\u00e9pvisel\u0151jel\u00f6lt nyilv\u00e1ntart\u00e1sba v\u00e9tele let\u00f6lt\u00e9s 3.2019.(VIII.29.) HVB sz. hat\u00e1rozat Pataki Csaba k\u00e9pvisel\u0151jel\u00f6lt nyilv\u00e1ntart\u00e1sba v\u00e9tele let\u00f6lt\u00e9s 4.2019.(VIII.29.) HVB sz. hat\u00e1rozat Kov\u00e1cs Andrea k\u00e9pvisel\u0151jel\u00f6lt nyilv\u00e1ntart\u00e1sba v\u00e9tele let\u00f6lt\u00e9s 5.2019.(VIII.29.) HVB sz. hat\u00e1rozat Gyurk\u00f3 J\u00f3zsef Csaba k\u00e9pvisel\u0151jel\u00f6lt nyilv\u00e1ntart\u00e1sba v\u00e9tele let\u00f6lt\u00e9s 6.2019.(VIII.29) HVB sz. hat\u00e1rozat &#8230; <a title=\"V\u00e1laszt\u00e1sok \/ V\u00e1laszt\u00e1si bizotts\u00e1g d\u00f6nt\u00e9sei \/ 2019 \u00e9vi helyi \u00f6nkorm\u00e1nyzati k\u00e9pvisel\u0151k \u00e9s polg\u00e1rmesterek, nemzetis\u00e9gi \u00f6nkorm\u00e1nyzati k\u00e9pvisel\u0151k v\u00e1laszt\u00e1sa\" class=\"read-more\" href=\"https:\/\/www.salgotarjan.hu\/?page_id=9974\" aria-label=\"Read more about V\u00e1laszt\u00e1sok \/ V\u00e1laszt\u00e1si bizotts\u00e1g d\u00f6nt\u00e9sei \/ 2019 \u00e9vi helyi \u00f6nkorm\u00e1nyzati k\u00e9pvisel\u0151k \u00e9s polg\u00e1rmesterek, nemzetis\u00e9gi \u00f6nkorm\u00e1nyzati k\u00e9pvisel\u0151k v\u00e1laszt\u00e1sa\">Olvass tov\u00e1bb<\/a><\/p>\n","protected":false},"author":7,"featured_media":0,"parent":0,"menu_order":0,"comment_status":"closed","ping_status":"closed","template":"","meta":{"footnotes":""},"class_list":["post-9974","page","type-page","status-publish"],"_links":{"self":[{"href":"https:\/\/www.salgotarjan.hu\/index.php?rest_route=\/wp\/v2\/pages\/9974","targetHints":{"allow":["GET"]}}],"collection":[{"href":"https:\/\/www.salgotarjan.hu\/index.php?rest_route=\/wp\/v2\/pages"}],"about":[{"href":"https:\/\/www.salgotarjan.hu\/index.php?rest_route=\/wp\/v2\/types\/page"}],"author":[{"embeddable":true,"href":"https:\/\/www.salgotarjan.hu\/index.php?rest_route=\/wp\/v2\/users\/7"}],"replies":[{"embeddable":true,"href":"https:\/\/www.salgotarjan.hu\/index.php?rest_route=%2Fwp%2Fv2%2Fcomments&post=9974"}],"version-history":[{"count":1,"href":"https:\/\/www.salgotarjan.hu\/index.php?rest_route=\/wp\/v2\/pages\/9974\/revisions"}],"predecessor-version":[{"id":10255,"href":"https:\/\/www.salgotarjan.hu\/index.php?rest_route=\/wp\/v2\/pages\/9974\/revisions\/10255"}],"wp:attachment":[{"href":"https:\/\/www.salgotarjan.hu\/index.php?rest_route=%2Fwp%2Fv2%2Fmedia&parent=9974"}],"curies":[{"name":"wp","href":"https:\/\/api.w.org\/{rel}","templated":true}]}}