{"id":8851,"date":"2018-12-16T13:05:43","date_gmt":"2018-12-16T12:05:43","guid":{"rendered":"https:\/\/www.salgotarjan.hu\/?page_id=8851"},"modified":"2026-03-02T11:17:50","modified_gmt":"2026-03-02T10:17:50","slug":"kezdolap","status":"publish","type":"page","link":"https:\/\/www.salgotarjan.hu\/","title":{"rendered":"Kezd\u0151lap"},"content":{"rendered":"\n<p><strong>Gyakran keresett oldalak:<br><\/strong>&#8211; <a href=\"https:\/\/www.salgotarjan.hu\/?page_id=154\">Orvosok \u00e9s gy\u00f3gyszert\u00e1rak Salg\u00f3tarj\u00e1nban<\/a><br>&#8211; <a href=\"https:\/\/www.salgotarjan.hu\/?page_id=9\">Menetrendek<\/a><br>&#8211; <a href=\"https:\/\/www.salgotarjan.hu\/?page_id=30\">Polg\u00e1rmesteri hivatal el\u00e9rhet\u0151s\u00e9gei<\/a><br>&#8211; <a href=\"https:\/\/www.salgotarjan.hu\/?page_id=793\">K\u00f6zgy\u0171l\u00e9s<\/a><br>&#8211; <a href=\"https:\/\/www.salgotarjan.hu\/?page_id=13750\" target=\"_blank\" rel=\"noreferrer noopener\">Eur\u00f3pai Uni\u00f3s t\u00e1mogat\u00e1sb\u00f3l megval\u00f3sul\u00f3 fejleszt\u00e9sek<\/a><\/p>\n\n\n\n<div style=\"height:10px\" aria-hidden=\"true\" class=\"wp-block-spacer\"><\/div>\n\n\n\n<h3 class=\"wp-block-heading\"><a href=\"https:\/\/www.salgotarjan.hu\/wp-content\/uploads\/26-2026_igazgatasi_szunet_elrendelese_SMJV_polgarmesteri_hivatalaban.pdf\" data-type=\"link\" data-id=\"https:\/\/www.salgotarjan.hu\/wp-content\/uploads\/26-2026_igazgatasi_szunet_elrendelese_SMJV_polgarmesteri_hivatalaban.pdf\" target=\"_blank\" rel=\"noreferrer noopener\">T\u00e1j\u00e9koztat\u00e1s a Polg\u00e1rmesteri Hivatalban elrendelt igazgat\u00e1si sz\u00fcnetr\u0151l<\/a><\/h3>\n\n\n\n<div style=\"height:10px\" aria-hidden=\"true\" class=\"wp-block-spacer\"><\/div>\n\n\n\n<h2 class=\"wp-block-heading\" id=\"kiemelt-informaciok\">Kiemelt inform\u00e1ci\u00f3k<\/h2>\n\n\n<ul class=\"wp-block-latest-posts__list is-grid columns-2 wp-block-latest-posts\"><li><div class=\"wp-block-latest-posts__featured-image alignleft\"><a href=\"https:\/\/www.salgotarjan.hu\/?p=16927\" aria-label=\"Felh\u00edv\u00e1s \u00f3vodai beiratkoz\u00e1sra a 2026\/2027. nevel\u00e9si \u00e9vre\"><img loading=\"lazy\" decoding=\"async\" width=\"560\" height=\"315\" src=\"https:\/\/www.salgotarjan.hu\/wp-content\/uploads\/20240328_ovoda_kiemelt.jpg\" class=\"attachment-large size-large wp-post-image\" alt=\"\" style=\"\" srcset=\"https:\/\/www.salgotarjan.hu\/wp-content\/uploads\/20240328_ovoda_kiemelt.jpg 560w, https:\/\/www.salgotarjan.hu\/wp-content\/uploads\/20240328_ovoda_kiemelt-300x169.jpg 300w\" sizes=\"auto, (max-width: 560px) 100vw, 560px\" \/><\/a><\/div><a class=\"wp-block-latest-posts__post-title\" href=\"https:\/\/www.salgotarjan.hu\/?p=16927\">Felh\u00edv\u00e1s \u00f3vodai beiratkoz\u00e1sra a 2026\/2027. nevel\u00e9si \u00e9vre<\/a><\/li>\n<li><div class=\"wp-block-latest-posts__featured-image alignleft\"><a href=\"https:\/\/www.salgotarjan.hu\/?p=16202\" aria-label=\"Sz\u00fcl\u0151i t\u00e1j\u00e9koztat\u00f3 a mini b\u00f6lcs\u0151dei \u00e9s \u00f3vodai gyermek\u00e9tkeztet\u00e9sr\u0151l\"><img loading=\"lazy\" decoding=\"async\" width=\"380\" height=\"221\" src=\"https:\/\/www.salgotarjan.hu\/wp-content\/uploads\/gyermeketkeztetes_ovodai_web.png\" class=\"attachment-large size-large wp-post-image\" alt=\"\" style=\"\" srcset=\"https:\/\/www.salgotarjan.hu\/wp-content\/uploads\/gyermeketkeztetes_ovodai_web.png 380w, https:\/\/www.salgotarjan.hu\/wp-content\/uploads\/gyermeketkeztetes_ovodai_web-300x174.png 300w\" sizes=\"auto, (max-width: 380px) 100vw, 380px\" \/><\/a><\/div><a class=\"wp-block-latest-posts__post-title\" href=\"https:\/\/www.salgotarjan.hu\/?p=16202\">Sz\u00fcl\u0151i t\u00e1j\u00e9koztat\u00f3 a mini b\u00f6lcs\u0151dei \u00e9s \u00f3vodai gyermek\u00e9tkeztet\u00e9sr\u0151l<\/a><\/li>\n<li><div class=\"wp-block-latest-posts__featured-image alignleft\"><a href=\"https:\/\/www.salgotarjan.hu\/?p=16192\" aria-label=\"Sz\u00fcl\u0151i t\u00e1j\u00e9koztat\u00f3 az iskolai gyermek\u00e9tkeztet\u00e9sr\u0151l\"><img loading=\"lazy\" decoding=\"async\" width=\"380\" height=\"221\" src=\"https:\/\/www.salgotarjan.hu\/wp-content\/uploads\/gyermeketkeztetes_ho.png\" class=\"attachment-large size-large wp-post-image\" alt=\"\" style=\"\" srcset=\"https:\/\/www.salgotarjan.hu\/wp-content\/uploads\/gyermeketkeztetes_ho.png 380w, https:\/\/www.salgotarjan.hu\/wp-content\/uploads\/gyermeketkeztetes_ho-300x174.png 300w\" sizes=\"auto, (max-width: 380px) 100vw, 380px\" \/><\/a><\/div><a class=\"wp-block-latest-posts__post-title\" href=\"https:\/\/www.salgotarjan.hu\/?p=16192\">Sz\u00fcl\u0151i t\u00e1j\u00e9koztat\u00f3 az iskolai gyermek\u00e9tkeztet\u00e9sr\u0151l<\/a><\/li>\n<li><div class=\"wp-block-latest-posts__featured-image alignleft\"><a href=\"https:\/\/www.salgotarjan.hu\/?p=15950\" aria-label=\"Kedvezm\u00e9nyes g\u00e1zd\u00edjon biztos\u00edtott f\u00f6ldg\u00e1zmennyis\u00e9g ig\u00e9nybev\u00e9tele\"><img loading=\"lazy\" decoding=\"async\" width=\"560\" height=\"315\" src=\"https:\/\/www.salgotarjan.hu\/wp-content\/uploads\/20230117_tajekoztato.jpg\" class=\"attachment-large size-large wp-post-image\" alt=\"\" style=\"\" srcset=\"https:\/\/www.salgotarjan.hu\/wp-content\/uploads\/20230117_tajekoztato.jpg 560w, https:\/\/www.salgotarjan.hu\/wp-content\/uploads\/20230117_tajekoztato-300x169.jpg 300w\" sizes=\"auto, (max-width: 560px) 100vw, 560px\" \/><\/a><\/div><a class=\"wp-block-latest-posts__post-title\" href=\"https:\/\/www.salgotarjan.hu\/?p=15950\">Kedvezm\u00e9nyes g\u00e1zd\u00edjon biztos\u00edtott f\u00f6ldg\u00e1zmennyis\u00e9g ig\u00e9nybev\u00e9tele<\/a><\/li>\n<li><div class=\"wp-block-latest-posts__featured-image alignleft\"><a href=\"https:\/\/www.salgotarjan.hu\/?p=10749\" aria-label=\"K\u00e9relem rendk\u00edv\u00fcli telep\u00fcl\u00e9si t\u00e1mogat\u00e1s ig\u00e9nyl\u00e9s\u00e9hez\"><img loading=\"lazy\" decoding=\"async\" width=\"560\" height=\"315\" src=\"https:\/\/www.salgotarjan.hu\/wp-content\/uploads\/20200323_kerelem2.jpg\" class=\"attachment-large size-large wp-post-image\" alt=\"\" style=\"\" srcset=\"https:\/\/www.salgotarjan.hu\/wp-content\/uploads\/20200323_kerelem2.jpg 560w, https:\/\/www.salgotarjan.hu\/wp-content\/uploads\/20200323_kerelem2-300x169.jpg 300w\" sizes=\"auto, (max-width: 560px) 100vw, 560px\" \/><\/a><\/div><a class=\"wp-block-latest-posts__post-title\" href=\"https:\/\/www.salgotarjan.hu\/?p=10749\">K\u00e9relem rendk\u00edv\u00fcli telep\u00fcl\u00e9si t\u00e1mogat\u00e1s ig\u00e9nyl\u00e9s\u00e9hez<\/a><\/li>\n<li><div class=\"wp-block-latest-posts__featured-image alignleft\"><a href=\"https:\/\/www.salgotarjan.hu\/?p=14012\" aria-label=\"P\u00e1ly\u00e1zati felh\u00edv\u00e1sok orvosoknak\"><img loading=\"lazy\" decoding=\"async\" width=\"560\" height=\"315\" src=\"https:\/\/www.salgotarjan.hu\/wp-content\/uploads\/20230413_palyazatok.jpg\" class=\"attachment-large size-large wp-post-image\" alt=\"\" style=\"\" srcset=\"https:\/\/www.salgotarjan.hu\/wp-content\/uploads\/20230413_palyazatok.jpg 560w, https:\/\/www.salgotarjan.hu\/wp-content\/uploads\/20230413_palyazatok-300x169.jpg 300w\" sizes=\"auto, (max-width: 560px) 100vw, 560px\" \/><\/a><\/div><a class=\"wp-block-latest-posts__post-title\" href=\"https:\/\/www.salgotarjan.hu\/?p=14012\">P\u00e1ly\u00e1zati felh\u00edv\u00e1sok orvosoknak<\/a><\/li>\n<\/ul>\n\n\n<div style=\"height:20px\" aria-hidden=\"true\" class=\"wp-block-spacer\"><\/div>\n\n\n\n<h2 class=\"wp-block-heading\" id=\"hirek-aktualitasok\">H\u00edrek, aktualit\u00e1sok<\/h2>\n\n\n<ul class=\"wp-block-latest-posts__list has-dates wp-block-latest-posts\"><li><a class=\"wp-block-latest-posts__post-title\" href=\"https:\/\/www.salgotarjan.hu\/?p=17014\">F\u00e1kly\u00e1z\u00e1s a Patakpart utca k\u00f6zel\u00e9ben tal\u00e1lhat\u00f3 g\u00e1zipari objektumon<\/a><time datetime=\"2026-04-30T12:54:38+02:00\" class=\"wp-block-latest-posts__post-date\">2026-04-30<\/time><div class=\"wp-block-latest-posts__post-excerpt\">F\u00e1kly\u00e1z\u00e1ssal j\u00e1r\u00f3 karbantart\u00e1si munk\u00e1t v\u00e9geznek a v\u00e1ros d\u00e9li hat\u00e1r\u00e1ban (a Patakpart utca \u00e9s a 81-es sz\u00e1m\u00fa vas\u00fatvonal k\u00f6z\u00f6tt) tal\u00e1lhat\u00f3 g\u00e1zipari objektumon 2026. m\u00e1jus 05-\u00e9n.<\/div><\/li>\n<li><a class=\"wp-block-latest-posts__post-title\" href=\"https:\/\/www.salgotarjan.hu\/?p=17010\">P\u00e1lyakarbantart\u00e1s miatt m\u00f3dosul a vas\u00fati menetrend<\/a><time datetime=\"2026-04-28T08:49:00+02:00\" class=\"wp-block-latest-posts__post-date\">2026-04-28<\/time><div class=\"wp-block-latest-posts__post-excerpt\">P\u00e1lyakarbantart\u00e1si munk\u00e1latokat v\u00e9geznek 2026. m\u00e1jus 4-10. k\u00f6z\u00f6tt a 81-es sz\u00e1m\u00fa vas\u00fatvonalon Hatvan \u00e9s Somosk\u0151\u00fajfalu k\u00f6z\u00f6tt &#8211; h\u00edvja fel a figyelmet a M\u00e1vinform.<\/div><\/li>\n<li><a class=\"wp-block-latest-posts__post-title\" href=\"https:\/\/www.salgotarjan.hu\/?p=16975\">\u00dcgyf\u00e9lfogad\u00e1si sz\u00fcnet lesz a Polg\u00e1rmesteri Hivatal irod\u00e1in 2026. \u00e1prilis 13-\u00e1n<\/a><time datetime=\"2026-04-09T10:59:07+02:00\" class=\"wp-block-latest-posts__post-date\">2026-04-09<\/time><div class=\"wp-block-latest-posts__post-excerpt\">2026. \u00e1prilis 13-\u00e1n (h\u00e9tf\u0151n) Salg\u00f3tarj\u00e1n Megyei Jog\u00fa V\u00e1ros Polg\u00e1rmesteri Hivatal\u00e1nak valamennyi irod\u00e1j\u00e1n sz\u00fcnetelni fog az \u00fcgyf\u00e9lfogad\u00e1s.<\/div><\/li>\n<li><a class=\"wp-block-latest-posts__post-title\" href=\"https:\/\/www.salgotarjan.hu\/?p=16927\">Felh\u00edv\u00e1s \u00f3vodai beiratkoz\u00e1sra a 2026\/2027. nevel\u00e9si \u00e9vre<\/a><time datetime=\"2026-04-02T14:03:24+02:00\" class=\"wp-block-latest-posts__post-date\">2026-04-02<\/time><div class=\"wp-block-latest-posts__post-excerpt\">Tisztelt Sz\u00fcl\u0151k! T\u00e1j\u00e9koztatom \u00d6n\u00f6ket, hogy a nemzeti k\u00f6znevel\u00e9sr\u0151l sz\u00f3l\u00f3 t\u00f6rv\u00e9ny szerint a gyermek abban az \u00e9vben, amelynek augusztus 31. napj\u00e1ig a harmadik \u00e9let\u00e9v\u00e9t bet\u00f6lti, a nevel\u00e9si \u00e9v kezd\u0151 napj\u00e1t\u00f3l legal\u00e1bb napi n\u00e9gy \u00f3r\u00e1ban \u00f3vodai foglalkoz\u00e1son k\u00f6teles r\u00e9szt venni.<\/div><\/li>\n<li><a class=\"wp-block-latest-posts__post-title\" href=\"https:\/\/www.salgotarjan.hu\/?p=16935\">H\u00fasv\u00e9ti kisokos<\/a><time datetime=\"2026-04-02T10:18:47+02:00\" class=\"wp-block-latest-posts__post-date\">2026-04-02<\/time><div class=\"wp-block-latest-posts__post-excerpt\">\u00d6sszegy\u0171jt\u00f6tt\u00fck a legt\u00f6bb salg\u00f3tarj\u00e1nit \u00e9rint\u0151 hasznos inform\u00e1ci\u00f3kat a h\u00fasv\u00e9ti napokra t\u00f6megk\u00f6zleked\u00e9si menetrendt\u0151l az \u00fcgyeletes gy\u00f3gyszert\u00e1rakig, a fizet\u0151parkol\u00e1s rendj\u00e9t\u0151l a hossz\u00fa h\u00e9tv\u00e9ge programk\u00edn\u00e1lat\u00e1ig.<\/div><\/li>\n<li><a class=\"wp-block-latest-posts__post-title\" href=\"https:\/\/www.salgotarjan.hu\/?p=16846\">P\u00e1ly\u00e1zati felh\u00edv\u00e1s<\/a><time datetime=\"2026-03-09T11:43:18+01:00\" class=\"wp-block-latest-posts__post-date\">2026-03-09<\/time><div class=\"wp-block-latest-posts__post-excerpt\">Salg\u00f3tarj\u00e1n Megyei Jog\u00fa V\u00e1ros \u00d6nkorm\u00e1nyzata az orsz\u00e1gos versenyhelyezett di\u00e1kok \u00e9s felk\u00e9sz\u00edt\u0151 tan\u00e1raik r\u00e9sz\u00e9re adom\u00e1nyozhat\u00f3 elismer\u0151 c\u00edmek alap\u00edt\u00e1s\u00e1r\u00f3l \u00e9s adom\u00e1nyoz\u00e1s\u00e1nak rendj\u00e9r\u0151l sz\u00f3l\u00f3 37\/2009. (VI. 30.) \u00f6nkorm\u00e1nyzati rendelet\u00e9ben foglaltaknak megfelel\u0151en ki\u00edrja a &#8222;Salg\u00f3tarj\u00e1n v\u00e1ros ifj\u00fa tehets\u00e9ge\u201d, a &#8222;Salg\u00f3tarj\u00e1n v\u00e1ros ifj\u00fa m\u0171v\u00e9sztehets\u00e9ge\u201d, a &#8222;Salg\u00f3tarj\u00e1n v\u00e1ros kiv\u00e1l\u00f3 ifj\u00fas\u00e1gi m\u0171v\u00e9szeti csoportja\u201d \u00e9s a &#8222;Salg\u00f3tarj\u00e1n v\u00e1ros kiv\u00e1l\u00f3 tehets\u00e9ggondoz\u00f3 pedag\u00f3gusa\u201d c\u00edmek elnyer\u00e9s\u00e9re sz\u00f3l\u00f3 p\u00e1ly\u00e1zat\u00e1t.<\/div><\/li>\n<\/ul>\n\n\n<div style=\"text-align: right;\"><a href=\"https:\/\/www.salgotarjan.hu\/?cat=10\">Kor\u00e1bbi h\u00edrek<\/a><\/div>\n\n\n\n<div style=\"height:20px\" aria-hidden=\"true\" class=\"wp-block-spacer\"><\/div>\n\n\n\n<h2 class=\"wp-block-heading\" id=\"esemenyek-rendezvenyek\">Esem\u00e9nyek, rendezv\u00e9nyek<\/h2>\n\n\n<ul class=\"wp-block-latest-posts__list is-grid columns-2 aligncenter wp-block-latest-posts\"><li><div class=\"wp-block-latest-posts__featured-image aligncenter\"><a href=\"https:\/\/www.salgotarjan.hu\/?p=16963\" aria-label=\"Magyar K\u00f6lt\u00e9szet Napja &#8211; 2026.04.10.\"><img loading=\"lazy\" decoding=\"async\" width=\"300\" height=\"224\" src=\"https:\/\/www.salgotarjan.hu\/wp-content\/uploads\/kolteszet-300x224.jpg\" class=\"attachment-medium size-medium wp-post-image\" alt=\"\" style=\"max-width:300px;max-height:300px;\" srcset=\"https:\/\/www.salgotarjan.hu\/wp-content\/uploads\/kolteszet-300x224.jpg 300w, https:\/\/www.salgotarjan.hu\/wp-content\/uploads\/kolteszet.jpg 763w\" sizes=\"auto, (max-width: 300px) 100vw, 300px\" \/><\/a><\/div><a class=\"wp-block-latest-posts__post-title\" href=\"https:\/\/www.salgotarjan.hu\/?p=16963\">Magyar K\u00f6lt\u00e9szet Napja &#8211; 2026.04.10.<\/a><\/li>\n<li><div class=\"wp-block-latest-posts__featured-image aligncenter\"><a href=\"https:\/\/www.salgotarjan.hu\/?p=16959\" aria-label=\"Chrono Classic oldtimer aut\u00f3s t\u00fara &#8211; 2026.04.11.\"><img loading=\"lazy\" decoding=\"async\" width=\"300\" height=\"200\" src=\"https:\/\/www.salgotarjan.hu\/wp-content\/uploads\/1959_MercedesBenz_220Sb_-300x200.jpg\" class=\"attachment-medium size-medium wp-post-image\" alt=\"\" style=\"max-width:300px;max-height:300px;\" srcset=\"https:\/\/www.salgotarjan.hu\/wp-content\/uploads\/1959_MercedesBenz_220Sb_-300x200.jpg 300w, https:\/\/www.salgotarjan.hu\/wp-content\/uploads\/1959_MercedesBenz_220Sb_-1024x683.jpg 1024w, https:\/\/www.salgotarjan.hu\/wp-content\/uploads\/1959_MercedesBenz_220Sb_-768x512.jpg 768w, https:\/\/www.salgotarjan.hu\/wp-content\/uploads\/1959_MercedesBenz_220Sb_-1536x1024.jpg 1536w, https:\/\/www.salgotarjan.hu\/wp-content\/uploads\/1959_MercedesBenz_220Sb_.jpg 2048w\" sizes=\"auto, (max-width: 300px) 100vw, 300px\" \/><\/a><\/div><a class=\"wp-block-latest-posts__post-title\" href=\"https:\/\/www.salgotarjan.hu\/?p=16959\">Chrono Classic oldtimer aut\u00f3s t\u00fara &#8211; 2026.04.11.<\/a><\/li>\n<li><div class=\"wp-block-latest-posts__featured-image aligncenter\"><a href=\"https:\/\/www.salgotarjan.hu\/?p=16967\" aria-label=\"Tarj\u00e1ni Tavasz &#8211; 2026.04.02.-2026.05.31.\"><img loading=\"lazy\" decoding=\"async\" width=\"300\" height=\"300\" src=\"https:\/\/www.salgotarjan.hu\/wp-content\/uploads\/tt20261-300x300.jpg\" class=\"attachment-medium size-medium wp-post-image\" alt=\"\" style=\"max-width:300px;max-height:300px;\" srcset=\"https:\/\/www.salgotarjan.hu\/wp-content\/uploads\/tt20261-300x300.jpg 300w, https:\/\/www.salgotarjan.hu\/wp-content\/uploads\/tt20261-1024x1024.jpg 1024w, https:\/\/www.salgotarjan.hu\/wp-content\/uploads\/tt20261-150x150.jpg 150w, https:\/\/www.salgotarjan.hu\/wp-content\/uploads\/tt20261-768x768.jpg 768w, https:\/\/www.salgotarjan.hu\/wp-content\/uploads\/tt20261-1536x1536.jpg 1536w, https:\/\/www.salgotarjan.hu\/wp-content\/uploads\/tt20261.jpg 2048w\" sizes=\"auto, (max-width: 300px) 100vw, 300px\" \/><\/a><\/div><a class=\"wp-block-latest-posts__post-title\" href=\"https:\/\/www.salgotarjan.hu\/?p=16967\">Tarj\u00e1ni Tavasz &#8211; 2026.04.02.-2026.05.31.<\/a><\/li>\n<\/ul>\n\n\n<div style=\"height:20px\" aria-hidden=\"true\" class=\"wp-block-spacer\"><\/div>\n","protected":false},"excerpt":{"rendered":"<p>Gyakran keresett oldalak:&#8211; Orvosok \u00e9s gy\u00f3gyszert\u00e1rak Salg\u00f3tarj\u00e1nban&#8211; Menetrendek&#8211; Polg\u00e1rmesteri hivatal el\u00e9rhet\u0151s\u00e9gei&#8211; K\u00f6zgy\u0171l\u00e9s&#8211; Eur\u00f3pai Uni\u00f3s t\u00e1mogat\u00e1sb\u00f3l megval\u00f3sul\u00f3 fejleszt\u00e9sek T\u00e1j\u00e9koztat\u00e1s a Polg\u00e1rmesteri Hivatalban elrendelt igazgat\u00e1si sz\u00fcnetr\u0151l Kiemelt inform\u00e1ci\u00f3k H\u00edrek, aktualit\u00e1sok Kor\u00e1bbi h\u00edrek Esem\u00e9nyek, rendezv\u00e9nyek<\/p>\n","protected":false},"author":7,"featured_media":0,"parent":0,"menu_order":0,"comment_status":"closed","ping_status":"closed","template":"","meta":{"footnotes":""},"class_list":["post-8851","page","type-page","status-publish"],"_links":{"self":[{"href":"https:\/\/www.salgotarjan.hu\/index.php?rest_route=\/wp\/v2\/pages\/8851","targetHints":{"allow":["GET"]}}],"collection":[{"href":"https:\/\/www.salgotarjan.hu\/index.php?rest_route=\/wp\/v2\/pages"}],"about":[{"href":"https:\/\/www.salgotarjan.hu\/index.php?rest_route=\/wp\/v2\/types\/page"}],"author":[{"embeddable":true,"href":"https:\/\/www.salgotarjan.hu\/index.php?rest_route=\/wp\/v2\/users\/7"}],"replies":[{"embeddable":true,"href":"https:\/\/www.salgotarjan.hu\/index.php?rest_route=%2Fwp%2Fv2%2Fcomments&post=8851"}],"version-history":[{"count":1,"href":"https:\/\/www.salgotarjan.hu\/index.php?rest_route=\/wp\/v2\/pages\/8851\/revisions"}],"predecessor-version":[{"id":16798,"href":"https:\/\/www.salgotarjan.hu\/index.php?rest_route=\/wp\/v2\/pages\/8851\/revisions\/16798"}],"wp:attachment":[{"href":"https:\/\/www.salgotarjan.hu\/index.php?rest_route=%2Fwp%2Fv2%2Fmedia&parent=8851"}],"curies":[{"name":"wp","href":"https:\/\/api.w.org\/{rel}","templated":true}]}}