{"id":1843,"date":"2015-07-30T12:25:36","date_gmt":"2015-07-30T11:25:36","guid":{"rendered":"http:\/\/www.salgotarjan.hu\/?page_id=1843"},"modified":"2022-03-09T11:31:10","modified_gmt":"2022-03-09T10:31:10","slug":"projektek-2014-2020","status":"publish","type":"page","link":"https:\/\/www.salgotarjan.hu\/?page_id=1843","title":{"rendered":"Projektek \/ Projektek 2014-2020"},"content":{"rendered":"\n<p>(Azonos\u00edt\u00f3k szerint rendezve)<\/p>\n\n\n\n<p><strong>Es\u00e9ly a gyermekeinknek program infrastruktur\u00e1lis h\u00e1ttere<\/strong><br>EFOP-2.1.2-16-2017-00009<br><a href=\"https:\/\/www.salgotarjan.hu\/apps\/projekt_adatlapok\/efop-2-1-2-16-2017-00009\">R\u00e9szletek<\/a><\/p>\n\n\n\n<p><strong>Szalmasz\u00e1l<\/strong><br>EFOP-2.2.3-17-2017-00028<br><a href=\"https:\/\/www.salgotarjan.hu\/apps\/projekt_adatlapok\/efop-2-2-3-17-2017-00028\">R\u00e9szletek<\/a><\/p>\n\n\n\n<p><strong>Szegreg\u00e1lt \u00e9lethelyzetek jav\u00edt\u00e1sa Salg\u00f3tarj\u00e1nban<\/strong><br>EFOP-2.4.3-18-2018-00019<br><a href=\"https:\/\/www.salgotarjan.hu\/apps\/projekt_adatlapok\/efop-2-4-3-18-2018-00019\">R\u00e9szletek<\/a><\/p>\n\n\n\n<p><strong>\u00c9szak- Magyarorsz\u00e1gi szennyv\u00edzelvezet\u00e9si \u00e9s- kezel\u00e9si fejleszt\u00e9s 7. (\u00c9MO 7.)<\/strong><br>KEHOP-2.2.2-15-2016-00081<br><a href=\"http:\/\/www.salgotarjan.hu\/apps\/projekt_adatlapok\/kehop-2-2-2-15-2016-00081\/\" target=\"_blank\" rel=\"noopener noreferrer\">R\u00e9szletek<\/a><\/p>\n\n\n\n<p><strong>Salg\u00f3tarj\u00e1n Megyei Jog\u00fa V\u00e1ros \u00f6nkorm\u00e1nyzata ASP k\u00f6zponthoz val\u00f3 csatlakoz\u00e1sa<br><\/strong>K\u00d6FOP-1.2.1-VEKOP-16-2017-01149<br><a href=\"http:\/\/www.salgotarjan.hu\/apps\/projekt_adatlapok\/kofop-1-2-1-vekop-16-2017-01149\" target=\"_blank\" rel=\"noopener noreferrer\">R\u00e9szletek<\/a><\/p>\n\n\n\n<p><strong>N\u00f3gr\u00e1d vonzerej\u00e9nek n\u00f6vel\u00e9se G\u00e1cs \u00e9s Dornyay kultur\u00e1lis-t\u00f6rt\u00e9nelmi-turisztikai k\u00f6zpontok egy\u00fcttm\u0171k\u00f6d\u00e9s\u00e9vel<\/strong><br>SKHU\/1902\/1.1\/067 G\u00e1cs-Dornyay<br><a href=\"http:\/\/www.salgotarjan.hu\/apps\/projekt_adatlapok\/skhu-1902-1-1-067\" target=\"_blank\" rel=\"noopener noreferrer\">R\u00e9szletek<\/a><\/p>\n\n\n\n<p><strong>D\u00e9li iparter\u00fclet \u00fath\u00e1l\u00f3zat fejleszt\u00e9se<\/strong><br>TOP-6.1.1-16-ST1-2018-00001<br><a href=\"http:\/\/www.salgotarjan.hu\/apps\/projekt_adatlapok\/top-6-1-1-16-st1-2018-00001\/\" target=\"_blank\" rel=\"noopener noreferrer\">R\u00e9szletek<\/a><\/p>\n\n\n\n<p><strong>Gyermekm\u00fazeum kialak\u00edt\u00e1sa Salg\u00f3tarj\u00e1nban<\/strong><br>TOP-6.1.4-15-ST1-2016-00001<br><a href=\"http:\/\/www.salgotarjan.hu\/apps\/projekt_adatlapok\/top-6-1-4-15-st1-2016-00001\/\" target=\"_blank\" rel=\"noopener noreferrer\">R\u00e9szletek<\/a><\/p>\n\n\n\n<p><strong>\u00d6koturisztikai fejleszt\u00e9s Salg\u00f3tarj\u00e1nban<\/strong><br>TOP-6.1.4-16-ST1-2017-00001<br><a href=\"http:\/\/www.salgotarjan.hu\/apps\/projekt_adatlapok\/top-6-1-4-16-st1-2017-00001\/\" target=\"_blank\" rel=\"noopener noreferrer\">R\u00e9szletek<\/a><\/p>\n\n\n\n<p><strong>Csokonai \u00fat fel\u00faj\u00edt\u00e1sa<\/strong><br>TOP-6.1.5-15-ST1-2016-00001<br><a href=\"http:\/\/www.salgotarjan.hu\/apps\/projekt_adatlapok\/top-6-1-5-15-st1-2016-00001\/\" target=\"_blank\" rel=\"noopener noreferrer\">R\u00e9szletek<\/a><\/p>\n\n\n\n<p><strong>Pet\u0151fi \u00fat fel\u00faj\u00edt\u00e1sa<\/strong><br>TOP-6.1.5-16-ST1-2017-00002<br><a href=\"http:\/\/www.salgotarjan.hu\/apps\/projekt_adatlapok\/top-6-1-5-16-st1-2017-00002\/\" target=\"_blank\" rel=\"noopener noreferrer\">R\u00e9szletek<\/a><\/p>\n\n\n\n<p><strong>Sug\u00e1r \u00fat fel\u00faj\u00edt\u00e1sa<\/strong><br>TOP-6.1.5-16-ST1-2017-00003<br><a href=\"http:\/\/www.salgotarjan.hu\/apps\/projekt_adatlapok\/top-6-1-5-16-st1-2017-00003\/\" target=\"_blank\" rel=\"noopener noreferrer\">R\u00e9szletek<\/a><\/p>\n\n\n\n<p><strong>Mack\u00f3v\u00e1r K\u00f6zponti \u00d3voda fejleszt\u00e9se \u00e9s b\u00f6lcs\u0151de kialak\u00edt\u00e1sa<\/strong><br>TOP-6.2.1-15-ST1-2016-00001<br><a href=\"http:\/\/www.salgotarjan.hu\/apps\/projekt_adatlapok\/top-6-2-1-15-st1-2016-00001\/\" target=\"_blank\" rel=\"noopener noreferrer\">R\u00e9szletek<\/a><\/p>\n\n\n\n<p><strong>H\u00e9tsz\u00ednvir\u00e1g Tag\u00f3voda fel\u00faj\u00edt\u00e1sa<\/strong><br>TOP-6.2.1-15-ST1-2016-00002<br><a href=\"http:\/\/www.salgotarjan.hu\/apps\/projekt_adatlapok\/top-6-2-1-15-st1-2016-00002\/\" target=\"_blank\" rel=\"noopener noreferrer\">R\u00e9szletek<\/a><\/p>\n\n\n\n<p><strong>Baglyasi Tag\u00f3voda fel\u00faj\u00edt\u00e1sa \u00e9s K\u00f6r\u00fati Tag\u00f3voda ny\u00edl\u00e1sz\u00e1r\u00f3inak cser\u00e9je<\/strong><br>TOP-6.2.1-15-ST1-2016-00003<br><a href=\"http:\/\/www.salgotarjan.hu\/apps\/projekt_adatlapok\/top-6-2-1-15-st1-2016-00003\/\" target=\"_blank\" rel=\"noopener noreferrer\">R\u00e9szletek<\/a><\/p>\n\n\n\n<p><strong>Vadvir\u00e1g Tag\u00f3voda fel\u00faj\u00edt\u00e1sa<\/strong><br>TOP-6.2.1-15-ST1-2016-00004<br><a href=\"http:\/\/www.salgotarjan.hu\/apps\/projekt_adatlapok\/top-6-2-1-15-st1-2016-00004\/\" target=\"_blank\" rel=\"noopener noreferrer\">R\u00e9szletek<\/a><\/p>\n\n\n\n<p><strong>Gyermekkert Tag\u00f3voda fejleszt\u00e9se \u00e9s minib\u00f6lcs\u0151de kialak\u00edt\u00e1sa<\/strong><br>TOP-6.2.1-16-ST1-2017-00001<br><a href=\"http:\/\/www.salgotarjan.hu\/apps\/projekt_adatlapok\/top-6-2-1-16-st1-2017-00001\/\" target=\"_blank\" rel=\"noopener noreferrer\">R\u00e9szletek<\/a><\/p>\n\n\n\n<p><strong>Pitypang tag\u00f3voda fel\u00faj\u00edt\u00e1sa<\/strong><br>TOP-6.2.1-16-ST2-2017-00001<br><a href=\"http:\/\/www.salgotarjan.hu\/apps\/projekt_adatlapok\/top-6-2-1-16-st2-2017-00001\/\" target=\"_blank\" rel=\"noopener noreferrer\">R\u00e9szletek<\/a><\/p>\n\n\n\n<p><strong>Eszk\u00f6zfejleszt\u00e9sek a salg\u00f3tarj\u00e1ni b\u00f6lcs\u0151d\u00e9kben<\/strong><br>TOP-6.2.1-16-ST2-2017-00002<br><a href=\"http:\/\/www.salgotarjan.hu\/apps\/projekt_adatlapok\/top-6-2-1-16-st2-2017-00002\/\" target=\"_blank\" rel=\"noopener noreferrer\">R\u00e9szletek<\/a><\/p>\n\n\n\n<p><strong>Beszterce t\u00e9r fel\u00faj\u00edt\u00e1sa<\/strong><br>TOP-6.3.2-15-ST1-2016-00001<br><a href=\"http:\/\/www.salgotarjan.hu\/apps\/projekt_adatlapok\/top-6-3-2-15-st1-2016-00001\/\" target=\"_blank\" rel=\"noopener noreferrer\">R\u00e9szletek<\/a><\/p>\n\n\n\n<p><strong>V\u00e1s\u00e1rcsarnok \u00e9s piac fel\u00faj\u00edt\u00e1sa Salg\u00f3tarj\u00e1nban<br><\/strong>TOP-6.3.2-16-ST1-2018-00001<strong><br><\/strong><a href=\"http:\/\/www.salgotarjan.hu\/apps\/projekt_adatlapok\/top-6-3-2-16-st1-2018-00001\/\" target=\"_blank\" rel=\"noopener noreferrer\">R\u00e9szletek<\/a><\/p>\n\n\n\n<p><strong>J\u00e1tsz\u00f3h\u00e1z kialak\u00edt\u00e1sa \u00e9s j\u00e1tsz\u00f3t\u00e9r fel\u00faj\u00edt\u00e1sa Salg\u00f3tarj\u00e1nban<\/strong><br>TOP-6.3.2-16-ST1-2018-00002<br><a href=\"http:\/\/www.salgotarjan.hu\/apps\/projekt_adatlapok\/top-6-3-2-16-st1-2018-00002\/\" target=\"_blank\" rel=\"noopener noreferrer\">R\u00e9szletek<\/a><\/p>\n\n\n\n<p><strong>Nagymez\u0151 \u00fat &#8211; K\u00e1lm\u00e1n Imre \u00fat k\u00f6z\u00f6tti ter\u00fclet v\u00edzrendez\u00e9se<\/strong><br>TOP-6.3.3-15-ST1-2016-00001<br><a href=\"http:\/\/www.salgotarjan.hu\/apps\/projekt_adatlapok\/top-6-3-3-15-st1-2016-00001\/\" target=\"_blank\" rel=\"noopener noreferrer\">R\u00e9szletek<\/a><\/p>\n\n\n\n<p><strong>Salg\u00f3tarj\u00e1n \u00e9szak-d\u00e9l ir\u00e1ny\u00fa ker\u00e9kp\u00e1r\u00fat \u00e9p\u00edt\u00e9s\u00e9nek IV. \u00fcteme<\/strong><br>TOP-6.4.1-15-ST1-2016-00001<br><a href=\"http:\/\/www.salgotarjan.hu\/apps\/projekt_adatlapok\/top-6-4-1-15-st1-2016-00001\/\" target=\"_blank\" rel=\"noopener noreferrer\">R\u00e9szletek<\/a><\/p>\n\n\n\n<p><strong>Fenntarthat\u00f3 v\u00e1rosi k\u00f6zleked\u00e9sfejleszt\u00e9s Salg\u00f3tarj\u00e1nban<\/strong><br>TOP-6.4.1-16-ST1-2017-00001<br><a href=\"http:\/\/www.salgotarjan.hu\/apps\/projekt_adatlapok\/top-6-4-1-16-st1-2017-00001\/\" target=\"_blank\" rel=\"noopener noreferrer\">R\u00e9szletek<\/a><\/p>\n\n\n\n<p><strong>B\u00e1tki J\u00f3zsef K\u00f6z\u00f6ss\u00e9gi H\u00e1z energetikai fel\u00faj\u00edt\u00e1sa<\/strong><br>TOP-6.5.1-15-ST1-2016-00001<br><a href=\"http:\/\/www.salgotarjan.hu\/apps\/projekt_adatlapok\/top-6-5-1-15-st1-2016-00001\/\" target=\"_blank\" rel=\"noopener noreferrer\">R\u00e9szletek<\/a><\/p>\n\n\n\n<p><strong>Mack\u00f3v\u00e1r K\u00f6zponti \u00d3voda energetikai fejleszt\u00e9se<\/strong><br>TOP-6.5.1-16-ST1-2017-00001<br><a href=\"http:\/\/www.salgotarjan.hu\/apps\/projekt_adatlapok\/top-6-5-1-16-st1-2017-00001\/\" target=\"_blank\" rel=\"noopener noreferrer\">R\u00e9szletek<\/a><\/p>\n\n\n\n<p><strong>A Gyermekkert Tag\u00f3voda energetikai fejleszt\u00e9se<\/strong><br>TOP-6.5.1-16-ST1-2017-00002<br><a href=\"http:\/\/www.salgotarjan.hu\/apps\/projekt_adatlapok\/top-6-5-1-16-st1-2017-00002\/\" target=\"_blank\" rel=\"noopener noreferrer\">R\u00e9szletek<\/a><\/p>\n\n\n\n<p><strong>Zagyvap\u00e1lfalvai orvosi \u00e9s v\u00e9d\u0151n\u0151i rendel\u0151k energetikai fejleszt\u00e9se<\/strong><br>TOP-6.5.1-16-ST1-2017-00003<br><a href=\"http:\/\/www.salgotarjan.hu\/apps\/projekt_adatlapok\/top-6-5-1-16-st1-2017-00003\/\" target=\"_blank\" rel=\"noopener noreferrer\">R\u00e9szletek<\/a><\/p>\n\n\n\n<p><strong>Balassi B\u00e1lint Megyei K\u00f6nyvt\u00e1r energetikai korszer\u0171s\u00edt\u00e9se<\/strong><br>TOP-6.5.1-16-ST1-2017-00004<br><a href=\"http:\/\/www.salgotarjan.hu\/apps\/projekt_adatlapok\/top-6-5-1-16-st1-2017-00004\/\" target=\"_blank\" rel=\"noopener noreferrer\">R\u00e9szletek<\/a><\/p>\n\n\n\n<p><strong>Sziv\u00e1rv\u00e1ny Tag\u00f3voda energetikai korszer\u0171s\u00edt\u00e9se<\/strong><br>TOP-6.5.1-16-ST1-2017-00005<br><a href=\"http:\/\/www.salgotarjan.hu\/apps\/projekt_adatlapok\/top-6-5-1-16-st1-2017-00005\/\" target=\"_blank\" rel=\"noopener noreferrer\">R\u00e9szletek<\/a><\/p>\n\n\n\n<p><strong>Gerelyes Endre M\u0171vel\u0151d\u00e9si H\u00e1z energetikai korszer\u0171s\u00edt\u00e9se<\/strong><br>TOP-6.5.1-16-ST1-2017-00006<br><a href=\"http:\/\/www.salgotarjan.hu\/apps\/projekt_adatlapok\/top-6-5-1-16-st1-2017-00006\/\" target=\"_blank\" rel=\"noopener noreferrer\">R\u00e9szletek<\/a><\/p>\n\n\n\n<p><strong>Tarj\u00e1ni gyermekt\u00e1bor energetikai korszer\u0171s\u00edt\u00e9se<\/strong><br>TOP-6.5.1-16-ST1-2017-00007<br><a href=\"http:\/\/www.salgotarjan.hu\/apps\/projekt_adatlapok\/top-6-5-1-16-st1-2017-00007\/\" target=\"_blank\" rel=\"noopener noreferrer\">R\u00e9szletek<\/a><\/p>\n\n\n\n<p><strong>V\u00e9d\u0151n\u0151i-, fog\u00e1szati- \u00e9s fog\u00e1szati \u00fcgyeleti rendel\u0151 kialak\u00edt\u00e1sa a V\u00e1s\u00e1rt\u00e9ren<\/strong><br>TOP-6.6.1-15-ST1-2016-00001<br><a href=\"http:\/\/www.salgotarjan.hu\/apps\/projekt_adatlapok\/top-6-6-1-15-st1-2016-00001\/\" target=\"_blank\" rel=\"noopener noreferrer\">R\u00e9szletek<\/a><\/p>\n\n\n\n<p><strong>Ac\u00e9lgy\u00e1ri \u00fati orvosi rendel\u0151 kialak\u00edt\u00e1sa<\/strong><br>TOP-6.6.1-15-ST1-2016-00002<br><a href=\"http:\/\/www.salgotarjan.hu\/apps\/projekt_adatlapok\/top-6-6-1-15-st1-2016-00002\/\" target=\"_blank\" rel=\"noopener noreferrer\">R\u00e9szletek<\/a><\/p>\n\n\n\n<p><strong>\u00d6nkorm\u00e1nyzati tulajdon\u00fa orvosi \u00e9s v\u00e9d\u0151n\u0151i rendel\u0151k kialak\u00edt\u00e1sa<\/strong><br>TOP-6.6.1-16-ST1-2017-00001<br><a href=\"http:\/\/www.salgotarjan.hu\/apps\/projekt_adatlapok\/top-6-6-1-16-st1-2017-00001\/\" target=\"_blank\" rel=\"noopener noreferrer\">R\u00e9szletek<\/a><\/p>\n\n\n\n<p><strong>Szenved\u00e9ly- \u00e9s pszichi\u00e1triai beteg szem\u00e9lyek nappali ell\u00e1t\u00e1s\u00e1nak, valamint az utcai szoci\u00e1lis munka infrastruktur\u00e1lis felt\u00e9teleinek megteremt\u00e9se<\/strong><br>TOP-6.6.2-15-ST1-2016-00001<br><a href=\"http:\/\/www.salgotarjan.hu\/apps\/projekt_adatlapok\/top-6-6-2-15-st1-2016-00001\/\" target=\"_blank\" rel=\"noopener noreferrer\">R\u00e9szletek<\/a><\/p>\n\n\n\n<p><strong>Salg\u00f3 \u00fati v\u00e1rosrehabilit\u00e1ci\u00f3<\/strong><br>TOP-6.7.1-16-ST1-2017-00001<br><a href=\"http:\/\/www.salgotarjan.hu\/apps\/projekt_adatlapok\/top-6-7-1-16-st1-2017-00001\/\" target=\"_blank\" rel=\"noopener noreferrer\">R\u00e9szletek<\/a><\/p>\n\n\n\n<p><strong>Forg\u00e1ch-telepi v\u00e1rosrehabilit\u00e1ci\u00f3<\/strong><br>TOP-6.7.1-16-ST1-2017-00002<br><a href=\"http:\/\/www.salgotarjan.hu\/apps\/projekt_adatlapok\/top-6-7-1-16-st1-2017-00002\/\" target=\"_blank\" rel=\"noopener noreferrer\">R\u00e9szletek<\/a><\/p>\n\n\n\n<p><strong>Foglalkoztat\u00e1si egy\u00fcttm\u0171k\u00f6d\u00e9s Salg\u00f3tarj\u00e1nban<\/strong><br>TOP-6.8.2-15-ST1-2016-00001<br><a href=\"http:\/\/www.salgotarjan.hu\/apps\/projekt_adatlapok\/top-6-8-2-15-st1-2016-00001\/\" target=\"_blank\" rel=\"noopener noreferrer\">R\u00e9szletek<\/a><\/p>\n\n\n\n<p><strong>T\u00e1rsadalmi egy\u00fcttm\u0171k\u00f6d\u00e9s er\u0151s\u00edt\u00e9s\u00e9t szolg\u00e1l\u00f3 helyi szint\u0171 komplex programok (Salg\u00f3 \u00fati szegreg\u00e1tum)<\/strong><br>TOP-6.9.1-15-ST1-2016-00001<br><a href=\"http:\/\/www.salgotarjan.hu\/apps\/projekt_adatlapok\/top-6-9-1-15-st1-2016-00001\/\" target=\"_blank\" rel=\"noopener noreferrer\">R\u00e9szletek<\/a><\/p>\n\n\n\n<p><strong>Forg\u00e1ch-telepi komplex programok<\/strong><br>TOP-6.9.1-16-ST1-2017-00001<br><a href=\"http:\/\/www.salgotarjan.hu\/apps\/projekt_adatlapok\/top-6-9-1-16-st1-2017-00001\/\" target=\"_blank\" rel=\"noopener noreferrer\">R\u00e9szletek<\/a><\/p>\n\n\n\n<p><strong>K\u00fclt\u00e9ri k\u00f6z\u00f6ss\u00e9gi terek kialak\u00edt\u00e1sa, fel\u00faj\u00edt\u00e1sa Salg\u00f3tarj\u00e1nban<\/strong><br>TOP-7.1.1-16-H-ERFA-2019-00136<br><a href=\"http:\/\/www.salgotarjan.hu\/apps\/projekt_adatlapok\/top-7-1-1-16-h-erfa-2019-00136\/\" target=\"_blank\" rel=\"noopener noreferrer\">R\u00e9szletek<\/a><\/p>\n","protected":false},"excerpt":{"rendered":"<p>(Azonos\u00edt\u00f3k szerint rendezve) Es\u00e9ly a gyermekeinknek program infrastruktur\u00e1lis h\u00e1ttereEFOP-2.1.2-16-2017-00009R\u00e9szletek Szalmasz\u00e1lEFOP-2.2.3-17-2017-00028R\u00e9szletek Szegreg\u00e1lt \u00e9lethelyzetek jav\u00edt\u00e1sa Salg\u00f3tarj\u00e1nbanEFOP-2.4.3-18-2018-00019R\u00e9szletek \u00c9szak- Magyarorsz\u00e1gi szennyv\u00edzelvezet\u00e9si \u00e9s- kezel\u00e9si fejleszt\u00e9s 7. (\u00c9MO 7.)KEHOP-2.2.2-15-2016-00081R\u00e9szletek Salg\u00f3tarj\u00e1n Megyei Jog\u00fa V\u00e1ros \u00f6nkorm\u00e1nyzata ASP k\u00f6zponthoz val\u00f3 csatlakoz\u00e1saK\u00d6FOP-1.2.1-VEKOP-16-2017-01149R\u00e9szletek N\u00f3gr\u00e1d vonzerej\u00e9nek n\u00f6vel\u00e9se G\u00e1cs \u00e9s Dornyay kultur\u00e1lis-t\u00f6rt\u00e9nelmi-turisztikai k\u00f6zpontok egy\u00fcttm\u0171k\u00f6d\u00e9s\u00e9velSKHU\/1902\/1.1\/067 G\u00e1cs-DornyayR\u00e9szletek D\u00e9li iparter\u00fclet \u00fath\u00e1l\u00f3zat fejleszt\u00e9seTOP-6.1.1-16-ST1-2018-00001R\u00e9szletek Gyermekm\u00fazeum kialak\u00edt\u00e1sa Salg\u00f3tarj\u00e1nbanTOP-6.1.4-15-ST1-2016-00001R\u00e9szletek \u00d6koturisztikai fejleszt\u00e9s Salg\u00f3tarj\u00e1nbanTOP-6.1.4-16-ST1-2017-00001R\u00e9szletek Csokonai \u00fat fel\u00faj\u00edt\u00e1saTOP-6.1.5-15-ST1-2016-00001R\u00e9szletek &#8230; <a title=\"Projektek \/ Projektek 2014-2020\" class=\"read-more\" href=\"https:\/\/www.salgotarjan.hu\/?page_id=1843\" aria-label=\"Read more about Projektek \/ Projektek 2014-2020\">Olvass tov\u00e1bb<\/a><\/p>\n","protected":false},"author":7,"featured_media":0,"parent":0,"menu_order":0,"comment_status":"closed","ping_status":"closed","template":"","meta":{"footnotes":""},"class_list":["post-1843","page","type-page","status-publish"],"_links":{"self":[{"href":"https:\/\/www.salgotarjan.hu\/index.php?rest_route=\/wp\/v2\/pages\/1843","targetHints":{"allow":["GET"]}}],"collection":[{"href":"https:\/\/www.salgotarjan.hu\/index.php?rest_route=\/wp\/v2\/pages"}],"about":[{"href":"https:\/\/www.salgotarjan.hu\/index.php?rest_route=\/wp\/v2\/types\/page"}],"author":[{"embeddable":true,"href":"https:\/\/www.salgotarjan.hu\/index.php?rest_route=\/wp\/v2\/users\/7"}],"replies":[{"embeddable":true,"href":"https:\/\/www.salgotarjan.hu\/index.php?rest_route=%2Fwp%2Fv2%2Fcomments&post=1843"}],"version-history":[{"count":1,"href":"https:\/\/www.salgotarjan.hu\/index.php?rest_route=\/wp\/v2\/pages\/1843\/revisions"}],"predecessor-version":[{"id":12903,"href":"https:\/\/www.salgotarjan.hu\/index.php?rest_route=\/wp\/v2\/pages\/1843\/revisions\/12903"}],"wp:attachment":[{"href":"https:\/\/www.salgotarjan.hu\/index.php?rest_route=%2Fwp%2Fv2%2Fmedia&parent=1843"}],"curies":[{"name":"wp","href":"https:\/\/api.w.org\/{rel}","templated":true}]}}