{"id":16510,"date":"2025-12-09T16:56:12","date_gmt":"2025-12-09T15:56:12","guid":{"rendered":"https:\/\/www.salgotarjan.hu\/?page_id=16510"},"modified":"2025-12-09T17:25:52","modified_gmt":"2025-12-09T16:25:52","slug":"2024-evi-altalanos-valasztasok","status":"publish","type":"page","link":"https:\/\/www.salgotarjan.hu\/?page_id=16510","title":{"rendered":"V\u00e1laszt\u00e1si inform\u00e1ci\u00f3 \/ Kor\u00e1bbi v\u00e1laszt\u00e1sok \/ 2024. \u00e9vi \u00e1ltal\u00e1nos v\u00e1laszt\u00e1sok"},"content":{"rendered":"\n<p><strong>V\u00e1laszt\u00f3polg\u00e1roknak:<br><\/strong>&#8211; k\u00f6zlem\u00e9ny a szavaz\u00e1s hely\u00e9r\u0151l \u00e9s idej\u00e9r\u0151l, a szavaz\u00e1s m\u00f3dj\u00e1r\u00f3l<br>&#8211; <a href=\"https:\/\/vtr.valasztas.hu\/ep2024\/valasztopolgaroknak\/szavazasi-informaciok\/hataridok\/?tab=voter\" target=\"_blank\" rel=\"noreferrer noopener\">a hat\u00e1rid\u0151kr\u0151l<\/a><br>&#8211; <a href=\"https:\/\/www.valasztas.hu\/ajanlas-ellenorzes-tajekoztato\" target=\"_blank\" rel=\"noreferrer noopener\">a \u201eKit aj\u00e1nlottam\u201d szolg\u00e1ltat\u00e1s el\u00e9r\u00e9se<\/a><br><a href=\"https:\/\/vtr.valasztas.hu\/onk2024\/valasztopolgaroknak\/szavazasi-informaciok\/szavazohelyiseg-kereses\" target=\"_blank\" rel=\"noreferrer noopener\">&#8211; szavaz\u00f3helyis\u00e9g-keres\u0151<br><\/a>&#8211; a v\u00e1laszt\u00e1s nem hiteles eredm\u00e9ny\u00e9t tartalmaz\u00f3 t\u00e1j\u00e9koztat\u00f3 adatok a szavaz\u00e1s lez\u00e1r\u00e1s\u00e1t k\u00f6vet\u0151en<br>&#8211; t\u00e1j\u00e9koztat\u00e1s a szavaz\u00e1snapi jegyzokonyvek megtekint\u00e9si rendj\u00e9r\u0151l a szavaz\u00e1s napj\u00e1t k\u00f6vet\u0151 3 napban<\/p>\n\n\n\n<p><strong>Jel\u00f6lteknek:<br><\/strong>A jel\u00f6ltek \u00e1ll\u00edt\u00e1s\u00e1hoz sz\u00fcks\u00e9ges aj\u00e1nl\u00e1sok sz\u00e1ma:<br>&#8211; <a href=\"https:\/\/www.salgotarjan.hu\/wp-content\/uploads\/valasztasok_20240404_ajanlasok_szama.pdf\" target=\"_blank\" rel=\"noreferrer noopener\">K\u00f6zlem\u00e9ny helyi \u00f6nkorm\u00e1nyzati k\u00e9pvisel\u0151k \u00e9s polg\u00e1rmesterek 2024. \u00e9vi v\u00e1laszt\u00e1s\u00e1n a jel\u00f6l\u00e9shez sz\u00fcks\u00e9ges aj\u00e1nl\u00e1sok sz\u00e1m\u00e1r\u00f3l<\/a> (pdf)<br>&#8211; <a href=\"https:\/\/www.salgotarjan.hu\/wp-content\/uploads\/valasztasok_20240404_nemzetisegi_jelotek_szama.pdf\">T\u00e1j\u00e9koztat\u00e1s a nemzetis\u00e9gi \u00f6nkorm\u00e1nyzati k\u00e9pvisel\u0151k 2024. \u00e9vi v\u00e1laszt\u00e1s\u00e1n a jel\u00f6l\u00e9shez sz\u00fcks\u00e9ges aj\u00e1nl\u00e1sok sz\u00e1m\u00e1r\u00f3l<\/a> (pdf)<br><br>&#8211; jel\u00f6ltek \u00e9s lista\u00e1ll\u00edt\u00e1shoz sz\u00fcks\u00e9ges nyomtatv\u00e1nyok: <a href=\"https:\/\/www.valasztas.hu\/jelolteknek\" target=\"_blank\" rel=\"noreferrer noopener\">https:\/\/www.valasztas.hu\/jelolteknek<\/a><br>&#8211; <a href=\"https:\/\/vtr.valasztas.hu\/ep2024\/valasztopolgaroknak\/szavazasi-informaciok\/hataridok\/?tab=organization\" target=\"_blank\" rel=\"noreferrer noopener\">a hat\u00e1rid\u0151kr\u0151l<\/a><br>&#8211; <a href=\"https:\/\/www.valasztas.hu\/valasztasi-bizottsag-tagjanak-megbizasa\" target=\"_blank\" rel=\"noreferrer noopener\">a megb\u00edzott v\u00e1laszt\u00e1si bizotts\u00e1gi tag bejelent\u00e9s\u00e9re szolg\u00e1l\u00f3 nyomtatv\u00e1nyok<\/a><br>&#8211; n\u00e9vjegyz\u00e9ki adatszolg\u00e1ltat\u00e1sr\u00f3l sz\u00f3l\u00f3 t\u00e1j\u00e9koztat\u00e1s<\/p>\n\n\n\n<p>A v\u00e1laszt\u00e1si bizotts\u00e1gok \u00fcl\u00e9s\u00e9nek v\u00e1rhat\u00f3 id\u0151pontja \u00e9s r\u00e9szletes napirendje:<\/p>\n\n\n\n<p>2023. november 29-ei \u00fcl\u00e9s megh\u00edv\u00f3&nbsp;(<a href=\"https:\/\/www.salgotarjan.hu\/wp-content\/uploads\/valasztasok_20231207_meghivo.pdf\" target=\"_blank\" rel=\"noreferrer noopener\">let\u00f6lt\u00e9s<\/a>)&nbsp;(pdf)<br>A v\u00e1laszt\u00e1si bizotts\u00e1g \u00fcl\u00e9s\u00e9r\u0151l k\u00e9sz\u00fclt jegyz\u0151k\u00f6nyv:<br>5\/2023 HVB jegyz\u0151k\u00f6nyv (<a href=\"https:\/\/www.salgotarjan.hu\/wp-content\/uploads\/valasztasok_20231207_jegyzokonyv.pdf\" target=\"_blank\" rel=\"noreferrer noopener\">let\u00f6lt\u00e9s<\/a>) (pdf)<\/p>\n\n\n\n<p>2024. \u00e1prilis 24-ei \u00fcl\u00e9s <a href=\"https:\/\/www.salgotarjan.hu\/wp-content\/uploads\/valasztasok_20240423_meghivo.pdf\" target=\"_blank\" rel=\"noreferrer noopener\">megh\u00edv\u00f3<\/a> (pdf)<\/p>\n\n\n\n<p>2024. \u00e1prilis 26-ai \u00fcl\u00e9s <a href=\"https:\/\/www.salgotarjan.hu\/wp-content\/uploads\/valasztasok_20240425_meghivo.pdf\" target=\"_blank\" rel=\"noreferrer noopener\">megh\u00edv\u00f3<\/a> (pdf)<br><br>2024. \u00e1prilis 29-ai \u00fcl\u00e9s <a href=\"https:\/\/www.salgotarjan.hu\/wp-content\/uploads\/valasztasok_20240426_meghivo.pdf\" target=\"_blank\" rel=\"noreferrer noopener\">megh\u00edv\u00f3<\/a> (pdf)<br><br>2024. \u00e1prilis 30-ai \u00fcl\u00e9s <a href=\"https:\/\/www.salgotarjan.hu\/wp-content\/uploads\/valasztasok_20240430_meghivo.pdf\" target=\"_blank\" rel=\"noreferrer noopener\">megh\u00edv\u00f3<\/a> (pdf)<\/p>\n\n\n\n<p>2024. m\u00e1jus 2-ai \u00fcl\u00e9s <a href=\"https:\/\/www.salgotarjan.hu\/wp-content\/uploads\/valasztasok_20240430_meghivo_majus2.pdf\" target=\"_blank\" rel=\"noreferrer noopener\">megh\u00edv\u00f3<\/a> (pdf)<\/p>\n\n\n\n<p>2024. m\u00e1jus 6-ai \u00fcl\u00e9s <a href=\"https:\/\/www.salgotarjan.hu\/wp-content\/uploads\/valasztasok_20240506_meghivo_1.pdf\" target=\"_blank\" rel=\"noreferrer noopener\">megh\u00edv\u00f3<\/a> (pdf)<\/p>\n\n\n\n<p>2024. m\u00e1jus 6-ai \u00fcl\u00e9s, sorsol\u00e1s <a href=\"https:\/\/www.salgotarjan.hu\/wp-content\/uploads\/valasztasok_20240506_meghivo_2.pdf\" target=\"_blank\" rel=\"noreferrer noopener\">megh\u00edv\u00f3<\/a> (pdf)<\/p>\n\n\n\n<p>2024. m\u00e1jus 7-ei \u00fcl\u00e9s <a href=\"https:\/\/www.salgotarjan.hu\/wp-content\/uploads\/valasztasok_20240507_meghivo.pdf\" target=\"_blank\" rel=\"noreferrer noopener\">megh\u00edv\u00f3<\/a> (pdf)<\/p>\n\n\n\n<p>2024. m\u00e1jus 14-ei \u00fcl\u00e9s <a href=\"https:\/\/www.salgotarjan.hu\/wp-content\/uploads\/valasztasok_20240510_meghivo.pdf\" target=\"_blank\" rel=\"noreferrer noopener\">megh\u00edv\u00f3<\/a> (pdf)<\/p>\n\n\n\n<p>2024. m\u00e1jus 15-ei \u00fcl\u00e9s <a href=\"https:\/\/www.salgotarjan.hu\/wp-content\/uploads\/valasztas_20240515_meghivo2.pdf\" target=\"_blank\" rel=\"noreferrer noopener\">megh\u00edv\u00f3<\/a> (pdf)<\/p>\n\n\n\n<p>2024. m\u00e1jus 16-ai \u00fcl\u00e9s <a href=\"https:\/\/www.salgotarjan.hu\/wp-content\/uploads\/valasztas_20240515_meghivo3.pdf\" target=\"_blank\" rel=\"noreferrer noopener\">megh\u00edv\u00f3<\/a> (pdf)<br><br>2024. m\u00e1jus 21-ei \u00fcl\u00e9s <a href=\"https:\/\/www.salgotarjan.hu\/wp-content\/uploads\/valasztasok_20240517_meghivo.pdf\" target=\"_blank\" rel=\"noreferrer noopener\">megh\u00edv\u00f3<\/a> (pdf)<\/p>\n\n\n\n<p>2024. j\u00fanius 5-ei \u00fcl\u00e9s <a href=\"https:\/\/www.salgotarjan.hu\/wp-content\/uploads\/valasztasok_20240605_meghivo.pdf\" target=\"_blank\" rel=\"noreferrer noopener\">megh\u00edv\u00f3<\/a> (pdf)<\/p>\n\n\n\n<p>2024. j\u00fanius 24-ei \u00fcl\u00e9s <a href=\"https:\/\/www.salgotarjan.hu\/wp-content\/uploads\/valasztasok_20240621_meghivo.pdf\" target=\"_blank\" rel=\"noreferrer noopener\">megh\u00edv\u00f3<\/a> (pdf)<\/p>\n\n\n\n<p>2024. j\u00falius 4-ei \u00fcl\u00e9s <a href=\"https:\/\/www.salgotarjan.hu\/wp-content\/uploads\/valasztasok_20240703_meghivo.pdf\" target=\"_blank\" rel=\"noreferrer noopener\">megh\u00edv\u00f3<\/a> (pdf)<\/p>\n\n\n\n<p>2025. janu\u00e1r 8-ai \u00fcl\u00e9s <a href=\"https:\/\/www.salgotarjan.hu\/wp-content\/uploads\/hvb_20250108_meghivo.pdf\" target=\"_blank\" rel=\"noreferrer noopener\">megh\u00edv\u00f3<\/a> (pdf)<\/p>\n\n\n\n<p>1\/2024. (IV.24.) HVB. sz. hat\u00e1rozat &#8211; <a href=\"https:\/\/www.salgotarjan.hu\/wp-content\/uploads\/valasztasok_20240424_hvb_1.pdf\" target=\"_blank\" rel=\"noreferrer noopener\">DR. Husz\u00e1r M\u00e1t\u00e9 &#8211; a SALG\u00d3TARJ\u00c1N, Szeretem! Egyes\u00fclet, a Demokratikus Koal\u00edci\u00f3, a Magyar Szocialista P\u00e1rt, a P\u00e1rbesz\u00e9d &#8211; A Z\u00f6ldek P\u00e1rtja \u00e9s a Jobbik &#8211; Konzervat\u00edvok polg\u00e1rmesterjel\u00f6ltj\u00e9nek nyilv\u00e1ntart\u00e1sba v\u00e9tele<\/a><\/p>\n\n\n\n<p>2\/2024. (IV.24.) HVB. sz. hat\u00e1rozat &#8211; <a href=\"https:\/\/www.salgotarjan.hu\/wp-content\/uploads\/valasztasok_20240424_hvb_2.pdf\" target=\"_blank\" rel=\"noreferrer noopener\">Moln\u00e1r K\u00e1roly &#8211; a SALG\u00d3TARJ\u00c1N, Szeretem! Egyes\u00fclet, a Demokratikus Koal\u00edci\u00f3, a Magyar Szocialista P\u00e1rt, a P\u00e1rbesz\u00e9d &#8211; A Z\u00f6ldek P\u00e1rtja \u00e9s a Jobbik &#8211; Konzervat\u00edvok egy\u00e9ni v\u00e1laszt\u00f3ker\u00fcleti k\u00e9pvisel\u0151jel\u00f6ltj\u00e9nek nyilv\u00e1ntart\u00e1sba v\u00e9tele a 01. sz\u00e1m\u00fa egy\u00e9ni v\u00e1laszt\u00f3ker\u00fcletben<\/a><\/p>\n\n\n\n<p>3\/2024. (IV.24.) HVB. sz. hat\u00e1rozat &#8211; <a href=\"https:\/\/www.salgotarjan.hu\/wp-content\/uploads\/valasztasok_20240424_hvb_3.pdf\" target=\"_blank\" rel=\"noreferrer noopener\">Pataki Csaba &#8211; a SALG\u00d3TARJ\u00c1N, Szeretem! Egyes\u00fclet, a Demokratikus Koal\u00edci\u00f3, a Magyar Szocialista P\u00e1rt, a P\u00e1rbesz\u00e9d &#8211; A Z\u00f6ldek P\u00e1rtja \u00e9s a Jobbik &#8211; Konzervat\u00edvok egy\u00e9ni v\u00e1laszt\u00f3ker\u00fcleti k\u00e9pvisel\u0151jel\u00f6ltj\u00e9nek nyilv\u00e1ntart\u00e1sba v\u00e9tele a 02. sz\u00e1m\u00fa egy\u00e9ni v\u00e1laszt\u00f3ker\u00fcletben<\/a><\/p>\n\n\n\n<p>4\/2024. (IV.24.) HVB. sz. hat\u00e1rozat &#8211; <a href=\"https:\/\/www.salgotarjan.hu\/wp-content\/uploads\/valasztasok_20240424_hvb_4.pdf\" target=\"_blank\" rel=\"noreferrer noopener\">St\u00e9r Gy\u00f6rgy &#8211; a SALG\u00d3TARJ\u00c1N, Szeretem! Egyes\u00fclet, a Demokratikus Koal\u00edci\u00f3, a Magyar Szocialista P\u00e1rt, a P\u00e1rbesz\u00e9d &#8211; A Z\u00f6ldek P\u00e1rtja \u00e9s a Jobbik &#8211; Konzervat\u00edvok egy\u00e9ni v\u00e1laszt\u00f3ker\u00fcleti k\u00e9pvisel\u0151jel\u00f6ltj\u00e9nek nyilv\u00e1ntart\u00e1sba v\u00e9tele  03. sz\u00e1m\u00fa egy\u00e9ni v\u00e1laszt\u00f3ker\u00fcletben<\/a><\/p>\n\n\n\n<p>5\/2024. (IV.24.) HVB. sz. hat\u00e1rozat &#8211; <a href=\"https:\/\/www.salgotarjan.hu\/wp-content\/uploads\/valasztasok_20240424_hvb_5.pdf\" target=\"_blank\" rel=\"noreferrer noopener\">Gyurk\u00f3 J\u00f3zsef Csaba &#8211; a SALG\u00d3TARJ\u00c1N, Szeretem! Egyes\u00fclet, a Demokratikus Koal\u00edci\u00f3, a Magyar Szocialista P\u00e1rt, a P\u00e1rbesz\u00e9d &#8211; A Z\u00f6ldek P\u00e1rtja \u00e9s a Jobbik &#8211; Konzervat\u00edvok egy\u00e9ni v\u00e1laszt\u00f3ker\u00fcleti k\u00e9pvisel\u0151jel\u00f6ltj\u00e9nek nyilv\u00e1ntart\u00e1sba v\u00e9tele a 04. sz\u00e1m\u00fa egy\u00e9ni v\u00e1laszt\u00f3ker\u00fcletben<\/a><\/p>\n\n\n\n<p>6\/2024. (IV.24.) HVB. sz. hat\u00e1rozat &#8211; <a href=\"https:\/\/www.salgotarjan.hu\/wp-content\/uploads\/valasztasok_20240424_hvb_6.pdf\" target=\"_blank\" rel=\"noreferrer noopener\">K\u00e1ntor Zolt\u00e1n &#8211; a SALG\u00d3TARJ\u00c1N, Szeretem! Egyes\u00fclet, a Demokratikus Koal\u00edci\u00f3, a Magyar Szocialista P\u00e1rt, a P\u00e1rbesz\u00e9d &#8211; A Z\u00f6ldek P\u00e1rtja \u00e9s a Jobbik &#8211; Konzervat\u00edvok egy\u00e9ni v\u00e1laszt\u00f3ker\u00fcleti k\u00e9pvisel\u0151jel\u00f6ltj\u00e9nek nyilv\u00e1ntart\u00e1sba v\u00e9tele a 05. sz\u00e1m\u00fa egy\u00e9ni v\u00e1laszt\u00f3ker\u00fcletben<\/a><\/p>\n\n\n\n<p>7\/2024. (IV.24.) HVB. sz. hat\u00e1rozat &#8211; <a href=\"https:\/\/www.salgotarjan.hu\/wp-content\/uploads\/valasztasok_20240424_hvb_7.pdf\" target=\"_blank\" rel=\"noreferrer noopener\">God\u00f3 Beatrix Katalin &#8211; a SALG\u00d3TARJ\u00c1N, Szeretem! Egyes\u00fclet, a Demokratikus Koal\u00edci\u00f3, a Magyar Szocialista P\u00e1rt, a P\u00e1rbesz\u00e9d &#8211; A Z\u00f6ldek P\u00e1rtja \u00e9s a Jobbik &#8211; Konzervat\u00edvok egy\u00e9ni v\u00e1laszt\u00f3ker\u00fcleti k\u00e9pvisel\u0151jel\u00f6ltj\u00e9nek nyilv\u00e1ntart\u00e1sba v\u00e9tele a 06. sz\u00e1m\u00fa egy\u00e9ni v\u00e1laszt\u00f3ker\u00fcletben<\/a><\/p>\n\n\n\n<p>8\/2024. (IV.24.) HVB. sz. hat\u00e1rozat &#8211; <a href=\"https:\/\/www.salgotarjan.hu\/wp-content\/uploads\/valasztasok_20240424_hvb_8.pdf\" target=\"_blank\" rel=\"noreferrer noopener\">Lud\u00e1nyi J\u00f3zsef &#8211; a SALG\u00d3TARJ\u00c1N, Szeretem! Egyes\u00fclet, a Demokratikus Koal\u00edci\u00f3, a Magyar Szocialista P\u00e1rt, a P\u00e1rbesz\u00e9d &#8211; A Z\u00f6ldek P\u00e1rtja \u00e9s a Jobbik &#8211; Konzervat\u00edvok egy\u00e9ni v\u00e1laszt\u00f3ker\u00fcleti k\u00e9pvisel\u0151jel\u00f6ltj\u00e9nek nyilv\u00e1ntart\u00e1sba v\u00e9tele a 07. sz\u00e1m\u00fa egy\u00e9ni v\u00e1laszt\u00f3ker\u00fcletben<\/a><\/p>\n\n\n\n<p>9\/2024. (IV.24.) HVB. sz. hat\u00e1rozat &#8211; <a href=\"https:\/\/www.salgotarjan.hu\/wp-content\/uploads\/valasztasok_20240424_hvb_9.pdf\" target=\"_blank\" rel=\"noreferrer noopener\">Homoga L\u00e1szl\u00f3 &#8211; a SALG\u00d3TARJ\u00c1N, Szeretem! Egyes\u00fclet, a Demokratikus Koal\u00edci\u00f3, a Magyar Szocialista P\u00e1rt, a P\u00e1rbesz\u00e9d &#8211; A Z\u00f6ldek P\u00e1rtja \u00e9s a Jobbik &#8211; Konzervat\u00edvok egy\u00e9ni v\u00e1laszt\u00f3ker\u00fcleti k\u00e9pvisel\u0151jel\u00f6ltj\u00e9nek nyilv\u00e1ntart\u00e1sba v\u00e9tele a 08. sz\u00e1m\u00fa egy\u00e9ni v\u00e1laszt\u00f3ker\u00fcletben<\/a><\/p>\n\n\n\n<p>10\/2024. (IV.24.) HVB. sz. hat\u00e1rozat &#8211; <a href=\"https:\/\/www.salgotarjan.hu\/wp-content\/uploads\/valasztasok_20240424_hvb_10.pdf\" target=\"_blank\" rel=\"noreferrer noopener\">Klajban J\u00e1nos &#8211; a SALG\u00d3TARJ\u00c1N, Szeretem! Egyes\u00fclet, a Demokratikus Koal\u00edci\u00f3, a Magyar Szocialista P\u00e1rt, a P\u00e1rbesz\u00e9d &#8211; A Z\u00f6ldek P\u00e1rtja \u00e9s a Jobbik &#8211; Konzervat\u00edvok egy\u00e9ni v\u00e1laszt\u00f3ker\u00fcleti k\u00e9pvisel\u0151jel\u00f6ltj\u00e9nek nyilv\u00e1ntart\u00e1sba v\u00e9tele a 09. sz\u00e1m\u00fa egy\u00e9ni v\u00e1laszt\u00f3ker\u00fcletben<\/a><\/p>\n\n\n\n<p>11\/2024. (IV.24.) HVB. sz. hat\u00e1rozat &#8211; <a href=\"https:\/\/www.salgotarjan.hu\/wp-content\/uploads\/valasztasok_20240424_hvb_11.pdf\" target=\"_blank\" rel=\"noreferrer noopener\">Kiss Brigitta R\u00e9ka &#8211; a SALG\u00d3TARJ\u00c1N, Szeretem! Egyes\u00fclet, a Demokratikus Koal\u00edci\u00f3, a Magyar Szocialista P\u00e1rt, a P\u00e1rbesz\u00e9d &#8211; A Z\u00f6ldek P\u00e1rtja \u00e9s a Jobbik &#8211; Konzervat\u00edvok egy\u00e9ni v\u00e1laszt\u00f3ker\u00fcleti k\u00e9pvisel\u0151jel\u00f6ltj\u00e9nek nyilv\u00e1ntart\u00e1sba v\u00e9tele a 10. sz\u00e1m\u00fa egy\u00e9ni v\u00e1laszt\u00f3ker\u00fcletben<\/a><\/p>\n\n\n\n<p>12\/2024. (IV.24.) HVB. sz. hat\u00e1rozat &#8211; <a href=\"https:\/\/www.salgotarjan.hu\/wp-content\/uploads\/valasztasok_20240424_hvb_12.pdf\" target=\"_blank\" rel=\"noreferrer noopener\">Kreicsi B\u00e1lint Rich\u00e1rd &#8211; a FIDESZ &#8211; Magyar Polg\u00e1ri Sz\u00f6vets\u00e9g, a Kereszt\u00e9nydemokrata N\u00e9pp\u00e1rt \u00e9s a Hajr\u00e1, Salg\u00f3tarj\u00e1n! Egyes\u00fclet polg\u00e1rmesterjel\u00f6ltj\u00e9nek nyilv\u00e1ntart\u00e1sba v\u00e9tele<\/a><\/p>\n\n\n\n<p>13\/2024. (IV.24.) HVB. sz. hat\u00e1rozat &#8211; <a href=\"https:\/\/www.salgotarjan.hu\/wp-content\/uploads\/valasztasok_20240424_hvb_13.pdf\" target=\"_blank\" rel=\"noreferrer noopener\">Szanyi L\u00e1szl\u00f3 Szabolcs &#8211; a FIDESZ &#8211; Magyar Polg\u00e1ri Sz\u00f6vets\u00e9g, a Kereszt\u00e9nydemokrata N\u00e9pp\u00e1rt \u00e9s a Hajr\u00e1, Salg\u00f3tarj\u00e1n! Egyes\u00fclet egy\u00e9ni v\u00e1laszt\u00f3ker\u00fcleti k\u00e9pvisel\u0151jel\u00f6ltj\u00e9nek nyilv\u00e1ntart\u00e1sba v\u00e9tele a 01. sz\u00e1m\u00fa egy\u00e9ni v\u00e1laszt\u00f3ker\u00fcletben<\/a><\/p>\n\n\n\n<p>14\/2024. (IV.24.) HVB. sz. hat\u00e1rozat &#8211; <a href=\"https:\/\/www.salgotarjan.hu\/wp-content\/uploads\/valasztasok_20240424_hvb_14.pdf\" target=\"_blank\" rel=\"noreferrer noopener\">Kisbali G\u00e1bor &#8211; a FIDESZ &#8211; Magyar Polg\u00e1ri Sz\u00f6vets\u00e9g, a Kereszt\u00e9nydemokrata N\u00e9pp\u00e1rt \u00e9s a Hajr\u00e1, Salg\u00f3tarj\u00e1n! Egyes\u00fclet egy\u00e9ni v\u00e1laszt\u00f3ker\u00fcleti k\u00e9pvisel\u0151jel\u00f6ltj\u00e9nek nyilv\u00e1ntart\u00e1sba v\u00e9tele a 02. sz\u00e1m\u00fa egy\u00e9ni v\u00e1laszt\u00f3ker\u00fcletben<\/a><\/p>\n\n\n\n<p>15\/2024. (IV.24.) HVB. sz. hat\u00e1rozat &#8211; <a href=\"https:\/\/www.salgotarjan.hu\/wp-content\/uploads\/valasztasok_20240424_hvb_15.pdf\" target=\"_blank\" rel=\"noreferrer noopener\">Turcs\u00e1ny L\u00e1szl\u00f3 &#8211; a FIDESZ &#8211; Magyar Polg\u00e1ri Sz\u00f6vets\u00e9g, a Kereszt\u00e9nydemokrata N\u00e9pp\u00e1rt \u00e9s a Hajr\u00e1, Salg\u00f3tarj\u00e1n! Egyes\u00fclet egy\u00e9ni v\u00e1laszt\u00f3ker\u00fcleti k\u00e9pvisel\u0151jel\u00f6ltj\u00e9nek nyilv\u00e1ntart\u00e1sba v\u00e9tele a 03. sz\u00e1m\u00fa egy\u00e9ni v\u00e1laszt\u00f3ker\u00fcletben<\/a><\/p>\n\n\n\n<p>16\/2024. (IV.24.) HVB. sz. hat\u00e1rozat &#8211; <a href=\"https:\/\/www.salgotarjan.hu\/wp-content\/uploads\/valasztasok_20240424_hvb_16.pdf\" target=\"_blank\" rel=\"noreferrer noopener\">Papp Marcell &#8211; a FIDESZ &#8211; Magyar Polg\u00e1ri Sz\u00f6vets\u00e9g, a Kereszt\u00e9nydemokrata N\u00e9pp\u00e1rt \u00e9s a Hajr\u00e1, Salg\u00f3tarj\u00e1n! Egyes\u00fclet egy\u00e9ni v\u00e1laszt\u00f3ker\u00fcleti k\u00e9pvisel\u0151jel\u00f6ltj\u00e9nek nyilv\u00e1ntart\u00e1sba v\u00e9tele a 04. sz\u00e1m\u00fa egy\u00e9ni v\u00e1laszt\u00f3ker\u00fcletben<\/a><\/p>\n\n\n\n<p>17\/2024. (IV.24.) HVB. sz. hat\u00e1rozat &#8211; <a href=\"https:\/\/www.salgotarjan.hu\/wp-content\/uploads\/valasztasok_20240424_hvb_17.pdf\" target=\"_blank\" rel=\"noreferrer noopener\">Kov\u00e1cs Manna &#8211; a FIDESZ &#8211; Magyar Polg\u00e1ri Sz\u00f6vets\u00e9g, a Kereszt\u00e9nydemokrata N\u00e9pp\u00e1rt \u00e9s a Hajr\u00e1, Salg\u00f3tarj\u00e1n! Egyes\u00fclet egy\u00e9ni v\u00e1laszt\u00f3ker\u00fcleti k\u00e9pvisel\u0151jel\u00f6ltj\u00e9nek nyilv\u00e1ntart\u00e1sba v\u00e9tele a 05. sz\u00e1m\u00fa egy\u00e9ni v\u00e1laszt\u00f3ker\u00fcletben<\/a><\/p>\n\n\n\n<p>18\/2024. (IV.24.) HVB. sz. hat\u00e1rozat &#8211; <a href=\"https:\/\/www.salgotarjan.hu\/wp-content\/uploads\/valasztasok_20240424_hvb_18.pdf\" target=\"_blank\" rel=\"noreferrer noopener\">Dank\u00f3n\u00e9 Luk\u00e1cs Judit &#8211; a FIDESZ &#8211; Magyar Polg\u00e1ri Sz\u00f6vets\u00e9g, a Kereszt\u00e9nydemokrata N\u00e9pp\u00e1rt \u00e9s a Hajr\u00e1, Salg\u00f3tarj\u00e1n! Egyes\u00fclet egy\u00e9ni v\u00e1laszt\u00f3ker\u00fcleti k\u00e9pvisel\u0151jel\u00f6ltj\u00e9nek nyilv\u00e1ntart\u00e1sba v\u00e9tele a 06. sz\u00e1m\u00fa egy\u00e9ni v\u00e1laszt\u00f3ker\u00fcletben<\/a><\/p>\n\n\n\n<p>19\/2024. (IV.24.) HVB. sz. hat\u00e1rozat &#8211; <a href=\"https:\/\/www.salgotarjan.hu\/wp-content\/uploads\/valasztasok_20240424_hvb_19.pdf\" target=\"_blank\" rel=\"noreferrer noopener\">Szab\u00f3 Csaba &#8211; a FIDESZ &#8211; Magyar Polg\u00e1ri Sz\u00f6vets\u00e9g, a Kereszt\u00e9nydemokrata N\u00e9pp\u00e1rt \u00e9s a Hajr\u00e1, Salg\u00f3tarj\u00e1n! Egyes\u00fclet egy\u00e9ni v\u00e1laszt\u00f3ker\u00fcleti k\u00e9pvisel\u0151jel\u00f6ltj\u00e9nek nyilv\u00e1ntart\u00e1sba v\u00e9tele a 07. sz\u00e1m\u00fa egy\u00e9ni v\u00e1laszt\u00f3ker\u00fcletben<\/a><\/p>\n\n\n\n<p>20\/2024. (IV.24.) HVB. sz. hat\u00e1rozat &#8211; <a href=\"https:\/\/www.salgotarjan.hu\/wp-content\/uploads\/valasztasok_20240424_hvb_20.pdf\" target=\"_blank\" rel=\"noreferrer noopener\">Korponai Tam\u00e1s &#8211; a FIDESZ &#8211; Magyar Polg\u00e1ri Sz\u00f6vets\u00e9g, a Kereszt\u00e9nydemokrata N\u00e9pp\u00e1rt \u00e9s a Hajr\u00e1, Salg\u00f3tarj\u00e1n! Egyes\u00fclet egy\u00e9ni v\u00e1laszt\u00f3ker\u00fcleti k\u00e9pvisel\u0151jel\u00f6ltj\u00e9nek nyilv\u00e1ntart\u00e1sba v\u00e9tele a 08. sz\u00e1m\u00fa egy\u00e9ni v\u00e1laszt\u00f3ker\u00fcletben<\/a><\/p>\n\n\n\n<p>21\/2024. (IV.24.) HVB. sz. hat\u00e1rozat &#8211; <a href=\"https:\/\/www.salgotarjan.hu\/wp-content\/uploads\/valasztasok_20240424_hvb_21.pdf\" target=\"_blank\" rel=\"noreferrer noopener\">Ol\u00e1h Imr\u00e9n\u00e9 &#8211; a FIDESZ &#8211; Magyar Polg\u00e1ri Sz\u00f6vets\u00e9g, a Kereszt\u00e9nydemokrata N\u00e9pp\u00e1rt \u00e9s a Hajr\u00e1, Salg\u00f3tarj\u00e1n! Egyes\u00fclet egy\u00e9ni v\u00e1laszt\u00f3ker\u00fcleti k\u00e9pvisel\u0151jel\u00f6ltj\u00e9nek nyilv\u00e1ntart\u00e1sba v\u00e9tele a 09. sz\u00e1m\u00fa egy\u00e9ni v\u00e1laszt\u00f3ker\u00fcletben<\/a><\/p>\n\n\n\n<p>22\/2024. (IV.24.) HVB. sz. hat\u00e1rozat &#8211; <a href=\"https:\/\/www.salgotarjan.hu\/wp-content\/uploads\/valasztasok_20240424_hvb_22.pdf\" target=\"_blank\" rel=\"noreferrer noopener\">Tolnai S\u00e1ndor &#8211; a FIDESZ &#8211; Magyar Polg\u00e1ri Sz\u00f6vets\u00e9g, a Kereszt\u00e9nydemokrata N\u00e9pp\u00e1rt \u00e9s a Hajr\u00e1, Salg\u00f3tarj\u00e1n! Egyes\u00fclet egy\u00e9ni v\u00e1laszt\u00f3ker\u00fcleti k\u00e9pvisel\u0151jel\u00f6ltj\u00e9nek nyilv\u00e1ntart\u00e1sba v\u00e9tele a 10. sz\u00e1m\u00fa egy\u00e9ni v\u00e1laszt\u00f3ker\u00fcletben<\/a><\/p>\n\n\n\n<p>23\/2024. (IV.24.) HVB. sz. hat\u00e1rozat &#8211; <a href=\"https:\/\/www.salgotarjan.hu\/wp-content\/uploads\/valasztasok_20240424_hvb_23.pdf\" target=\"_blank\" rel=\"noreferrer noopener\">Egyedi Norbert &#8211; a Mi Haz\u00e1nk Mozgalom polg\u00e1rmesterjel\u00f6ltj\u00e9nek nyilv\u00e1ntart\u00e1sba v\u00e9tele<\/a><\/p>\n\n\n\n<p>24\/2024. (IV.24.) HVB. sz. hat\u00e1rozat &#8211; <a href=\"https:\/\/www.salgotarjan.hu\/wp-content\/uploads\/valasztasok_20240424_hvb_24.pdf\" target=\"_blank\" rel=\"noreferrer noopener\">Egyedi Norbert &#8211; a Mi Haz\u00e1nk Mozgalom egy\u00e9ni v\u00e1laszt\u00f3ker\u00fcleti k\u00e9pvisel\u0151jel\u00f6ltj\u00e9nek nyilv\u00e1ntart\u00e1sba v\u00e9tele a 02. sz\u00e1m\u00fa egy\u00e9ni v\u00e1laszt\u00f3ker\u00fcletben<\/a><\/p>\n\n\n\n<p>25\/2024. (IV.24.) HVB. sz. hat\u00e1rozat &#8211; <a href=\"https:\/\/www.salgotarjan.hu\/wp-content\/uploads\/valasztasok_20240424_hvb_25.pdf\" target=\"_blank\" rel=\"noreferrer noopener\">Nagy \u00c1d\u00e1m &#8211; a Mi Haz\u00e1nk Mozgalom egy\u00e9ni v\u00e1laszt\u00f3ker\u00fcleti k\u00e9pvisel\u0151jel\u00f6ltj\u00e9nek nyilv\u00e1ntart\u00e1sba v\u00e9tele a 03. sz\u00e1m\u00fa egy\u00e9ni v\u00e1laszt\u00f3ker\u00fcletben<\/a><\/p>\n\n\n\n<p>26\/2024. (IV.24.) HVB. sz. hat\u00e1rozat &#8211; <a href=\"https:\/\/www.salgotarjan.hu\/wp-content\/uploads\/valasztasok_20240424_hvb_26.pdf\" target=\"_blank\" rel=\"noreferrer noopener\">Luk\u00e1cs L\u00e1szl\u00f3n\u00e9 &#8211; a Mi Haz\u00e1nk Mozgalom egy\u00e9ni v\u00e1laszt\u00f3ker\u00fcleti k\u00e9pvisel\u0151jel\u00f6ltj\u00e9nek nyilv\u00e1ntart\u00e1sba v\u00e9tele a 06. sz\u00e1m\u00fa egy\u00e9ni v\u00e1laszt\u00f3ker\u00fcletben<\/a><\/p>\n\n\n\n<p>27\/2024. (IV.24.) HVB. sz. hat\u00e1rozat &#8211; <a href=\"https:\/\/www.salgotarjan.hu\/wp-content\/uploads\/valasztasok_20240424_hvb_27.pdf\" target=\"_blank\" rel=\"noreferrer noopener\">B\u00f3di Norbert &#8211; a Mi Haz\u00e1nk Mozgalom egy\u00e9ni v\u00e1laszt\u00f3ker\u00fcleti k\u00e9pvisel\u0151jel\u00f6ltj\u00e9nek nyilv\u00e1ntart\u00e1sba v\u00e9tele a 07. sz\u00e1m\u00fa egy\u00e9ni v\u00e1laszt\u00f3ker\u00fcletben<\/a><\/p>\n\n\n\n<p>28\/2024. (IV.24.) HVB. sz. hat\u00e1rozat &#8211; <a href=\"https:\/\/www.salgotarjan.hu\/wp-content\/uploads\/valasztasok_20240424_hvb_28.pdf\" target=\"_blank\" rel=\"noreferrer noopener\">dr. Muszt\u00e1cs L\u00e1szl\u00f3 &#8211; a Mi Haz\u00e1nk Mozgalom egy\u00e9ni v\u00e1laszt\u00f3ker\u00fcleti k\u00e9pvisel\u0151jel\u00f6ltj\u00e9nek nyilv\u00e1ntart\u00e1sba v\u00e9tele a 08. sz\u00e1m\u00fa egy\u00e9ni v\u00e1laszt\u00f3ker\u00fcletben<\/a><\/p>\n\n\n\n<p>29\/2024. (IV.26.) HVB. sz. hat\u00e1rozat &#8211; <a href=\"https:\/\/www.salgotarjan.hu\/wp-content\/uploads\/valasztasok_20240426_hvb_29.pdf\" target=\"_blank\" rel=\"noreferrer noopener\">Par\u00e1di Benedek M\u00e1rk &#8211; a Mi Haz\u00e1nk Mozgalom egy\u00e9ni v\u00e1laszt\u00f3ker\u00fcleti k\u00e9pvisel\u0151jel\u00f6ltj\u00e9nek nyilv\u00e1ntart\u00e1sba v\u00e9tele a 01. sz\u00e1m\u00fa egy\u00e9ni v\u00e1laszt\u00f3ker\u00fcletben<\/a><\/p>\n\n\n\n<p>30\/2024. (IV.26.) HVB. sz. hat\u00e1rozat &#8211; <a href=\"https:\/\/www.salgotarjan.hu\/wp-content\/uploads\/valasztasok_20240426_hvb_30.pdf\" target=\"_blank\" rel=\"noreferrer noopener\">Somosk\u0151i Gyula &#8211; a Mi Haz\u00e1nk Mozgalom egy\u00e9ni v\u00e1laszt\u00f3ker\u00fcleti k\u00e9pvisel\u0151jel\u00f6ltj\u00e9nek nyilv\u00e1ntart\u00e1sba v\u00e9tele a 04. sz\u00e1m\u00fa egy\u00e9ni v\u00e1laszt\u00f3ker\u00fcletben<\/a><\/p>\n\n\n\n<p>31\/2024. (IV.26.) HVB. sz. hat\u00e1rozat &#8211; <a href=\"https:\/\/www.salgotarjan.hu\/wp-content\/uploads\/valasztasok_20240426_hvb_31.pdf\" target=\"_blank\" rel=\"noreferrer noopener\">Moln\u00e1r L\u00e1szl\u00f3 &#8211; a Mi Haz\u00e1nk Mozgalom egy\u00e9ni v\u00e1laszt\u00f3ker\u00fcleti k\u00e9pvisel\u0151jel\u00f6ltj\u00e9nek nyilv\u00e1ntart\u00e1sba v\u00e9tele a 05. sz\u00e1m\u00fa egy\u00e9ni v\u00e1laszt\u00f3ker\u00fcletben<\/a><\/p>\n\n\n\n<p>32\/2024. (IV.26.) HVB. sz. hat\u00e1rozat &#8211; <a href=\"https:\/\/www.salgotarjan.hu\/wp-content\/uploads\/valasztasok_20240426_hvb_32.pdf\" target=\"_blank\" rel=\"noreferrer noopener\">Iv\u00e1dy Istv\u00e1n Mikl\u00f3s &#8211; a Mi Haz\u00e1nk Mozgalom egy\u00e9ni v\u00e1laszt\u00f3ker\u00fcleti k\u00e9pvisel\u0151jel\u00f6ltj\u00e9nek nyilv\u00e1ntart\u00e1sba v\u00e9tele a 09. sz\u00e1m\u00fa egy\u00e9ni v\u00e1laszt\u00f3ker\u00fcletben<\/a><\/p>\n\n\n\n<p>33\/2024. (IV.26.) HVB. sz. hat\u00e1rozat &#8211; <a href=\"https:\/\/www.salgotarjan.hu\/wp-content\/uploads\/valasztasok_20240426_hvb_33.pdf\" target=\"_blank\" rel=\"noreferrer noopener\">Stark \u00c9va &#8211; a Mi Haz\u00e1nk Mozgalom egy\u00e9ni v\u00e1laszt\u00f3ker\u00fcleti k\u00e9pvisel\u0151jel\u00f6ltj\u00e9nek nyilv\u00e1ntart\u00e1sba v\u00e9tele a 10. sz\u00e1m\u00fa egy\u00e9ni v\u00e1laszt\u00f3ker\u00fcletben<\/a><\/p>\n\n\n\n<p>34\/2024. (IV.26.) HVB. sz. hat\u00e1rozat &#8211; <a href=\"https:\/\/www.salgotarjan.hu\/wp-content\/uploads\/valasztasok_20240426_hvb_34.pdf\" target=\"_blank\" rel=\"noreferrer noopener\">R\u00e1kos Tam\u00e1s &#8211; a N\u00e9p P\u00e1rtj\u00e1n polg\u00e1rmesterjel\u00f6ltj\u00e9nek nyilv\u00e1ntart\u00e1sba v\u00e9tele<\/a><\/p>\n\n\n\n<p>35\/2024. (IV.26.) HVB. sz. hat\u00e1rozat &#8211; <a href=\"https:\/\/www.salgotarjan.hu\/wp-content\/uploads\/valasztasok_20240426_hvb_35.pdf\" target=\"_blank\" rel=\"noreferrer noopener\">T\u00f3thmih\u00e1ly Zolt\u00e1n &#8211; a N\u00e9p P\u00e1rtj\u00e1n egy\u00e9ni v\u00e1laszt\u00f3ker\u00fcleti k\u00e9pvisel\u0151jel\u00f6ltj\u00e9nek nyilv\u00e1ntart\u00e1sba v\u00e9tele a 01. sz\u00e1m\u00fa egy\u00e9ni v\u00e1laszt\u00f3ker\u00fcletben<\/a><\/p>\n\n\n\n<p>36\/2024. (IV.26.) HVB. sz. hat\u00e1rozat &#8211; <a href=\"https:\/\/www.salgotarjan.hu\/wp-content\/uploads\/valasztasok_20240426_hvb_36.pdf\" target=\"_blank\" rel=\"noreferrer noopener\">T\u0151zs\u00e9r Katalin &#8211; a N\u00e9p P\u00e1rtj\u00e1n egy\u00e9ni v\u00e1laszt\u00f3ker\u00fcleti k\u00e9pvisel\u0151jel\u00f6ltj\u00e9nek nyilv\u00e1ntart\u00e1sba v\u00e9tele a 02. sz\u00e1m\u00fa egy\u00e9ni v\u00e1laszt\u00f3ker\u00fcletben<\/a><\/p>\n\n\n\n<p>37\/2024. (IV.26.) HVB. sz. hat\u00e1rozat &#8211; <a href=\"https:\/\/www.salgotarjan.hu\/wp-content\/uploads\/valasztasok_20240426_hvb_37.pdf\" target=\"_blank\" rel=\"noreferrer noopener\">Horv\u00e1th Gerg\u0151 J\u00f3zsef &#8211; a N\u00e9p P\u00e1rtj\u00e1n egy\u00e9ni v\u00e1laszt\u00f3ker\u00fcleti k\u00e9pvisel\u0151jel\u00f6ltj\u00e9nek nyilv\u00e1ntart\u00e1sba v\u00e9tele a 03. sz\u00e1m\u00fa egy\u00e9ni v\u00e1laszt\u00f3ker\u00fcletben<\/a><\/p>\n\n\n\n<p>38\/2024. (IV.26.) HVB. sz. hat\u00e1rozat &#8211; <a href=\"https:\/\/www.salgotarjan.hu\/wp-content\/uploads\/valasztasok_20240426_hvb_38.pdf\" target=\"_blank\" rel=\"noreferrer noopener\">Klinecz Angelika &#8211; a N\u00e9p P\u00e1rtj\u00e1n egy\u00e9ni v\u00e1laszt\u00f3ker\u00fcleti k\u00e9pvisel\u0151jel\u00f6ltj\u00e9nek nyilv\u00e1ntart\u00e1sba v\u00e9tele a 04. sz\u00e1m\u00fa egy\u00e9ni v\u00e1laszt\u00f3ker\u00fcletben<\/a><\/p>\n\n\n\n<p>39\/2024. (IV.26.) HVB. sz. hat\u00e1rozat &#8211; <a href=\"https:\/\/www.salgotarjan.hu\/wp-content\/uploads\/valasztasok_20240426_hvb_39.pdf\" target=\"_blank\" rel=\"noreferrer noopener\">Csern\u00e1k G\u00e1bor &#8211; a N\u00e9p P\u00e1rtj\u00e1n egy\u00e9ni v\u00e1laszt\u00f3ker\u00fcleti k\u00e9pvisel\u0151jel\u00f6ltj\u00e9nek nyilv\u00e1ntart\u00e1sba v\u00e9tele a 05. sz\u00e1m\u00fa egy\u00e9ni v\u00e1laszt\u00f3ker\u00fcletben<\/a><\/p>\n\n\n\n<p>40\/2024. (IV.26.) HVB. sz. hat\u00e1rozat &#8211; <a href=\"https:\/\/www.salgotarjan.hu\/wp-content\/uploads\/valasztasok_20240426_hvb_40.pdf\" target=\"_blank\" rel=\"noreferrer noopener\">Danyi G\u00e1bor &#8211; a N\u00e9p P\u00e1rtj\u00e1n egy\u00e9ni v\u00e1laszt\u00f3ker\u00fcleti k\u00e9pvisel\u0151jel\u00f6ltj\u00e9nek nyilv\u00e1ntart\u00e1sba v\u00e9tele a 06. sz\u00e1m\u00fa egy\u00e9ni v\u00e1laszt\u00f3ker\u00fcletben<\/a><\/p>\n\n\n\n<p>41\/2024. (IV.26.) HVB. sz. hat\u00e1rozat &#8211; <a href=\"https:\/\/www.salgotarjan.hu\/wp-content\/uploads\/valasztasok_20240426_hvb_41.pdf\" target=\"_blank\" rel=\"noreferrer noopener\">Lakatos S\u00e1ndor &#8211; a N\u00e9p P\u00e1rtj\u00e1n egy\u00e9ni v\u00e1laszt\u00f3ker\u00fcleti k\u00e9pvisel\u0151jel\u00f6ltj\u00e9nek nyilv\u00e1ntart\u00e1sba v\u00e9tele a 07. sz\u00e1m\u00fa egy\u00e9ni v\u00e1laszt\u00f3ker\u00fcletben<\/a><\/p>\n\n\n\n<p>42\/2024. (IV.26.) HVB. sz. hat\u00e1rozat &#8211; <a href=\"https:\/\/www.salgotarjan.hu\/wp-content\/uploads\/valasztasok_20240426_hvb_42.pdf\" target=\"_blank\" rel=\"noreferrer noopener\">Kov\u00e1cs Veronika &#8211; a N\u00e9p P\u00e1rtj\u00e1n egy\u00e9ni v\u00e1laszt\u00f3ker\u00fcleti k\u00e9pvisel\u0151jel\u00f6ltj\u00e9nek nyilv\u00e1ntart\u00e1sba v\u00e9tele a 08. sz\u00e1m\u00fa egy\u00e9ni v\u00e1laszt\u00f3ker\u00fcletben<\/a><\/p>\n\n\n\n<p>43\/2024. (IV.26.) HVB. sz. hat\u00e1rozat &#8211; <a href=\"https:\/\/www.salgotarjan.hu\/wp-content\/uploads\/valasztasok_20240426_hvb_43.pdf\" target=\"_blank\" rel=\"noreferrer noopener\">Luk\u00e1cs Tam\u00e1s &#8211; a N\u00e9p P\u00e1rtj\u00e1n egy\u00e9ni v\u00e1laszt\u00f3ker\u00fcleti k\u00e9pvisel\u0151jel\u00f6ltj\u00e9nek nyilv\u00e1ntart\u00e1sba v\u00e9tele  09. sz\u00e1m\u00fa egy\u00e9ni v\u00e1laszt\u00f3ker\u00fcletben<\/a><\/p>\n\n\n\n<p>44\/2024. (IV.26.) HVB. sz. hat\u00e1rozat &#8211; <a href=\"https:\/\/www.salgotarjan.hu\/wp-content\/uploads\/valasztasok_20240426_hvb_44.pdf\" target=\"_blank\" rel=\"noreferrer noopener\">Tahu S\u00e1ndorn\u00e9 &#8211; a N\u00e9p P\u00e1rtj\u00e1n egy\u00e9ni v\u00e1laszt\u00f3ker\u00fcleti k\u00e9pvisel\u0151jel\u00f6ltj\u00e9nek nyilv\u00e1ntart\u00e1sba v\u00e9tele a 10. sz\u00e1m\u00fa egy\u00e9ni v\u00e1laszt\u00f3ker\u00fcletben<\/a><\/p>\n\n\n\n<p>45\/2024. (IV.26.) HVB. sz. hat\u00e1rozat &#8211; <a href=\"https:\/\/www.salgotarjan.hu\/wp-content\/uploads\/valasztasok_20240426_hvb_45.pdf\" target=\"_blank\" rel=\"noreferrer noopener\">a Magyar Szocialista P\u00e1rt \u00e1ltal beny\u00fajtott kifog\u00e1s elb\u00edr\u00e1l\u00e1sa<\/a><\/p>\n\n\n\n<p>46\/2024. (IV.29.) HVB. sz. hat\u00e1rozat &#8211; <a href=\"https:\/\/www.salgotarjan.hu\/wp-content\/uploads\/valasztasok_20240429_hvb_46.pdf\" target=\"_blank\" rel=\"noreferrer noopener\">Szomora R\u00f3bertn\u00e9 &#8211; a Cig\u00e1ny K\u00f6z\u00f6ss\u00e9gek Sz\u00f6vets\u00e9ge roma telep\u00fcl\u00e9si nemzetis\u00e9gi jel\u00f6ltj\u00e9nek nyilv\u00e1ntart\u00e1sba v\u00e9tele<\/a><\/p>\n\n\n\n<p>47\/2024. (IV.29.) HVB. sz. hat\u00e1rozat &#8211; <a href=\"https:\/\/www.salgotarjan.hu\/wp-content\/uploads\/valasztasok_20240429_hvb_47.pdf\" target=\"_blank\" rel=\"noreferrer noopener\">Ol\u00e1h Imr\u00e9n\u00e9 &#8211; a Cig\u00e1ny K\u00f6z\u00f6ss\u00e9gek Sz\u00f6vets\u00e9ge roma telep\u00fcl\u00e9si nemzetis\u00e9gi jel\u00f6ltj\u00e9nek nyilv\u00e1ntart\u00e1sba v\u00e9tele<\/a><\/p>\n\n\n\n<p>48\/2024. (IV.29.) HVB. sz. hat\u00e1rozat &#8211; <a href=\"https:\/\/www.salgotarjan.hu\/wp-content\/uploads\/valasztasok_20240429_hvb_48.pdf\" target=\"_blank\" rel=\"noreferrer noopener\">Kov\u00e1cs Hajnalka &#8211; a Cig\u00e1ny K\u00f6z\u00f6ss\u00e9gek Sz\u00f6vets\u00e9ge roma telep\u00fcl\u00e9si nemzetis\u00e9gi jel\u00f6ltj\u00e9nek nyilv\u00e1ntart\u00e1sba v\u00e9tele<\/a><\/p>\n\n\n\n<p>49\/2024. (IV.29.) HVB. sz. hat\u00e1rozat &#8211; <a href=\"https:\/\/www.salgotarjan.hu\/wp-content\/uploads\/valasztasok_20240429_hvb_49.pdf\" target=\"_blank\" rel=\"noreferrer noopener\">Ol\u00e1h L\u00e1szl\u00f3 &#8211; a Cig\u00e1ny K\u00f6z\u00f6ss\u00e9gek Sz\u00f6vets\u00e9ge roma telep\u00fcl\u00e9si nemzetis\u00e9gi jel\u00f6ltj\u00e9nek nyilv\u00e1ntart\u00e1sba v\u00e9tele<\/a><\/p>\n\n\n\n<p>50\/2024. (IV.29.) HVB. sz. hat\u00e1rozat &#8211; <a href=\"https:\/\/www.salgotarjan.hu\/wp-content\/uploads\/valasztasok_20240429_hvb_50.pdf\" target=\"_blank\" rel=\"noreferrer noopener\">Botos R\u00f3bert &#8211; a Cig\u00e1ny K\u00f6z\u00f6ss\u00e9gek Sz\u00f6vets\u00e9ge roma telep\u00fcl\u00e9si nemzetis\u00e9gi jel\u00f6ltj\u00e9nek nyilv\u00e1ntart\u00e1sba v\u00e9tele<\/a><\/p>\n\n\n\n<p>51\/2024. (IV.29.) HVB. sz. hat\u00e1rozat &#8211; <a href=\"https:\/\/www.salgotarjan.hu\/wp-content\/uploads\/valasztasok_20240429_hvb_51.pdf\" target=\"_blank\" rel=\"noreferrer noopener\">A N\u00e9p P\u00e1rtj\u00e1n salg\u00f3tarj\u00e1ni kompenz\u00e1ci\u00f3s list\u00e1j\u00e1nak nyilv\u00e1ntart\u00e1sba v\u00e9tele<\/a><\/p>\n\n\n\n<p>52\/2024. (IV.29.) HVB. sz. hat\u00e1rozat &#8211; <a href=\"https:\/\/www.salgotarjan.hu\/wp-content\/uploads\/valasztasok_20240429_hvb_52.pdf\" target=\"_blank\" rel=\"noreferrer noopener\">A Mi Haz\u00e1nk Mozgalom salg\u00f3tarj\u00e1ni kompenz\u00e1ci\u00f3s list\u00e1j\u00e1nak nyilv\u00e1ntart\u00e1sba v\u00e9tele<\/a><\/p>\n\n\n\n<p>53\/2024. (IV.30.) HVB. sz. hat\u00e1rozat &#8211; <a href=\"https:\/\/www.salgotarjan.hu\/wp-content\/uploads\/valasztasok_20240430_hvb_53.pdf\" target=\"_blank\" rel=\"noreferrer noopener\">Hranek Ferenc &#8211; a PHRALIPE F\u00fcggetlen Cig\u00e1ny Szervezet Orsz\u00e1gos Szervezete &#8211; K\u00f6zponti Szervezet roma telep\u00fcl\u00e9si nemzetis\u00e9gi jel\u00f6ltj\u00e9nek nyilv\u00e1ntart\u00e1sba v\u00e9tele<\/a><\/p>\n\n\n\n<p>54\/2024. (IV.30.) HVB. sz. hat\u00e1rozat &#8211; <a href=\"https:\/\/www.salgotarjan.hu\/wp-content\/uploads\/valasztasok_20240430_hvb_54.pdf\" target=\"_blank\" rel=\"noreferrer noopener\">Botos J\u00f3zsefn\u00e9 &#8211; a PHRALIPE F\u00fcggetlen Cig\u00e1ny Szervezet Orsz\u00e1gos Szervezete &#8211; K\u00f6zponti Szervezet roma telep\u00fcl\u00e9si nemzetis\u00e9gi jel\u00f6ltj\u00e9nek nyilv\u00e1ntart\u00e1sba v\u00e9tele<\/a><\/p>\n\n\n\n<p>55\/2024. (IV.30.) HVB. sz. hat\u00e1rozat &#8211; <a href=\"https:\/\/www.salgotarjan.hu\/wp-content\/uploads\/valasztasok_20240430_hvb_55.pdf\" target=\"_blank\" rel=\"noreferrer noopener\">Hranek Kriszti\u00e1nn\u00e9 &#8211; a PHRALIPE F\u00fcggetlen Cig\u00e1ny Szervezet Orsz\u00e1gos Szervezete &#8211; K\u00f6zponti Szervezet roma telep\u00fcl\u00e9si nemzetis\u00e9gi jel\u00f6ltj\u00e9nek nyilv\u00e1ntart\u00e1sba v\u00e9tele<\/a><\/p>\n\n\n\n<p>56\/2024. (IV.30.) HVB. sz. hat\u00e1rozat &#8211; <a href=\"https:\/\/www.salgotarjan.hu\/wp-content\/uploads\/valasztasok_20240430_hvb_56.pdf\" target=\"_blank\" rel=\"noreferrer noopener\">Kolomp\u00e1r Antal &#8211; a a PHRALIPE F\u00fcggetlen Cig\u00e1ny Szervezet Orsz\u00e1gos Szervezete &#8211; K\u00f6zponti Szervezet roma telep\u00fcl\u00e9si nemzetis\u00e9gi jel\u00f6ltj\u00e9nek nyilv\u00e1ntart\u00e1sba v\u00e9tele<\/a><\/p>\n\n\n\n<p>57\/2024. (IV.30.) HVB. sz. hat\u00e1rozat &#8211; <a href=\"https:\/\/www.salgotarjan.hu\/wp-content\/uploads\/valasztasok_20240430_hvb_57.pdf\" target=\"_blank\" rel=\"noreferrer noopener\">Csik Be\u00e1ta &#8211; a a PHRALIPE F\u00fcggetlen Cig\u00e1ny Szervezet Orsz\u00e1gos Szervezete &#8211; K\u00f6zponti Szervezet roma telep\u00fcl\u00e9si nemzetis\u00e9gi jel\u00f6ltj\u00e9nek nyilv\u00e1ntart\u00e1sba v\u00e9tele<\/a><\/p>\n\n\n\n<p>58\/2024. (IV.30.) HVB. sz. hat\u00e1rozat &#8211; <a href=\"https:\/\/www.salgotarjan.hu\/wp-content\/uploads\/valasztasok_20240430_hvb_58.pdf\" target=\"_blank\" rel=\"noreferrer noopener\">Zs\u00e9ly Csaba P\u00e1l &#8211; a Magyarorsz\u00e1gi Szlov\u00e1kok Sz\u00f6vets\u00e9ge szlov\u00e1k telep\u00fcl\u00e9si nemzetis\u00e9gi jel\u00f6ltj\u00e9nek nyilv\u00e1ntart\u00e1sba v\u00e9tele<\/a><\/p>\n\n\n\n<p>59\/2024. (IV.30.) HVB. sz. hat\u00e1rozat &#8211; <a href=\"https:\/\/www.salgotarjan.hu\/wp-content\/uploads\/valasztasok_20240430_hvb_59.pdf\" target=\"_blank\" rel=\"noreferrer noopener\">Dr. Egyed Ferdin\u00e1nd &#8211; a Magyarorsz\u00e1gi Szlov\u00e1kok Sz\u00f6vets\u00e9ge szlov\u00e1k telep\u00fcl\u00e9si nemzetis\u00e9gi jel\u00f6ltj\u00e9nek nyilv\u00e1ntart\u00e1sba v\u00e9tele<\/a><\/p>\n\n\n\n<p>60\/2024. (IV.30.) HVB. sz. hat\u00e1rozat &#8211; <a href=\"https:\/\/www.salgotarjan.hu\/wp-content\/uploads\/valasztasok_20240430_hvb_60.pdf\" target=\"_blank\" rel=\"noreferrer noopener\">Egyed P\u00e9ter &#8211; a Magyarorsz\u00e1gi Szlov\u00e1kok Sz\u00f6vets\u00e9ge szlov\u00e1k telep\u00fcl\u00e9si nemzetis\u00e9gi jel\u00f6ltj\u00e9nek nyilv\u00e1ntart\u00e1sba v\u00e9tele<\/a><\/p>\n\n\n\n<p>61\/2024. (IV.30.) HVB. sz. hat\u00e1rozat &#8211; <a href=\"https:\/\/www.salgotarjan.hu\/wp-content\/uploads\/valasztasok_20240430_hvb_61.pdf\" target=\"_blank\" rel=\"noreferrer noopener\">Bartk\u00f3 Istv\u00e1n &#8211; a Magyarorsz\u00e1gi Szlov\u00e1kok Sz\u00f6vets\u00e9ge szlov\u00e1k telep\u00fcl\u00e9si nemzetis\u00e9gi jel\u00f6ltj\u00e9nek nyilv\u00e1ntart\u00e1sba v\u00e9tele<\/a><\/p>\n\n\n\n<p>62\/2024. (IV.30.) HVB. sz. hat\u00e1rozat &#8211; <a href=\"https:\/\/www.salgotarjan.hu\/wp-content\/uploads\/valasztasok_20240430_hvb_62.pdf\" target=\"_blank\" rel=\"noreferrer noopener\">Dr. Ferk\u00f3 Attila Gy\u00f6rgy &#8211; a Jobb P\u00e1holy &#8211; F\u00f6rster T\u00e1rsas\u00e1g Egyes\u00fclet polg\u00e1rmesterjel\u00f6ltj\u00e9nek nyilv\u00e1ntart\u00e1sba v\u00e9tele<\/a><\/p>\n\n\n\n<p>63\/2024. (IV.30.) HVB. sz. hat\u00e1rozat &#8211; <a href=\"https:\/\/www.salgotarjan.hu\/wp-content\/uploads\/valasztasok_20240430_hvb_63.pdf\" target=\"_blank\" rel=\"noreferrer noopener\">Papp Ildik\u00f3 &#8211; a Jobb P\u00e1holy &#8211; F\u00f6rster T\u00e1rsas\u00e1g Egyes\u00fclet jel\u00f6ltj\u00e9nek egy\u00e9ni v\u00e1laszt\u00f3ker\u00fcleti k\u00e9pvisel\u0151jel\u00f6ltk\u00e9nt t\u00f6rt\u00e9n\u0151 nyilv\u00e1ntart\u00e1sba v\u00e9tele a 01. sz\u00e1m\u00fa egy\u00e9ni v\u00e1laszt\u00f3ker\u00fcletben<\/a><\/p>\n\n\n\n<p>64\/2024. (IV.30.) HVB. sz. hat\u00e1rozat &#8211; <a href=\"https:\/\/www.salgotarjan.hu\/wp-content\/uploads\/valasztasok_20240430_hvb_64.pdf\" target=\"_blank\" rel=\"noreferrer noopener\">Szuh\u00e1n Attila &#8211; a Jobb P\u00e1holy &#8211; F\u00f6rster T\u00e1rsas\u00e1g Egyes\u00fclet jel\u00f6ltj\u00e9nek egy\u00e9ni v\u00e1laszt\u00f3ker\u00fcleti k\u00e9pvisel\u0151jel\u00f6ltk\u00e9nt t\u00f6rt\u00e9n\u0151 nyilv\u00e1ntart\u00e1sba v\u00e9tele a 02. sz\u00e1m\u00fa egy\u00e9ni v\u00e1laszt\u00f3ker\u00fcletben<\/a><\/p>\n\n\n\n<p>65\/2024. (IV.30.) HVB. sz. hat\u00e1rozat &#8211; <a href=\"https:\/\/www.salgotarjan.hu\/wp-content\/uploads\/valasztasok_20240430_hvb_65.pdf\" target=\"_blank\" rel=\"noreferrer noopener\">Matuz Csilla &#8211; a Jobb P\u00e1holy &#8211; F\u00f6rster T\u00e1rsas\u00e1g Egyes\u00fclet jel\u00f6ltj\u00e9nek egy\u00e9ni v\u00e1laszt\u00f3ker\u00fcleti k\u00e9pvisel\u0151jel\u00f6ltk\u00e9nt t\u00f6rt\u00e9n\u0151 nyilv\u00e1ntart\u00e1sba v\u00e9tele a 04. sz\u00e1m\u00fa egy\u00e9ni v\u00e1laszt\u00f3ker\u00fcletben<\/a><\/p>\n\n\n\n<p>66\/2024. (IV.30.) HVB. sz. hat\u00e1rozat &#8211; <a href=\"https:\/\/www.salgotarjan.hu\/wp-content\/uploads\/valasztasok_20240430_hvb_66.pdf\" target=\"_blank\" rel=\"noreferrer noopener\">Kopp\u00e1ndi J\u00e1nos &#8211; a Jobb P\u00e1holy &#8211; F\u00f6rster T\u00e1rsas\u00e1g Egyes\u00fclet jel\u00f6ltj\u00e9nek egy\u00e9ni v\u00e1laszt\u00f3ker\u00fcleti k\u00e9pvisel\u0151jel\u00f6ltk\u00e9nt t\u00f6rt\u00e9n\u0151 nyilv\u00e1ntart\u00e1sba v\u00e9tele a 05. sz\u00e1m\u00fa egy\u00e9ni v\u00e1laszt\u00f3ker\u00fcletben<\/a><\/p>\n\n\n\n<p>67\/2024. (IV.30.) HVB. sz. hat\u00e1rozat &#8211; <a href=\"https:\/\/www.salgotarjan.hu\/wp-content\/uploads\/valasztasok_20240430_hvb_67.pdf\" target=\"_blank\" rel=\"noreferrer noopener\">Kiss B\u00e9la &#8211; a Jobb P\u00e1holy &#8211; F\u00f6rster T\u00e1rsas\u00e1g Egyes\u00fclet jel\u00f6ltj\u00e9nek egy\u00e9ni v\u00e1laszt\u00f3ker\u00fcleti k\u00e9pvisel\u0151jel\u00f6ltk\u00e9nt t\u00f6rt\u00e9n\u0151 nyilv\u00e1ntart\u00e1sba v\u00e9tele a 07. sz\u00e1m\u00fa egy\u00e9ni v\u00e1laszt\u00f3ker\u00fcletben<\/a><\/p>\n\n\n\n<p>68\/2024. (IV.30.) HVB. sz. hat\u00e1rozat &#8211; <a href=\"https:\/\/www.salgotarjan.hu\/wp-content\/uploads\/valasztasok_20240430_hvb_68.pdf\" target=\"_blank\" rel=\"noreferrer noopener\">S\u00e1ndor Ildik\u00f3 &#8211; a Jobb P\u00e1holy &#8211; F\u00f6rster T\u00e1rsas\u00e1g Egyes\u00fclet jel\u00f6ltj\u00e9nek egy\u00e9ni v\u00e1laszt\u00f3ker\u00fcleti k\u00e9pvisel\u0151jel\u00f6ltk\u00e9nt t\u00f6rt\u00e9n\u0151 nyilv\u00e1ntart\u00e1sba v\u00e9tele a 08. sz\u00e1m\u00fa egy\u00e9ni v\u00e1laszt\u00f3ker\u00fcletben<\/a><\/p>\n\n\n\n<p>69\/2024. (IV.30.) HVB. sz. hat\u00e1rozat &#8211; <a href=\"https:\/\/www.salgotarjan.hu\/wp-content\/uploads\/valasztasok_20240430_hvb_69.pdf\" target=\"_blank\" rel=\"noreferrer noopener\">Buzamanisz Attila &#8211; a Jobb P\u00e1holy &#8211; F\u00f6rster T\u00e1rsas\u00e1g Egyes\u00fclet jel\u00f6ltj\u00e9nek egy\u00e9ni v\u00e1laszt\u00f3ker\u00fcleti k\u00e9pvisel\u0151jel\u00f6ltk\u00e9nt t\u00f6rt\u00e9n\u0151 nyilv\u00e1ntart\u00e1sba v\u00e9tele a 09. sz\u00e1m\u00fa egy\u00e9ni v\u00e1laszt\u00f3ker\u00fcletben<\/a><\/p>\n\n\n\n<p>70\/2024. (IV.30.) HVB. sz. hat\u00e1rozat &#8211; <a href=\"https:\/\/www.salgotarjan.hu\/wp-content\/uploads\/valasztasok_20240430_hvb_70.pdf\" target=\"_blank\" rel=\"noreferrer noopener\">E\u00f6tv\u00f6s Mih\u00e1ly Ern\u0151 &#8211; a Jobb P\u00e1holy &#8211; F\u00f6rster T\u00e1rsas\u00e1g Egyes\u00fclet jel\u00f6ltj\u00e9nek egy\u00e9ni v\u00e1laszt\u00f3ker\u00fcleti k\u00e9pvisel\u0151jel\u00f6ltk\u00e9nt t\u00f6rt\u00e9n\u0151 nyilv\u00e1ntart\u00e1sba v\u00e9tele a 10. sz\u00e1m\u00fa egy\u00e9ni v\u00e1laszt\u00f3ker\u00fcletben<\/a><\/p>\n\n\n\n<p>71\/2024. (IV.30.) HVB. sz. hat\u00e1rozat &#8211; <a href=\"https:\/\/www.salgotarjan.hu\/wp-content\/uploads\/valasztasok_20240430_hvb_71.pdf\" target=\"_blank\" rel=\"noreferrer noopener\">Ismeretlen szem\u00e9ly \u00e1ltal beny\u00fajtott kifog\u00e1s elb\u00edr\u00e1l\u00e1sa<\/a><\/p>\n\n\n\n<p>72\/2024. (V.02.) HVB. sz. hat\u00e1rozat &#8211; <a href=\"https:\/\/www.salgotarjan.hu\/wp-content\/uploads\/valasztasok_20240502_hvb_72.pdf\" target=\"_blank\" rel=\"noreferrer noopener\">A SALG\u00d3TARJ\u00c1N, Szeretem! Egyes\u00fclet, a Demokratikus Koal\u00edci\u00f3, a Magyar Szocialista P\u00e1rt, a P\u00e1rbesz\u00e9d &#8211; a Z\u00f6ldek P\u00e1rtja \u00e9s a Jobbik &#8211; Konzervat\u00edvok salg\u00f3tarj\u00e1ni k\u00f6z\u00f6s kompenz\u00e1ci\u00f3s list\u00e1j\u00e1nak nyilv\u00e1ntart\u00e1sba v\u00e9tele<\/a><\/p>\n\n\n\n<p>73\/2024. (V.02.) HVB. sz. hat\u00e1rozat &#8211; <a href=\"https:\/\/www.salgotarjan.hu\/wp-content\/uploads\/valasztasok_20240502_hvb_73.pdf\" target=\"_blank\" rel=\"noreferrer noopener\">Dr. Ferk\u00f3 Attila Gy\u00f6rgy &#8211; a Jobb P\u00e1holy &#8211; F\u00f6rster T\u00e1rsas\u00e1g Egyes\u00fclet jel\u00f6ltj\u00e9nek egy\u00e9ni v\u00e1laszt\u00f3ker\u00fcleti k\u00e9pvisel\u0151jel\u00f6ltk\u00e9nt t\u00f6rt\u00e9n\u0151 nyilv\u00e1ntart\u00e1sba v\u00e9tele a 06. sz\u00e1m\u00fa egy\u00e9ni v\u00e1laszt\u00f3ker\u00fcletben<\/a><\/p>\n\n\n\n<p>74\/2024. (V.06.) HVB. sz. hat\u00e1rozat &#8211; <a href=\"https:\/\/www.salgotarjan.hu\/wp-content\/uploads\/valasztasok_20240506_hvb_74.pdf\" target=\"_blank\" rel=\"noreferrer noopener\">Dr. Behan Anett \u00c9va \u2013 a Jobb P\u00e1holy \u2013 F\u00f6rster T\u00e1rsas\u00e1g Egyes\u00fclet egy\u00e9ni v\u00e1laszt\u00f3ker\u00fcleti k\u00e9pvisel\u0151jel\u00f6ltk\u00e9nt t\u00f6rt\u00e9n\u0151 nyilv\u00e1ntart\u00e1sba v\u00e9tele a 03. sz\u00e1m\u00fa egy\u00e9ni v\u00e1laszt\u00f3ker\u00fcletben<\/a><\/p>\n\n\n\n<p>75\/2024. (V.06.) HVB. sz. hat\u00e1rozat &#8211; <a href=\"https:\/\/www.salgotarjan.hu\/wp-content\/uploads\/valasztasok_20240506_hvb_75.pdf\" target=\"_blank\" rel=\"noreferrer noopener\">A Jobb P\u00e1holy \u2013 F\u00f6rster T\u00e1rsas\u00e1g Egyes\u00fclet salg\u00f3tarj\u00e1ni kompenz\u00e1ci\u00f3s list\u00e1j\u00e1nak nyilv\u00e1ntart\u00e1sba v\u00e9tele<\/a><\/p>\n\n\n\n<p>76\/2024. (V.06.) HVB. sz. hat\u00e1rozat &#8211; <a href=\"https:\/\/www.salgotarjan.hu\/wp-content\/uploads\/valasztasok_20240506_hvb_76.pdf\" target=\"_blank\" rel=\"noreferrer noopener\">Nagy Attila Tibor \u2013 a Magyar Munk\u00e1sp\u00e1rt polg\u00e1rmesterjel\u00f6ltj\u00e9nek nyilv\u00e1ntart\u00e1sba v\u00e9tele<\/a><\/p>\n\n\n\n<p>77\/2024. (V.06.) HVB. sz. hat\u00e1rozat &#8211; <a href=\"https:\/\/www.salgotarjan.hu\/wp-content\/uploads\/valasztasok_20240506_hvb_77.pdf\" target=\"_blank\" rel=\"noreferrer noopener\">Horv\u00e1th Zolt\u00e1n \u2013 a Magyar Munk\u00e1sp\u00e1rt jel\u00f6ltj\u00e9nek egy\u00e9ni v\u00e1laszt\u00f3ker\u00fcleti k\u00e9pvisel\u0151jel\u00f6ltk\u00e9nt t\u00f6rt\u00e9n\u0151 nyilv\u00e1ntart\u00e1sba v\u00e9tel\u00e9nek visszautas\u00edt\u00e1sa a 01. sz\u00e1m\u00fa egy\u00e9ni v\u00e1laszt\u00f3ker\u00fcletben<\/a><\/p>\n\n\n\n<p>78\/2024. (V.06.) HVB. sz. hat\u00e1rozat &#8211; <a href=\"https:\/\/www.salgotarjan.hu\/wp-content\/uploads\/valasztasok_20240506_hvb_78.pdf\" target=\"_blank\" rel=\"noreferrer noopener\">Nagy Attila Tibor \u2013 a Magyar Munk\u00e1sp\u00e1rt jel\u00f6ltj\u00e9nek egy\u00e9ni v\u00e1laszt\u00f3ker\u00fcleti k\u00e9pvisel\u0151jel\u00f6ltk\u00e9nt t\u00f6rt\u00e9n\u0151 nyilv\u00e1ntart\u00e1sba v\u00e9tele a 02. sz\u00e1m\u00fa egy\u00e9ni v\u00e1laszt\u00f3ker\u00fcletben<\/a><\/p>\n\n\n\n<p>79\/2024. (V.06.) HVB. sz. hat\u00e1rozat &#8211; <a href=\"https:\/\/www.salgotarjan.hu\/wp-content\/uploads\/valasztasok_20240506_hvb_79.pdf\" target=\"_blank\" rel=\"noreferrer noopener\">Szab\u00f3n\u00e9 Tasi M\u00e1rta \u2013 a Magyar Munk\u00e1sp\u00e1rt jel\u00f6ltj\u00e9nek egy\u00e9ni v\u00e1laszt\u00f3ker\u00fcleti k\u00e9pvisel\u0151jel\u00f6ltk\u00e9nt t\u00f6rt\u00e9n\u0151 nyilv\u00e1ntart\u00e1sba v\u00e9tele a 03. sz\u00e1m\u00fa egy\u00e9ni v\u00e1laszt\u00f3ker\u00fcletben<\/a><\/p>\n\n\n\n<p>80\/2024. (V.06.) HVB. sz. hat\u00e1rozat &#8211; <a href=\"https:\/\/www.salgotarjan.hu\/wp-content\/uploads\/valasztasok_20240506_hvb_80.pdf\" target=\"_blank\" rel=\"noreferrer noopener\">T\u0151zs\u00e9r Tibor \u2013 a Magyar Munk\u00e1sp\u00e1rt jel\u00f6ltj\u00e9nek egy\u00e9ni v\u00e1laszt\u00f3ker\u00fcleti k\u00e9pvisel\u0151jel\u00f6ltk\u00e9nt t\u00f6rt\u00e9n\u0151 nyilv\u00e1ntart\u00e1sba v\u00e9tel\u00e9nek visszautas\u00edt\u00e1sa a 04. sz\u00e1m\u00fa egy\u00e9ni v\u00e1laszt\u00f3ker\u00fcletben<\/a><\/p>\n\n\n\n<p>81\/2024. (V.06.) HVB. sz. hat\u00e1rozat &#8211; <a href=\"https:\/\/www.salgotarjan.hu\/wp-content\/uploads\/valasztasok_20240506_hvb_81.pdf\" target=\"_blank\" rel=\"noreferrer noopener\">L\u00f3czi Zolt\u00e1n \u2013 a Magyar Munk\u00e1sp\u00e1rt jel\u00f6ltj\u00e9nek egy\u00e9ni v\u00e1laszt\u00f3ker\u00fcleti k\u00e9pvisel\u0151jel\u00f6ltk\u00e9nt t\u00f6rt\u00e9n\u0151 nyilv\u00e1ntart\u00e1sba v\u00e9tele a 05. sz\u00e1m\u00fa egy\u00e9ni v\u00e1laszt\u00f3ker\u00fcletben<\/a><\/p>\n\n\n\n<p>82\/2024. (V.06.) HVB. sz. hat\u00e1rozat &#8211; <a href=\"https:\/\/www.salgotarjan.hu\/wp-content\/uploads\/valasztasok_20240506_hvb_82.pdf\" target=\"_blank\" rel=\"noreferrer noopener\">Czigl\u00e9dszky L\u00e1szl\u00f3 \u2013 a Magyar Munk\u00e1sp\u00e1rt jel\u00f6ltj\u00e9nek egy\u00e9ni v\u00e1laszt\u00f3ker\u00fcleti k\u00e9pvisel\u0151jel\u00f6ltk\u00e9nt t\u00f6rt\u00e9n\u0151 nyilv\u00e1ntart\u00e1sba v\u00e9tele a 06. sz\u00e1m\u00fa egy\u00e9ni v\u00e1laszt\u00f3ker\u00fcletben<\/a><\/p>\n\n\n\n<p>83\/2024. (V.06.) HVB. sz. hat\u00e1rozat &#8211; <a href=\"https:\/\/www.salgotarjan.hu\/wp-content\/uploads\/valasztasok_20240506_hvb_83.pdf\" target=\"_blank\" rel=\"noreferrer noopener\">Babai Ferencn\u00e9 \u2013 a Magyar Munk\u00e1sp\u00e1rt jel\u00f6ltj\u00e9nek egy\u00e9ni v\u00e1laszt\u00f3ker\u00fcleti k\u00e9pvisel\u0151jel\u00f6ltk\u00e9nt t\u00f6rt\u00e9n\u0151 nyilv\u00e1ntart\u00e1sba v\u00e9tele a 07. sz\u00e1m\u00fa egy\u00e9ni v\u00e1laszt\u00f3ker\u00fcletben<\/a><\/p>\n\n\n\n<p>84\/2024. (V.06.) HVB. sz. hat\u00e1rozat &#8211; <a href=\"https:\/\/www.salgotarjan.hu\/wp-content\/uploads\/valasztasok_20240506_hvb_84.pdf\" target=\"_blank\" rel=\"noreferrer noopener\">R\u00e9v\u00e9sz L\u00e1szl\u00f3 \u2013 a Magyar Munk\u00e1sp\u00e1rt jel\u00f6ltj\u00e9nek egy\u00e9ni v\u00e1laszt\u00f3ker\u00fcleti k\u00e9pvisel\u0151jel\u00f6ltk\u00e9nt t\u00f6rt\u00e9n\u0151 nyilv\u00e1ntart\u00e1sba v\u00e9tele a 08. sz\u00e1m\u00fa egy\u00e9ni v\u00e1laszt\u00f3ker\u00fcletben<\/a><\/p>\n\n\n\n<p>85\/2024. (V.06.) HVB. sz. hat\u00e1rozat &#8211; <a href=\"https:\/\/www.salgotarjan.hu\/wp-content\/uploads\/valasztasok_20240506_hvb_85.pdf\" target=\"_blank\" rel=\"noreferrer noopener\">Herczeg J\u00e1nos \u2013 a Magyar Munk\u00e1sp\u00e1rt jel\u00f6ltj\u00e9nek egy\u00e9ni v\u00e1laszt\u00f3ker\u00fcleti k\u00e9pvisel\u0151jel\u00f6ltk\u00e9nt t\u00f6rt\u00e9n\u0151 nyilv\u00e1ntart\u00e1sba v\u00e9tele a 09. sz\u00e1m\u00fa egy\u00e9ni v\u00e1laszt\u00f3ker\u00fcletben<\/a><\/p>\n\n\n\n<p>86\/2024. (V.06.) HVB. sz. hat\u00e1rozat &#8211; <a href=\"https:\/\/www.salgotarjan.hu\/wp-content\/uploads\/valasztasok_20240506_hvb_86.pdf\" target=\"_blank\" rel=\"noreferrer noopener\">Cs\u00e1bi Attil\u00e1n\u00e9 \u2013 a Magyar Munk\u00e1sp\u00e1rt jel\u00f6ltj\u00e9nek egy\u00e9ni v\u00e1laszt\u00f3ker\u00fcleti k\u00e9pvisel\u0151jel\u00f6ltk\u00e9nt t\u00f6rt\u00e9n\u0151 nyilv\u00e1ntart\u00e1sba v\u00e9tele a 10. sz\u00e1m\u00fa egy\u00e9ni v\u00e1laszt\u00f3ker\u00fcletben<\/a><\/p>\n\n\n\n<p>87\/2024. (V.06.) HVB. sz. hat\u00e1rozat &#8211; <a href=\"https:\/\/www.salgotarjan.hu\/wp-content\/uploads\/valasztasok_20240506_hvb_87.pdf\" target=\"_blank\" rel=\"noreferrer noopener\">A Magyar Munk\u00e1sp\u00e1rt salg\u00f3tarj\u00e1ni kompenz\u00e1ci\u00f3s list\u00e1j\u00e1nak nyilv\u00e1ntart\u00e1sba v\u00e9tele<\/a><\/p>\n\n\n\n<p>88\/2024. (V.06.) HVB. sz. hat\u00e1rozat &#8211; <a href=\"https:\/\/www.salgotarjan.hu\/wp-content\/uploads\/valasztasok_20240506_hvb_88.pdf\" target=\"_blank\" rel=\"noreferrer noopener\">A FIDESZ-Magyar Polg\u00e1ri Sz\u00f6vets\u00e9g, a Kereszt\u00e9nydemokrata N\u00e9pp\u00e1rt \u00e9s a Hajr\u00e1, Salg\u00f3tarj\u00e1n! Egyes\u00fclet salg\u00f3tarj\u00e1ni k\u00f6z\u00f6s kompenz\u00e1ci\u00f3s list\u00e1j\u00e1nak nyilv\u00e1ntart\u00e1sba v\u00e9tele<\/a><\/p>\n\n\n\n<p>89\/2024. (V.06.) HVB. sz. hat\u00e1rozat &#8211; <a href=\"https:\/\/www.salgotarjan.hu\/wp-content\/uploads\/valasztasok_20240506_hvb_89.pdf\" target=\"_blank\" rel=\"noreferrer noopener\">A 2024. j\u00fanius 9. napj\u00e1ra kit\u0171z\u00f6tt Eur\u00f3pai Parlament tagjai, a helyi \u00f6nkorm\u00e1nyzati k\u00e9pvisel\u0151k \u00e9s polg\u00e1rmesterek, valamint a nemzetis\u00e9gi \u00f6nkorm\u00e1nyzati k\u00e9pvisel\u0151k k\u00f6z\u00f6s elj\u00e1r\u00e1sban lebonyol\u00edtott 2024. \u00e9vi \u00e1ltal\u00e1nos v\u00e1laszt\u00e1s\u00e1n bejelentett polg\u00e1rmesterjel\u00f6ltek, egy\u00e9ni v\u00e1laszt\u00f3ker\u00fcleti k\u00e9pvisel\u0151jel\u00f6ltek \u00e9s telep\u00fcl\u00e9si nemzetis\u00e9gi jel\u00f6ltek sorrendj\u00e9nek kisorsol\u00e1sa<\/a><\/p>\n\n\n\n<p>90\/2024. (V.07.) HVB. sz. hat\u00e1rozat &#8211; <a href=\"https:\/\/www.salgotarjan.hu\/wp-content\/uploads\/valasztasok_20240507_hvb_90.pdf\" target=\"_blank\" rel=\"noreferrer noopener\">Berki Andr\u00e1s &#8211; a Cig\u00e1ny K\u00f6z\u00f6ss\u00e9gek Sz\u00f6vets\u00e9ge roma telep\u00fcl\u00e9si nemzetis\u00e9gi jel\u00f6ltje nyilv\u00e1ntart\u00e1sba v\u00e9tel\u00e9nek visszautas\u00edt\u00e1sa<\/a><\/p>\n\n\n\n<p>91\/2024. (V.07.) HVB. sz. hat\u00e1rozat &#8211; <a href=\"https:\/\/www.salgotarjan.hu\/wp-content\/uploads\/valasztasok_20240507_hvb_91.pdf\" target=\"_blank\" rel=\"noreferrer noopener\">Berki Kriszti\u00e1n &#8211; a Cig\u00e1ny K\u00f6z\u00f6ss\u00e9gek Sz\u00f6vets\u00e9ge roma telep\u00fcl\u00e9si nemzetis\u00e9gi jel\u00f6ltje nyilv\u00e1ntart\u00e1sba v\u00e9tel\u00e9nek visszautas\u00edt\u00e1sa<\/a><\/p>\n\n\n\n<p>92\/2024. (V.07.) HVB. sz. hat\u00e1rozat &#8211; <a href=\"https:\/\/www.salgotarjan.hu\/wp-content\/uploads\/valasztasok_20240507_hvb_92.pdf\" target=\"_blank\" rel=\"noreferrer noopener\">Berki Zsuzsanna &#8211; a Cig\u00e1ny K\u00f6z\u00f6ss\u00e9gek Sz\u00f6vets\u00e9ge roma telep\u00fcl\u00e9si nemzetis\u00e9gi jel\u00f6ltje nyilv\u00e1ntart\u00e1sba v\u00e9tel\u00e9nek visszautas\u00edt\u00e1sa<\/a><\/p>\n\n\n\n<p>93\/2024. (V.07.) HVB. sz. hat\u00e1rozat &#8211; <a href=\"https:\/\/www.salgotarjan.hu\/wp-content\/uploads\/valasztasok_20240507_hvb_93.pdf\" target=\"_blank\" rel=\"noreferrer noopener\">Berki Tivadar &#8211; a Cig\u00e1ny K\u00f6z\u00f6ss\u00e9gek Sz\u00f6vets\u00e9ge roma telep\u00fcl\u00e9si nemzetis\u00e9gi jel\u00f6ltje nyilv\u00e1ntart\u00e1sba v\u00e9tel\u00e9nek visszautas\u00edt\u00e1sa<\/a><\/p>\n\n\n\n<p>94\/2024. (V.07.) HVB. sz. hat\u00e1rozat &#8211; <a href=\"https:\/\/www.salgotarjan.hu\/wp-content\/uploads\/valasztasok_20240507_hvb_94.pdf\" target=\"_blank\" rel=\"noreferrer noopener\">Berki Tivadarn\u00e9 &#8211; a Cig\u00e1ny K\u00f6z\u00f6ss\u00e9gek Sz\u00f6vets\u00e9ge roma telep\u00fcl\u00e9si nemzetis\u00e9gi jel\u00f6ltje nyilv\u00e1ntart\u00e1sba v\u00e9tel\u00e9nek visszautas\u00edt\u00e1sa<\/a><\/p>\n\n\n\n<p>95\/2024. (V.07.) HVB. sz. hat\u00e1rozat &#8211; <a href=\"https:\/\/www.salgotarjan.hu\/wp-content\/uploads\/valasztasok_20240507_hvb_95.pdf\" target=\"_blank\" rel=\"noreferrer noopener\">Ol\u00e1h Aranka &#8211; a Romaj\u00f3 Orsz\u00e1gos Egyes\u00fclet roma telep\u00fcl\u00e9si nemzetis\u00e9gi jel\u00f6ltje nyilv\u00e1ntart\u00e1sba v\u00e9tel\u00e9nek visszautas\u00edt\u00e1sa<\/a><\/p>\n\n\n\n<p>96\/2024. (V.07.) HVB. sz. hat\u00e1rozat &#8211; <a href=\"https:\/\/www.salgotarjan.hu\/wp-content\/uploads\/valasztasok_20240507_hvb_96.pdf\" target=\"_blank\" rel=\"noreferrer noopener\">A 2024. j\u00fanius 9. napj\u00e1ra kit\u0171z\u00f6tt Eur\u00f3pai Parlament tagjai, a helyi \u00f6nkorm\u00e1nyzati k\u00e9pvisel\u0151k \u00e9s polg\u00e1rmesterek, valamint a nemzetis\u00e9gi \u00f6nkorm\u00e1nyzati k\u00e9pvisel\u0151k k\u00f6z\u00f6s elj\u00e1r\u00e1sban lebonyol\u00edtott 2024. \u00e9vi \u00e1ltal\u00e1nos v\u00e1laszt\u00e1s\u00e1n bejelentett salg\u00f3tarj\u00e1ni kompenz\u00e1ci\u00f3s list\u00e1k sorrendj\u00e9nek kisorsol\u00e1sa<\/a><\/p>\n\n\n\n<p>97\/2024. (V.14.) HVB. sz. hat\u00e1rozat &#8211; <a href=\"https:\/\/www.salgotarjan.hu\/wp-content\/uploads\/valasztasok_20240514_hvb_97.pdf\" target=\"_blank\" rel=\"noreferrer noopener\">B\u00edrs\u00e1g kiszab\u00e1sa a Magyar Munk\u00e1sp\u00e1rt \u00e1ltal Nagy Attila Tibor polg\u00e1rmesterjel\u00f6lt sz\u00e1m\u00e1ra ig\u00e9nyelt aj\u00e1nl\u00f3\u00edvek hat\u00e1rid\u0151ben val\u00f3 \u00e1tad\u00e1s\u00e1nak elmulaszt\u00e1sa miatt<\/a><\/p>\n\n\n\n<p>98\/2024. (V.14.) HVB. sz. hat\u00e1rozat &#8211; <a href=\"https:\/\/www.salgotarjan.hu\/wp-content\/uploads\/valasztasok_20240514_hvb_98.pdf\" target=\"_blank\" rel=\"noreferrer noopener\">B\u00edrs\u00e1g kiszab\u00e1sa a Magyar Munk\u00e1sp\u00e1rt \u00e1ltal Szab\u00f3n\u00e9 Tasi M\u00e1rta egy\u00e9ni v\u00e1laszt\u00f3ker\u00fcleti k\u00e9pvisel\u0151jel\u00f6lt sz\u00e1m\u00e1ra ig\u00e9nyelt aj\u00e1nl\u00f3\u00edvek hat\u00e1rid\u0151ben val\u00f3 \u00e1tad\u00e1s\u00e1nak elmulaszt\u00e1sa miatt<\/a><\/p>\n\n\n\n<p>99\/2024. (V.14.) HVB. sz. hat\u00e1rozat &#8211; <a href=\"https:\/\/www.salgotarjan.hu\/wp-content\/uploads\/valasztasok_20240514_hvb_99.pdf\" target=\"_blank\" rel=\"noreferrer noopener\">B\u00edrs\u00e1g kiszab\u00e1sa a Cig\u00e1ny K\u00f6z\u00f6ss\u00e9gek Sz\u00f6vets\u00e9ge \u00e1ltal Berki Tivadarn\u00e9 roma telep\u00fcl\u00e9si nemzetis\u00e9gi jel\u00f6lt sz\u00e1m\u00e1ra ig\u00e9nyelt aj\u00e1nl\u00f3\u00edvek hat\u00e1rid\u0151ben val\u00f3 \u00e1tad\u00e1s\u00e1nak elmulaszt\u00e1sa miatt<\/a><\/p>\n\n\n\n<p>100\/2024. (V.14.) HVB. sz. hat\u00e1rozat &#8211; <a href=\"https:\/\/www.salgotarjan.hu\/wp-content\/uploads\/valasztasok_20240514_hvb_100_2.pdf\" target=\"_blank\" rel=\"noreferrer noopener\">A 2024. j\u00fanius 9. napj\u00e1ra kit\u0171z\u00f6tt helyi \u00f6nkorm\u00e1nyzati k\u00e9pvisel\u0151k \u00e9s polg\u00e1rmesterek, valamint a nemzetis\u00e9gi \u00f6nkorm\u00e1nyzati k\u00e9pvisel\u0151k k\u00f6z\u00f6s elj\u00e1r\u00e1sban lebonyol\u00edtott 2024. \u00e9vi \u00e1ltal\u00e1nos v\u00e1laszt\u00e1s\u00e1n alkalmazand\u00f3 szavaz\u00f3lapok adattartalm\u00e1nak j\u00f3v\u00e1hagy\u00e1sa<\/a><\/p>\n\n\n\n<p>101\/2024. (V.15.) HVB. sz. hat\u00e1rozat &#8211; <a href=\"https:\/\/www.salgotarjan.hu\/wp-content\/uploads\/valasztas_20240515_hvb_101.pdf\" target=\"_blank\" rel=\"noreferrer noopener\">A 2024. j\u00fanius 9. napj\u00e1ra kit\u0171z\u00f6tt helyi \u00f6nkorm\u00e1nyzati k\u00e9pvisel\u0151k \u00e9s polg\u00e1rmesterek, valamint a nemzetis\u00e9gi \u00f6nkorm\u00e1nyzati k\u00e9pvisel\u0151k k\u00f6z\u00f6s elj\u00e1r\u00e1sban lebonyol\u00edtott 2024. \u00e9vi \u00e1ltal\u00e1nos v\u00e1laszt\u00e1s\u00e1n alkalmazand\u00f3 szavaz\u00f3lapok adattartalm\u00e1nak j\u00f3v\u00e1hagy\u00e1sa t\u00e1rgy\u00e1ban meghozott 100\/2024. (V.14.) HVB. sz. hat\u00e1rozat\u00e1nak m\u00f3dos\u00edt\u00e1sa<\/a><\/p>\n\n\n\n<p>102\/2024. (V.15.) HVB. sz. hat\u00e1rozat &#8211; <a href=\"https:\/\/www.salgotarjan.hu\/wp-content\/uploads\/valasztas_20240515_hvb_102.pdf\" target=\"_blank\" rel=\"noreferrer noopener\">A 2024. j\u00fanius 9. napj\u00e1ra kit\u0171z\u00f6tt szlov\u00e1k telep\u00fcl\u00e9si nemzetis\u00e9gi \u00f6nkorm\u00e1nyzati k\u00e9pvisel\u0151k 2024. \u00e9vi \u00e1ltal\u00e1nos v\u00e1laszt\u00e1s\u00e1n alkalmazand\u00f3 szavaz\u00f3lap adattartalm\u00e1nak j\u00f3v\u00e1hagy\u00e1sa<\/a><\/p>\n\n\n\n<p>103\/2024. (V.16.) HVB. sz. hat\u00e1rozat &#8211; <a href=\"https:\/\/www.salgotarjan.hu\/wp-content\/uploads\/valasztasok_20240516_hvb_103.pdf\" target=\"_blank\" rel=\"noreferrer noopener\">A 2024. j\u00fanius 9. napj\u00e1ra kit\u0171z\u00f6tt polg\u00e1rmesterek 2024. \u00e9vi \u00e1ltal\u00e1nos v\u00e1laszt\u00e1s\u00e1n alkalmazand\u00f3 szavaz\u00f3lap adattartalm\u00e1nak j\u00f3v\u00e1hagy\u00e1sa<\/a><\/p>\n\n\n\n<p>104\/2024. (V.16.) HVB. sz. hat\u00e1rozat &#8211; <a href=\"https:\/\/www.salgotarjan.hu\/wp-content\/uploads\/valasztasok_20240516_hvb_104.pdf\" target=\"_blank\" rel=\"noreferrer noopener\">Ismeretlen szem\u00e9ly \u00e1ltal beny\u00fajtott kifog\u00e1s elb\u00edr\u00e1l\u00e1sa<\/a><\/p>\n\n\n\n<p>105\/2024. (V.21.) HVB. sz. hat\u00e1rozat &#8211; <a href=\"https:\/\/www.salgotarjan.hu\/wp-content\/uploads\/valasztasok_20240521_hvb_105.pdf\" target=\"_blank\" rel=\"noreferrer noopener\">L.R. mag\u00e1nszem\u00e9ly \u00e1ltal beny\u00fajtott kifog\u00e1s elb\u00edr\u00e1l\u00e1sa<\/a><\/p>\n\n\n\n<p>106\/2024. (V.21.) HVB. sz. hat\u00e1rozat &#8211; <a href=\"https:\/\/www.salgotarjan.hu\/wp-content\/uploads\/valasztasok_20240521_hvb_106.pdf\" target=\"_blank\" rel=\"noreferrer noopener\">B.Zs. mag\u00e1nszem\u00e9ly \u00e1ltal beny\u00fajtott kifog\u00e1s elb\u00edr\u00e1l\u00e1sa<\/a><\/p>\n\n\n\n<p>107\/2024. (VI.05.) HVB. sz. hat\u00e1rozat &#8211; <a href=\"https:\/\/www.salgotarjan.hu\/wp-content\/uploads\/valasztasok_20240506_hvb_107.pdf\" target=\"_blank\" rel=\"noreferrer noopener\">dr. H.M. mag\u00e1nszem\u00e9ly \u00e1ltal beny\u00fajtott kifog\u00e1s elb\u00edr\u00e1l\u00e1sa<\/a><\/p>\n\n\n\n<p>108\/2024. (VI.09.) HVB. sz. hat\u00e1rozat &#8211; <a href=\"https:\/\/www.salgotarjan.hu\/wp-content\/uploads\/valasztasok_20240609_hvb_108.pdf\" target=\"_blank\" rel=\"noreferrer noopener\">G.I. mag\u00e1nszem\u00e9ly \u00e1ltal beny\u00fajtott kifog\u00e1s elb\u00edr\u00e1l\u00e1sa<\/a><\/p>\n\n\n\n<p>109\/2024. (VI.10.) HVB. sz. hat\u00e1rozat &#8211;<a href=\"https:\/\/www.salgotarjan.hu\/wp-content\/uploads\/valasztasok_20240610_hvb_109.pdf\" target=\"_blank\" rel=\"noreferrer noopener\">Az Eur\u00f3pai Parlament tagjai, a helyi \u00f6nkorm\u00e1nyzati k\u00e9pvisel\u0151k \u00e9s polg\u00e1rmesterek, valamint a nemzetis\u00e9gi \u00f6nkorm\u00e1nyzati k\u00e9pvisel\u0151k k\u00f6z\u00f6s elj\u00e1r\u00e1sban lebonyol\u00edtott 2024. \u00e9vi \u00e1ltal\u00e1nos v\u00e1laszt\u00e1s\u00e1n a polg\u00e1rmester-v\u00e1laszt\u00e1s eredm\u00e9ny\u00e9nek meg\u00e1llap\u00edt\u00e1sa<\/a><\/p>\n\n\n\n<p>110\/2024. (VI.10.) HVB. sz. hat\u00e1rozat &#8211;<a href=\"https:\/\/www.salgotarjan.hu\/wp-content\/uploads\/valasztasok_20240610_hvb_110.pdf\" target=\"_blank\" rel=\"noreferrer noopener\">Az Eur\u00f3pai Parlament tagjai, a helyi \u00f6nkorm\u00e1nyzati k\u00e9pvisel\u0151k \u00e9s polg\u00e1rmesterek, valamint a nemzetis\u00e9gi \u00f6nkorm\u00e1nyzati k\u00e9pvisel\u0151k k\u00f6z\u00f6s elj\u00e1r\u00e1sban lebonyol\u00edtott 2024. \u00e9vi \u00e1ltal\u00e1nos v\u00e1laszt\u00e1s\u00e1n a Salg\u00f3tarj\u00e1n 01. sz\u00e1m\u00fa egy\u00e9ni v\u00e1laszt\u00f3ker\u00fcleti k\u00e9pvisel\u0151-v\u00e1laszt\u00e1s eredm\u00e9ny\u00e9nek meg\u00e1llap\u00edt\u00e1sa<\/a><\/p>\n\n\n\n<p>111\/2024. (VI.10.) HVB. sz. hat\u00e1rozat &#8211;<a href=\"https:\/\/www.salgotarjan.hu\/wp-content\/uploads\/valasztasok_20240610_hvb_111.pdf\" target=\"_blank\" rel=\"noreferrer noopener\">Az Eur\u00f3pai Parlament tagjai, a helyi \u00f6nkorm\u00e1nyzati k\u00e9pvisel\u0151k \u00e9s polg\u00e1rmesterek, valamint a nemzetis\u00e9gi \u00f6nkorm\u00e1nyzati k\u00e9pvisel\u0151k k\u00f6z\u00f6s elj\u00e1r\u00e1sban lebonyol\u00edtott 2024. \u00e9vi \u00e1ltal\u00e1nos v\u00e1laszt\u00e1s\u00e1n a Salg\u00f3tarj\u00e1n 02. sz\u00e1m\u00fa egy\u00e9ni v\u00e1laszt\u00f3ker\u00fcleti k\u00e9pvisel\u0151-v\u00e1laszt\u00e1s eredm\u00e9ny\u00e9nek meg\u00e1llap\u00edt\u00e1sa<\/a><\/p>\n\n\n\n<p>112\/2024. (VI.10.) HVB. sz. hat\u00e1rozat &#8211;<a href=\"https:\/\/www.salgotarjan.hu\/wp-content\/uploads\/valasztasok_20240610_hvb_112.pdf\" target=\"_blank\" rel=\"noreferrer noopener\">Az Eur\u00f3pai Parlament tagjai, a helyi \u00f6nkorm\u00e1nyzati k\u00e9pvisel\u0151k \u00e9s polg\u00e1rmesterek, valamint a nemzetis\u00e9gi \u00f6nkorm\u00e1nyzati k\u00e9pvisel\u0151k k\u00f6z\u00f6s elj\u00e1r\u00e1sban lebonyol\u00edtott 2024. \u00e9vi \u00e1ltal\u00e1nos v\u00e1laszt\u00e1s\u00e1n a Salg\u00f3tarj\u00e1n 03. sz\u00e1m\u00fa egy\u00e9ni v\u00e1laszt\u00f3ker\u00fcleti k\u00e9pvisel\u0151-v\u00e1laszt\u00e1s eredm\u00e9ny\u00e9nek meg\u00e1llap\u00edt\u00e1sa<\/a><\/p>\n\n\n\n<p>113\/2024. (VI.10.) HVB. sz. hat\u00e1rozat &#8211;<a href=\"https:\/\/www.salgotarjan.hu\/wp-content\/uploads\/valasztasok_20240610_hvb_113.pdf\" target=\"_blank\" rel=\"noreferrer noopener\">Az Eur\u00f3pai Parlament tagjai, a helyi \u00f6nkorm\u00e1nyzati k\u00e9pvisel\u0151k \u00e9s polg\u00e1rmesterek, valamint a nemzetis\u00e9gi \u00f6nkorm\u00e1nyzati k\u00e9pvisel\u0151k k\u00f6z\u00f6s elj\u00e1r\u00e1sban lebonyol\u00edtott 2024. \u00e9vi \u00e1ltal\u00e1nos v\u00e1laszt\u00e1s\u00e1n a Salg\u00f3tarj\u00e1n 04. sz\u00e1m\u00fa egy\u00e9ni v\u00e1laszt\u00f3ker\u00fcleti k\u00e9pvisel\u0151-v\u00e1laszt\u00e1s eredm\u00e9ny\u00e9nek meg\u00e1llap\u00edt\u00e1sa<\/a><\/p>\n\n\n\n<p>114\/2024. (VI.10.) HVB. sz. hat\u00e1rozat &#8211;<a href=\"https:\/\/www.salgotarjan.hu\/wp-content\/uploads\/valasztasok_20240610_hvb_114.pdf\" target=\"_blank\" rel=\"noreferrer noopener\">Az Eur\u00f3pai Parlament tagjai, a helyi \u00f6nkorm\u00e1nyzati k\u00e9pvisel\u0151k \u00e9s polg\u00e1rmesterek, valamint a nemzetis\u00e9gi \u00f6nkorm\u00e1nyzati k\u00e9pvisel\u0151k k\u00f6z\u00f6s elj\u00e1r\u00e1sban lebonyol\u00edtott 2024. \u00e9vi \u00e1ltal\u00e1nos v\u00e1laszt\u00e1s\u00e1n a Salg\u00f3tarj\u00e1n 05. sz\u00e1m\u00fa egy\u00e9ni v\u00e1laszt\u00f3ker\u00fcleti k\u00e9pvisel\u0151-v\u00e1laszt\u00e1s eredm\u00e9ny\u00e9nek meg\u00e1llap\u00edt\u00e1sa<\/a><\/p>\n\n\n\n<p>115\/2024. (VI.10.) HVB. sz. hat\u00e1rozat &#8211;<a href=\"https:\/\/www.salgotarjan.hu\/wp-content\/uploads\/valasztasok_20240610_hvb_115.pdf\" target=\"_blank\" rel=\"noreferrer noopener\">Az Eur\u00f3pai Parlament tagjai, a helyi \u00f6nkorm\u00e1nyzati k\u00e9pvisel\u0151k \u00e9s polg\u00e1rmesterek, valamint a nemzetis\u00e9gi \u00f6nkorm\u00e1nyzati k\u00e9pvisel\u0151k k\u00f6z\u00f6s elj\u00e1r\u00e1sban lebonyol\u00edtott 2024. \u00e9vi \u00e1ltal\u00e1nos v\u00e1laszt\u00e1s\u00e1n a Salg\u00f3tarj\u00e1n 06. sz\u00e1m\u00fa egy\u00e9ni v\u00e1laszt\u00f3ker\u00fcleti k\u00e9pvisel\u0151-v\u00e1laszt\u00e1s eredm\u00e9ny\u00e9nek meg\u00e1llap\u00edt\u00e1sa<\/a><\/p>\n\n\n\n<p>116\/2024. (VI.10.) HVB. sz. hat\u00e1rozat &#8211;<a href=\"https:\/\/www.salgotarjan.hu\/wp-content\/uploads\/valasztasok_20240610_hvb_116.pdf\" target=\"_blank\" rel=\"noreferrer noopener\">Az Eur\u00f3pai Parlament tagjai, a helyi \u00f6nkorm\u00e1nyzati k\u00e9pvisel\u0151k \u00e9s polg\u00e1rmesterek, valamint a nemzetis\u00e9gi \u00f6nkorm\u00e1nyzati k\u00e9pvisel\u0151k k\u00f6z\u00f6s elj\u00e1r\u00e1sban lebonyol\u00edtott 2024. \u00e9vi \u00e1ltal\u00e1nos v\u00e1laszt\u00e1s\u00e1n a Salg\u00f3tarj\u00e1n 07. sz\u00e1m\u00fa egy\u00e9ni v\u00e1laszt\u00f3ker\u00fcleti k\u00e9pvisel\u0151-v\u00e1laszt\u00e1s eredm\u00e9ny\u00e9nek meg\u00e1llap\u00edt\u00e1sa<\/a><\/p>\n\n\n\n<p>117\/2024. (VI.10.) HVB. sz. hat\u00e1rozat &#8211;<a href=\"https:\/\/www.salgotarjan.hu\/wp-content\/uploads\/valasztasok_20240610_hvb_117.pdf\" target=\"_blank\" rel=\"noreferrer noopener\">Az Eur\u00f3pai Parlament tagjai, a helyi \u00f6nkorm\u00e1nyzati k\u00e9pvisel\u0151k \u00e9s polg\u00e1rmesterek, valamint a nemzetis\u00e9gi \u00f6nkorm\u00e1nyzati k\u00e9pvisel\u0151k k\u00f6z\u00f6s elj\u00e1r\u00e1sban lebonyol\u00edtott 2024. \u00e9vi \u00e1ltal\u00e1nos v\u00e1laszt\u00e1s\u00e1n a Salg\u00f3tarj\u00e1n 08. sz\u00e1m\u00fa egy\u00e9ni v\u00e1laszt\u00f3ker\u00fcleti k\u00e9pvisel\u0151-v\u00e1laszt\u00e1s eredm\u00e9ny\u00e9nek meg\u00e1llap\u00edt\u00e1sa<\/a><\/p>\n\n\n\n<p>118\/2024. (VI.10.) HVB. sz. hat\u00e1rozat &#8211;<a href=\"https:\/\/www.salgotarjan.hu\/wp-content\/uploads\/valasztasok_20240610_hvb_118.pdf\" target=\"_blank\" rel=\"noreferrer noopener\">Az Eur\u00f3pai Parlament tagjai, a helyi \u00f6nkorm\u00e1nyzati k\u00e9pvisel\u0151k \u00e9s polg\u00e1rmesterek, valamint a nemzetis\u00e9gi \u00f6nkorm\u00e1nyzati k\u00e9pvisel\u0151k k\u00f6z\u00f6s elj\u00e1r\u00e1sban lebonyol\u00edtott 2024. \u00e9vi \u00e1ltal\u00e1nos v\u00e1laszt\u00e1s\u00e1n a Salg\u00f3tarj\u00e1n 09. sz\u00e1m\u00fa egy\u00e9ni v\u00e1laszt\u00f3ker\u00fcleti k\u00e9pvisel\u0151-v\u00e1laszt\u00e1s eredm\u00e9ny\u00e9nek meg\u00e1llap\u00edt\u00e1sa<\/a><\/p>\n\n\n\n<p>119\/2024. (VI.10.) HVB. sz. hat\u00e1rozat &#8211;<a href=\"https:\/\/www.salgotarjan.hu\/wp-content\/uploads\/valasztasok_20240610_hvb_119.pdf\" target=\"_blank\" rel=\"noreferrer noopener\">Az Eur\u00f3pai Parlament tagjai, a helyi \u00f6nkorm\u00e1nyzati k\u00e9pvisel\u0151k \u00e9s polg\u00e1rmesterek, valamint a nemzetis\u00e9gi \u00f6nkorm\u00e1nyzati k\u00e9pvisel\u0151k k\u00f6z\u00f6s elj\u00e1r\u00e1sban lebonyol\u00edtott 2024. \u00e9vi \u00e1ltal\u00e1nos v\u00e1laszt\u00e1s\u00e1n a Salg\u00f3tarj\u00e1n 10. sz\u00e1m\u00fa egy\u00e9ni v\u00e1laszt\u00f3ker\u00fcleti k\u00e9pvisel\u0151-v\u00e1laszt\u00e1s eredm\u00e9ny\u00e9nek meg\u00e1llap\u00edt\u00e1sa<\/a><\/p>\n\n\n\n<p>120\/2024. (VI.10.) HVB. sz. hat\u00e1rozat &#8211;<a href=\"https:\/\/www.salgotarjan.hu\/wp-content\/uploads\/valasztasok_20240610_hvb_120.pdf\" target=\"_blank\" rel=\"noreferrer noopener\">Az Eur\u00f3pai Parlament tagjai, a helyi \u00f6nkorm\u00e1nyzati k\u00e9pvisel\u0151k \u00e9s polg\u00e1rmesterek, valamint a nemzetis\u00e9gi \u00f6nkorm\u00e1nyzati k\u00e9pvisel\u0151k k\u00f6z\u00f6s elj\u00e1r\u00e1sban lebonyol\u00edtott 2024. \u00e9vi \u00e1ltal\u00e1nos v\u00e1laszt\u00e1s\u00e1n Salg\u00f3tarj\u00e1nban indul\u00f3 szlov\u00e1k nemzetis\u00e9gi k\u00e9pvisel\u0151-jel\u00f6ltek telep\u00fcl\u00e9si v\u00e1laszt\u00e1si eredm\u00e9ny\u00e9nek meg\u00e1llap\u00edt\u00e1sa<\/a><\/p>\n\n\n\n<p>121\/2024. (VI.10.) HVB. sz. hat\u00e1rozat &#8211;<a href=\"https:\/\/www.salgotarjan.hu\/wp-content\/uploads\/valasztasok_20240610_hvb_121.pdf\" target=\"_blank\" rel=\"noreferrer noopener\">Az Eur\u00f3pai Parlament tagjai, a helyi \u00f6nkorm\u00e1nyzati k\u00e9pvisel\u0151k \u00e9s polg\u00e1rmesterek, valamint a nemzetis\u00e9gi \u00f6nkorm\u00e1nyzati k\u00e9pvisel\u0151k k\u00f6z\u00f6s elj\u00e1r\u00e1sban lebonyol\u00edtott 2024. \u00e9vi \u00e1ltal\u00e1nos v\u00e1laszt\u00e1s\u00e1n Salg\u00f3tarj\u00e1nban indul\u00f3 roma nemzetis\u00e9gi k\u00e9pvisel\u0151-jel\u00f6ltek telep\u00fcl\u00e9si v\u00e1laszt\u00e1si eredm\u00e9ny\u00e9nek meg\u00e1llap\u00edt\u00e1sa<\/a><\/p>\n\n\n\n<p>122\/2024. (VI.24.) HVB. sz. hat\u00e1rozat &#8211; <a href=\"https:\/\/www.salgotarjan.hu\/wp-content\/uploads\/valasztasok_20240624_hvb_122.pdf\" target=\"_blank\" rel=\"noreferrer noopener\">Az Eur\u00f3pai Parlament tagjai, a helyi \u00f6nkorm\u00e1nyzati k\u00e9pvisel\u0151k \u00e9s polg\u00e1rmesterek, valamint a nemzetis\u00e9gi \u00f6nkorm\u00e1nyzati k\u00e9pvisel\u0151k k\u00f6z\u00f6s elj\u00e1r\u00e1sban lebonyol\u00edtott 2024. \u00e9vi \u00e1ltal\u00e1nos v\u00e1laszt\u00e1s\u00e1n a kompenz\u00e1ci\u00f3s list\u00e1s-v\u00e1laszt\u00e1s eredm\u00e9ny\u00e9nek meg\u00e1llap\u00edt\u00e1sa<\/a><\/p>\n\n\n\n<p>123\/2024. (VII.04.) HVB. sz. hat\u00e1rozat &#8211; <a href=\"https:\/\/www.salgotarjan.hu\/wp-content\/uploads\/valasztasok_20240704_hvb_123.pdf\" target=\"_blank\" rel=\"noreferrer noopener\">Mand\u00e1tum kioszt\u00e1sa<\/a><\/p>\n\n\n\n<p>1\/2025. (I.08.) HVB. sz. hat\u00e1rozat &#8211; <a href=\"https:\/\/www.salgotarjan.hu\/wp-content\/uploads\/valasztasok_20250108_hvb_1.pdf\" data-type=\"link\" data-id=\"https:\/\/www.salgotarjan.hu\/wp-content\/uploads\/valasztasok_20250108_hvb_1.pdf\" target=\"_blank\" rel=\"noreferrer noopener\">Mand\u00e1tum kioszt\u00e1sa<\/a><\/p>\n","protected":false},"excerpt":{"rendered":"<p>V\u00e1laszt\u00f3polg\u00e1roknak:&#8211; k\u00f6zlem\u00e9ny a szavaz\u00e1s hely\u00e9r\u0151l \u00e9s idej\u00e9r\u0151l, a szavaz\u00e1s m\u00f3dj\u00e1r\u00f3l&#8211; a hat\u00e1rid\u0151kr\u0151l&#8211; a \u201eKit aj\u00e1nlottam\u201d szolg\u00e1ltat\u00e1s el\u00e9r\u00e9se&#8211; szavaz\u00f3helyis\u00e9g-keres\u0151&#8211; a v\u00e1laszt\u00e1s nem hiteles eredm\u00e9ny\u00e9t tartalmaz\u00f3 t\u00e1j\u00e9koztat\u00f3 adatok a szavaz\u00e1s lez\u00e1r\u00e1s\u00e1t k\u00f6vet\u0151en&#8211; t\u00e1j\u00e9koztat\u00e1s a szavaz\u00e1snapi jegyzokonyvek megtekint\u00e9si rendj\u00e9r\u0151l a szavaz\u00e1s napj\u00e1t k\u00f6vet\u0151 3 napban Jel\u00f6lteknek:A jel\u00f6ltek \u00e1ll\u00edt\u00e1s\u00e1hoz sz\u00fcks\u00e9ges aj\u00e1nl\u00e1sok sz\u00e1ma:&#8211; K\u00f6zlem\u00e9ny helyi \u00f6nkorm\u00e1nyzati k\u00e9pvisel\u0151k \u00e9s polg\u00e1rmesterek 2024. &#8230; <a title=\"V\u00e1laszt\u00e1si inform\u00e1ci\u00f3 \/ Kor\u00e1bbi v\u00e1laszt\u00e1sok \/ 2024. \u00e9vi \u00e1ltal\u00e1nos v\u00e1laszt\u00e1sok\" class=\"read-more\" href=\"https:\/\/www.salgotarjan.hu\/?page_id=16510\" aria-label=\"Read more about V\u00e1laszt\u00e1si inform\u00e1ci\u00f3 \/ Kor\u00e1bbi v\u00e1laszt\u00e1sok \/ 2024. \u00e9vi \u00e1ltal\u00e1nos v\u00e1laszt\u00e1sok\">Olvass tov\u00e1bb<\/a><\/p>\n","protected":false},"author":7,"featured_media":0,"parent":0,"menu_order":0,"comment_status":"closed","ping_status":"closed","template":"","meta":{"footnotes":""},"class_list":["post-16510","page","type-page","status-publish"],"_links":{"self":[{"href":"https:\/\/www.salgotarjan.hu\/index.php?rest_route=\/wp\/v2\/pages\/16510","targetHints":{"allow":["GET"]}}],"collection":[{"href":"https:\/\/www.salgotarjan.hu\/index.php?rest_route=\/wp\/v2\/pages"}],"about":[{"href":"https:\/\/www.salgotarjan.hu\/index.php?rest_route=\/wp\/v2\/types\/page"}],"author":[{"embeddable":true,"href":"https:\/\/www.salgotarjan.hu\/index.php?rest_route=\/wp\/v2\/users\/7"}],"replies":[{"embeddable":true,"href":"https:\/\/www.salgotarjan.hu\/index.php?rest_route=%2Fwp%2Fv2%2Fcomments&post=16510"}],"version-history":[{"count":1,"href":"https:\/\/www.salgotarjan.hu\/index.php?rest_route=\/wp\/v2\/pages\/16510\/revisions"}],"predecessor-version":[{"id":16524,"href":"https:\/\/www.salgotarjan.hu\/index.php?rest_route=\/wp\/v2\/pages\/16510\/revisions\/16524"}],"wp:attachment":[{"href":"https:\/\/www.salgotarjan.hu\/index.php?rest_route=%2Fwp%2Fv2%2Fmedia&parent=16510"}],"curies":[{"name":"wp","href":"https:\/\/api.w.org\/{rel}","templated":true}]}}