{"id":14576,"date":"2023-12-19T09:37:58","date_gmt":"2023-12-19T08:37:58","guid":{"rendered":"https:\/\/www.salgotarjan.hu\/?page_id=14576"},"modified":"2026-04-14T12:34:08","modified_gmt":"2026-04-14T10:34:08","slug":"adatvedelem-es-kozerdeku-adatok-megismerese","status":"publish","type":"page","link":"https:\/\/www.salgotarjan.hu\/?page_id=14576","title":{"rendered":"Adatv\u00e9delem"},"content":{"rendered":"\n<h2 class=\"wp-block-heading\"><b>Adatkezel\u00e9si t\u00e1j\u00e9koztat\u00f3k<\/b><\/h2>\n\n\n\n<p><a href=\"https:\/\/www.salgotarjan.hu\/?page_id=11644\">\u00d6nkorm\u00e1nyzat<\/a><br><a href=\"https:\/\/www.salgotarjan.hu\/?page_id=11647\">Polg\u00e1rmesteri Hivatal<\/a><br><a href=\"https:\/\/www.salgotarjan.hu\/?page_id=13776\">Roma Nemzetis\u00e9gi \u00d6nkorm\u00e1nyzat<\/a><br><a href=\"https:\/\/www.salgotarjan.hu\/?page_id=13778\">Szlov\u00e1k Nemzetis\u00e9gi \u00d6nkorm\u00e1nyzat<\/a><br><a href=\"https:\/\/www.salgotarjan.hu\/wp-content\/uploads\/adatkezelesi_tajekoztato_20250626_kozteruleti_terfigyelo_kamerarendszer.pdf\" target=\"_blank\" rel=\"noreferrer noopener\">K\u00f6zter\u00fcleti t\u00e9rfigyel\u0151 kamerarendszer adatkezel\u00e9si t\u00e1j\u00e9koztat\u00f3<\/a><br><a href=\"https:\/\/www.salgotarjan.hu\/wp-content\/uploads\/adatvedelem_20241008_obudai_egyetem.pdf\" target=\"_blank\" rel=\"noreferrer noopener\">Adatkezel\u00e9si t\u00e1j\u00e9koztat\u00f3 a &#8222;V\u00e1r az \u00d3budai Egyetem&#8221; Fels\u0151oktat\u00e1si \u00d6szt\u00f6nd\u00edjjal kapcsolatos \u00f6szt\u00f6nd\u00edj meg\u00e1llap\u00edt\u00e1sa c\u00e9lj\u00e1b\u00f3l kezelt szem\u00e9lyes adatok kezel\u00e9se kapcs\u00e1n<\/a><br><a href=\"https:\/\/www.salgotarjan.hu\/wp-content\/uploads\/adatvedelem_20241008_onkormanyzati_kepviselok.pdf\" target=\"_blank\" rel=\"noreferrer noopener\">Polg\u00e1rmester, k\u00e9pvisel\u0151-test\u00fcleti \u00e9s bizotts\u00e1gi tagokkal kapcsolatos adatkezel\u00e9si t\u00e1j\u00e9koztat\u00f3<\/a><br><a href=\"https:\/\/www.salgotarjan.hu\/wp-content\/uploads\/adatvedelem_20241008_roma_kepviselok.pdf\" target=\"_blank\" rel=\"noreferrer noopener\">Roma nemzetis\u00e9gi k\u00e9pvisel\u0151-test\u00fcleti tagokkal kapcsolatos adatkezel\u00e9si t\u00e1j\u00e9koztat\u00f3<\/a><br><a href=\"https:\/\/www.salgotarjan.hu\/wp-content\/uploads\/adatvedelem_20241008_szlovak_kepviselok.pdf\" target=\"_blank\" rel=\"noreferrer noopener\">Szlov\u00e1k nemzetis\u00e9gi k\u00e9pvisel\u0151-test\u00fcleti tagokkal kapcsolatos adatkezel\u00e9si t\u00e1j\u00e9koztat\u00f3<\/a><br><a href=\"https:\/\/www.salgotarjan.hu\/wp-content\/uploads\/adatkezeles_20241231_visszaeles_bejelentes_tajekoztato.pdf\" data-type=\"link\" data-id=\"https:\/\/www.salgotarjan.hu\/wp-content\/uploads\/adatkezeles_20241231_visszaeles_bejelentes_tajekoztato.pdf\" target=\"_blank\" rel=\"noreferrer noopener\">Bels\u0151 vissza\u00e9l\u00e9s-bejelent\u00e9s<\/a><br><a href=\"https:\/\/www.salgotarjan.hu\/wp-content\/uploads\/munipolis_salgotarjan_privacy_policy_20250714.pdf\" data-type=\"link\" data-id=\"https:\/\/www.salgotarjan.hu\/wp-content\/uploads\/munipolis_salgotarjan_privacy_policy_20250714.pdf\" target=\"_blank\" rel=\"noreferrer noopener\">Munipolis<\/a><br><a href=\"https:\/\/www.salgotarjan.hu\/wp-content\/uploads\/adatkezelesi_tajekoztato_gyermeketkeztetes_250731.pdf\" data-type=\"link\" data-id=\"https:\/\/www.salgotarjan.hu\/wp-content\/uploads\/adatkezelesi_tajekoztato_gyermeketkeztetes_250731.pdf\" target=\"_blank\" rel=\"noreferrer noopener\">Adatkezel\u00e9si t\u00e1j\u00e9koztat\u00f3 a gyermek\u00e9tkeztet\u00e9shez kapcsol\u00f3d\u00f3 szem\u00e9lyes adatok kezel\u00e9s\u00e9r\u0151l<\/a><br><a href=\"https:\/\/www.salgotarjan.hu\/wp-content\/uploads\/adatkezelesi_tajekoztato_homo_oecologicus_260414.pdf\" data-type=\"link\" data-id=\"https:\/\/www.salgotarjan.hu\/wp-content\/uploads\/adatkezelesi_tajekoztato_homo_oecologicus_260414.pdf\" target=\"_blank\" rel=\"noreferrer noopener\">Adatkezel\u00e9si t\u00e1j\u00e9koztat\u00f3 a Homo Oecologicus Alap\u00edtv\u00e1ny \u00e1ltal az \u00d6nkorm\u00e1nyzati Szoci\u00e1lis T\u00e9rk\u00e9p elk\u00e9sz\u00edt\u00e9s\u00e9hez kapcsol\u00f3d\u00f3 k\u00e9rd\u0151\u00edves adatfelv\u00e9tel \u00e9s felm\u00e9r\u00e9s sor\u00e1n gy\u0171jt\u00f6tt szem\u00e9lyes adatok kezel\u00e9se kapcs\u00e1n<\/a><br><a href=\"https:\/\/www.salgotarjan.hu\/wp-content\/uploads\/adatkezelesi_tajekoztato_oevb_szszb_tagok_pottagok_260114.pdf\" data-type=\"link\" data-id=\"https:\/\/www.salgotarjan.hu\/wp-content\/uploads\/adatkezelesi_tajekoztato_oevb_szszb_tagok_pottagok_260114.pdf\" target=\"_blank\" rel=\"noreferrer noopener\">Adatkezel\u00e9si t\u00e1j\u00e9koztat\u00f3 a N\u00f3gr\u00e1d v\u00e1rmegyei 01. sz. Orsz\u00e1ggy\u0171l\u00e9si Egy\u00e9ni V\u00e1laszt\u00f3ker\u00fcleti V\u00e1laszt\u00e1si Bizotts\u00e1g \u00e9s a salg\u00f3tarj\u00e1ni szavazatsz\u00e1ml\u00e1l\u00f3 bizotts\u00e1gok v\u00e1lasztott tagjainak (p\u00f3ttagjainak) jelentkez\u00e9s\u00e9hez \u00e9s megv\u00e1laszt\u00e1s\u00e1hoz kapcsol\u00f3d\u00f3 szem\u00e9lyes adatok kezel\u00e9se kapcs\u00e1n<\/a><br><a href=\"https:\/\/www.salgotarjan.hu\/wp-content\/uploads\/adatkezelesi_tajekoztato_OEVB_SZSZB_delegalt_tagok_260306.pdf\" data-type=\"link\" data-id=\"https:\/\/www.salgotarjan.hu\/wp-content\/uploads\/adatkezelesi_tajekoztato_OEVB_SZSZB_delegalt_tagok_260306.pdf\" target=\"_blank\" rel=\"noreferrer noopener\">Adatkezel\u00e9si t\u00e1j\u00e9koztat\u00f3 a N\u00f3gr\u00e1d v\u00e1rmegyei 01. sz. Orsz\u00e1ggy\u0171l\u00e9si Egy\u00e9ni V\u00e1laszt\u00f3ker\u00fcleti V\u00e1laszt\u00e1si Bizotts\u00e1g \u00e9s a salg\u00f3tarj\u00e1ni szavazatsz\u00e1ml\u00e1l\u00f3 bizotts\u00e1gok megb\u00edzott (deleg\u00e1lt) tagjai szem\u00e9lyes adatai kezel\u00e9se kapcs\u00e1n<\/a><br><a href=\"https:\/\/www.salgotarjan.hu\/wp-content\/uploads\/adatkezelesi_tajekoztato_mentorprogram_kidolgozasa_megvalositasa_260204.pdf\" data-type=\"link\" data-id=\"https:\/\/www.salgotarjan.hu\/wp-content\/uploads\/adatkezelesi_tajekoztato_mentorprogram_kidolgozasa_megvalositasa_260204.pdf\" target=\"_blank\" rel=\"noreferrer noopener\">Adatkezel\u00e9si t\u00e1j\u00e9koztat\u00f3 a mentorprogram kidolgoz\u00e1sa \u00e9s megval\u00f3s\u00edt\u00e1sa sor\u00e1n gy\u0171jt\u00f6tt szem\u00e9lyes adatok kezel\u00e9se kapcs\u00e1n<\/a><br><a href=\"https:\/\/www.salgotarjan.hu\/wp-content\/uploads\/adatkezelesi_taj_salgotarjani_varoskozpont_rehabilitacios_terv_velemenyek.pdf\" data-type=\"link\" data-id=\"https:\/\/www.salgotarjan.hu\/wp-content\/uploads\/adatkezelesi_taj_salgotarjani_varoskozpont_rehabilitacios_terv_velemenyek.pdf\" target=\"_blank\" rel=\"noreferrer noopener\">Adatkezel\u00e9si t\u00e1j\u00e9koztat\u00f3 Salg\u00f3tarj\u00e1n V\u00e1rosk\u00f6zpont Rehabilit\u00e1ci\u00f3s Terv elk\u00e9sz\u00edt\u00e9se keret\u00e9ben \u00f6tletp\u00e1ly\u00e1zati p\u00e1lyam\u0171vek lakoss\u00e1gi v\u00e9lem\u00e9nyez\u00e9s\u00e9hez kapcsol\u00f3d\u00f3an (Dornyay B\u00e9la M\u00fazeumban megval\u00f3s\u00edtott ki\u00e1ll\u00edt\u00e1s keret\u00e9ben)<\/a><\/p>\n\n\n\n<h2 class=\"wp-block-heading\"><b>Adatv\u00e9delmi \u00e9s adatbiztons\u00e1gi szab\u00e1lyzatok<\/b><\/h2>\n\n\n\n<p><a href=\"https:\/\/www.salgotarjan.hu\/wp-content\/uploads\/adatvedelem_20230808_onkormanyzat.pdf\">\u00d6nkorm\u00e1nyzat<\/a><br><a href=\"https:\/\/www.salgotarjan.hu\/wp-content\/uploads\/adatvedelem_es_elektronikus_megfigyeles_20241119_onkormanyzat_mod_1.pdf\">\u00d6nkorm\u00e1nyzat 1. sz. m\u00f3dos\u00edt\u00e1sa<\/a><br><a href=\"https:\/\/www.salgotarjan.hu\/wp-content\/uploads\/adatvedelem_20230808_polgarmesteri_hivatal.pdf\">Polg\u00e1rmesteri Hivatal<\/a><br><a href=\"https:\/\/www.salgotarjan.hu\/wp-content\/uploads\/adatvedelem_mod_1_es_elektronikus_megfigyeles_mod_2_20241119_hivatal.pdf\">Polg\u00e1rmesteri Hivatal 1. sz. m\u00f3dos\u00edt\u00e1sa<\/a><br><a href=\"https:\/\/www.salgotarjan.hu\/wp-content\/uploads\/adatvedelem_20230808_rno_onkormanyzat.pdf\">RN\u00d6 \u00d6nkorm\u00e1nyzat<\/a><br><a href=\"https:\/\/www.salgotarjan.hu\/wp-content\/uploads\/adatvedelem_modositas_1_rno_onkormanyzat_20250120.pdf\" target=\"_blank\" rel=\"noreferrer noopener\">RN\u00d6 \u00d6nkorm\u00e1nyzat 1. sz. m\u00f3dos\u00edt\u00e1sa<\/a><br><a href=\"https:\/\/www.salgotarjan.hu\/wp-content\/uploads\/adatvedelem_20230808_szno_onkormanyzat.pdf\">SZN\u00d6 \u00d6nkorm\u00e1nyzat<\/a><br><a href=\"https:\/\/www.salgotarjan.hu\/wp-content\/uploads\/adatvedelem_20240312_elektronikus_megfigyeles.pdf\" target=\"_blank\" rel=\"noreferrer noopener\">Elektronikus megfigyel\u0151- \u00e9s r\u00f6gz\u00edt\u0151rendszer adatv\u00e9delmi szab\u00e1lyzat, t\u00e1j\u00e9koztat\u00f3 (Hivatal)<\/a><br><a href=\"https:\/\/www.salgotarjan.hu\/wp-content\/uploads\/adatvedelem_20240904_elektronikus_megfigyeles_modositas_1.pdf\" target=\"_blank\" rel=\"noreferrer noopener\">Elektronikus megfigyel\u0151- \u00e9s r\u00f6gz\u00edt\u0151rendszer adatv\u00e9delmi szab\u00e1lyzat, t\u00e1j\u00e9koztat\u00f3 1. sz. m\u00f3dos\u00edt\u00e1sa (Hivatal)<\/a><br><a href=\"https:\/\/www.salgotarjan.hu\/wp-content\/uploads\/adatvedelem_mod_1_es_elektronikus_megfigyeles_mod_2_20241119_hivatal.pdf\">Elektronikus megfigyel\u0151- \u00e9s r\u00f6gz\u00edt\u0151rendszer adatv\u00e9delmi szab\u00e1lyzat, t\u00e1j\u00e9koztat\u00f3 2. sz. m\u00f3dos\u00edt\u00e1sa (Hivatal)<\/a><br><a href=\"https:\/\/www.salgotarjan.hu\/wp-content\/uploads\/adatvedelem_20240618_elektronikus_megfigyeles.pdf\" target=\"_blank\" rel=\"noreferrer noopener\">Elektronikus megfigyel\u0151- \u00e9s r\u00f6gz\u00edt\u0151rendszer adatv\u00e9delmi szab\u00e1lyzat, t\u00e1j\u00e9koztat\u00f3 (\u00d6nkorm\u00e1nyzat)<\/a><br><a href=\"https:\/\/www.salgotarjan.hu\/wp-content\/uploads\/adatvedelem_es_elektronikus_megfigyeles_20241119_onkormanyzat_mod_1.pdf\">Elektronikus megfigyel\u0151- \u00e9s r\u00f6gz\u00edt\u0151rendszer adatv\u00e9delmi szab\u00e1lyzat, t\u00e1j\u00e9koztat\u00f3 1. sz. m\u00f3dos\u00edt\u00e1sa (\u00d6nkorm\u00e1nyzat)<\/a><\/p>\n\n\n\n<h2 class=\"wp-block-heading\"><strong>K\u00f6zter\u00fcleti t\u00e9rfigyel\u0151 <\/strong>kamer\u00e1k felsorol\u00e1sa<\/h2>\n\n\n\n<p><a href=\"https:\/\/www.salgotarjan.hu\/wp-content\/uploads\/Kozteruleti-kamerak.pdf\">A k\u00e9pfelvev\u0151k elhelyez\u00e9s\u00e9re, \u00e9s a megfigyelt k\u00f6zter\u00fcletre vonatkoz\u00f3 adatok<\/a><\/p>\n","protected":false},"excerpt":{"rendered":"<p>Adatkezel\u00e9si t\u00e1j\u00e9koztat\u00f3k \u00d6nkorm\u00e1nyzatPolg\u00e1rmesteri HivatalRoma Nemzetis\u00e9gi \u00d6nkorm\u00e1nyzatSzlov\u00e1k Nemzetis\u00e9gi \u00d6nkorm\u00e1nyzatK\u00f6zter\u00fcleti t\u00e9rfigyel\u0151 kamerarendszer adatkezel\u00e9si t\u00e1j\u00e9koztat\u00f3Adatkezel\u00e9si t\u00e1j\u00e9koztat\u00f3 a &#8222;V\u00e1r az \u00d3budai Egyetem&#8221; Fels\u0151oktat\u00e1si \u00d6szt\u00f6nd\u00edjjal kapcsolatos \u00f6szt\u00f6nd\u00edj meg\u00e1llap\u00edt\u00e1sa c\u00e9lj\u00e1b\u00f3l kezelt szem\u00e9lyes adatok kezel\u00e9se kapcs\u00e1nPolg\u00e1rmester, k\u00e9pvisel\u0151-test\u00fcleti \u00e9s bizotts\u00e1gi tagokkal kapcsolatos adatkezel\u00e9si t\u00e1j\u00e9koztat\u00f3Roma nemzetis\u00e9gi k\u00e9pvisel\u0151-test\u00fcleti tagokkal kapcsolatos adatkezel\u00e9si t\u00e1j\u00e9koztat\u00f3Szlov\u00e1k nemzetis\u00e9gi k\u00e9pvisel\u0151-test\u00fcleti tagokkal kapcsolatos adatkezel\u00e9si t\u00e1j\u00e9koztat\u00f3Bels\u0151 vissza\u00e9l\u00e9s-bejelent\u00e9sMunipolisAdatkezel\u00e9si t\u00e1j\u00e9koztat\u00f3 a gyermek\u00e9tkeztet\u00e9shez kapcsol\u00f3d\u00f3 szem\u00e9lyes adatok &#8230; <a title=\"Adatv\u00e9delem\" class=\"read-more\" href=\"https:\/\/www.salgotarjan.hu\/?page_id=14576\" aria-label=\"Read more about Adatv\u00e9delem\">Olvass tov\u00e1bb<\/a><\/p>\n","protected":false},"author":7,"featured_media":0,"parent":0,"menu_order":0,"comment_status":"closed","ping_status":"closed","template":"","meta":{"footnotes":""},"class_list":["post-14576","page","type-page","status-publish"],"_links":{"self":[{"href":"https:\/\/www.salgotarjan.hu\/index.php?rest_route=\/wp\/v2\/pages\/14576","targetHints":{"allow":["GET"]}}],"collection":[{"href":"https:\/\/www.salgotarjan.hu\/index.php?rest_route=\/wp\/v2\/pages"}],"about":[{"href":"https:\/\/www.salgotarjan.hu\/index.php?rest_route=\/wp\/v2\/types\/page"}],"author":[{"embeddable":true,"href":"https:\/\/www.salgotarjan.hu\/index.php?rest_route=\/wp\/v2\/users\/7"}],"replies":[{"embeddable":true,"href":"https:\/\/www.salgotarjan.hu\/index.php?rest_route=%2Fwp%2Fv2%2Fcomments&post=14576"}],"version-history":[{"count":1,"href":"https:\/\/www.salgotarjan.hu\/index.php?rest_route=\/wp\/v2\/pages\/14576\/revisions"}],"predecessor-version":[{"id":16994,"href":"https:\/\/www.salgotarjan.hu\/index.php?rest_route=\/wp\/v2\/pages\/14576\/revisions\/16994"}],"wp:attachment":[{"href":"https:\/\/www.salgotarjan.hu\/index.php?rest_route=%2Fwp%2Fv2%2Fmedia&parent=14576"}],"curies":[{"name":"wp","href":"https:\/\/api.w.org\/{rel}","templated":true}]}}