{"id":14449,"date":"2023-10-29T13:57:58","date_gmt":"2023-10-29T12:57:58","guid":{"rendered":"https:\/\/www.salgotarjan.hu\/?page_id=14449"},"modified":"2026-04-18T14:52:09","modified_gmt":"2026-04-18T12:52:09","slug":"valasztasi-informaciok-2026-evi-parlamenti-valasztasok","status":"publish","type":"page","link":"https:\/\/www.salgotarjan.hu\/?page_id=14449","title":{"rendered":"V\u00e1laszt\u00e1si inform\u00e1ci\u00f3k \/ 2026. \u00e9vi orsz\u00e1ggy\u0171l\u00e9si k\u00e9pvisel\u0151k v\u00e1laszt\u00e1sa"},"content":{"rendered":"\n<p>A 2026. \u00e9vi \u00e1ltal\u00e1nos orsz\u00e1ggy\u0171l\u00e9si k\u00e9pvisel\u0151-v\u00e1laszt\u00e1ssal kapcsolatos minden fontos inform\u00e1ci\u00f3t (pl. v\u00e1laszt\u00f3ker\u00fcletek, szavaz\u00f3k\u00f6r\u00f6k, nyilv\u00e1ntart\u00e1sba vett jel\u00f6ltek, list\u00e1k, eredm\u00e9nyek) a Nemzeti V\u00e1laszt\u00e1si Iroda hivatalos honlapj\u00e1nak al\u00e1bbi aloldal\u00e1n tal\u00e1l: <br><a href=\"https:\/\/vtr.valasztas.hu\/ogy2026\" target=\"_blank\" rel=\"noreferrer noopener\">https:\/\/vtr.valasztas.hu\/ogy2026<\/a><\/p>\n\n\n\n<p><strong>V\u00e1laszt\u00f3polg\u00e1roknak:<br><\/strong>&#8211; <a href=\"https:\/\/www.salgotarjan.hu\/wp-content\/uploads\/valasztas_hirdetmeny_20260412.pdf\" data-type=\"link\" data-id=\"https:\/\/www.salgotarjan.hu\/wp-content\/uploads\/valasztas_hirdetmeny_20260412.pdf\" target=\"_blank\" rel=\"noreferrer noopener\">k\u00f6zlem\u00e9ny a szavaz\u00e1s hely\u00e9r\u0151l \u00e9s idej\u00e9r\u0151l, a szavaz\u00e1s m\u00f3dj\u00e1r\u00f3l<\/a><br>&#8211; <a href=\"https:\/\/vtr.valasztas.hu\/ogy2026\/valasztopolgaroknak\/hataridok?tab=valasztopolgaroknak\" target=\"_blank\" rel=\"noreferrer noopener\">a hat\u00e1rid\u0151kr\u0151l<\/a><br>&#8211; <a href=\"https:\/\/magyarorszag.hu\/szuf_ugyleiras?id=ef7d053e-eaa5-41a4-8d18-8535e252277b\" target=\"_blank\" rel=\"noreferrer noopener\">a \u201eKit aj\u00e1nlottam\u201d szolg\u00e1ltat\u00e1s el\u00e9r\u00e9se<\/a><br>&#8211; <a href=\"https:\/\/vtr.valasztas.hu\/ogy2026\/valasztopolgaroknak\/szavazohelyiseg-kereses\" data-type=\"link\" data-id=\"https:\/\/vtr.valasztas.hu\/ogy2026\/valasztopolgaroknak\/szavazohelyiseg-kereses\" target=\"_blank\" rel=\"noreferrer noopener\">szavaz\u00f3helyis\u00e9g-keres\u0151<\/a><br>&#8211; a v\u00e1laszt\u00e1s nem hiteles eredm\u00e9ny\u00e9t tartalmaz\u00f3 t\u00e1j\u00e9koztat\u00f3 adatok a szavaz\u00e1s lez\u00e1r\u00e1s\u00e1t k\u00f6vet\u0151en<br>&#8211; t\u00e1j\u00e9koztat\u00e1s a szavaz\u00e1snapi jegyz\u0151k\u00f6nyvek megtekint\u00e9si rendj\u00e9r\u0151l a szavaz\u00e1s napj\u00e1t k\u00f6vet\u0151 3 napban<\/p>\n\n\n\n<p><strong>Jel\u00f6lteknek:<br><\/strong>A jel\u00f6ltek \u00e1ll\u00edt\u00e1s\u00e1hoz sz\u00fcks\u00e9ges aj\u00e1nl\u00e1sok sz\u00e1ma: <em>legal\u00e1bb 500 \u00e9rv\u00e9nyes aj\u00e1nl\u00e1s<\/em><br><br>&#8211; <a href=\"https:\/\/www.valasztas.hu\/orszaggyulesi-valasztasok2\" target=\"_blank\" rel=\"noreferrer noopener\">jel\u00f6ltek \u00e9s lista\u00e1ll\u00edt\u00e1shoz sz\u00fcks\u00e9ges nyomtatv\u00e1nyok<\/a><br>&#8211; <a href=\"https:\/\/www.valasztas.hu\/informaciok-jelolo-szervezeteknek\" target=\"_blank\" rel=\"noreferrer noopener\">a hat\u00e1rid\u0151kr\u0151l<\/a><br>&#8211; <a href=\"https:\/\/www.valasztas.hu\/valasztasi-bizottsag-tagjanak-megbizasa\" target=\"_blank\" rel=\"noreferrer noopener\">a megb\u00edzott v\u00e1laszt\u00e1si bizotts\u00e1gi tag bejelent\u00e9s\u00e9re szolg\u00e1l\u00f3 nyomtatv\u00e1nyok<\/a><br>&#8211; <a href=\"https:\/\/www.valasztas.hu\/ogy-nevjegyzekiadatok\" target=\"_blank\" rel=\"noreferrer noopener\">n\u00e9vjegyz\u00e9ki adatszolg\u00e1ltat\u00e1sr\u00f3l sz\u00f3l\u00f3 t\u00e1j\u00e9koztat\u00e1s<\/a><\/p>\n\n\n\n<p>A v\u00e1laszt\u00e1si bizotts\u00e1gok \u00fcl\u00e9s\u00e9nek v\u00e1rhat\u00f3 id\u0151pontja \u00e9s r\u00e9szletes napirendje:<\/p>\n\n\n\n<p>2026. \u00e1prilis 18-i \u00fcl\u00e9s <a href=\"https:\/\/www.salgotarjan.hu\/wp-content\/uploads\/valasztasok_20260418_oevb_meghivo.pdf\" data-type=\"link\" data-id=\"https:\/\/www.salgotarjan.hu\/wp-content\/uploads\/valasztasok_20260418_oevb_meghivo.pdf\" target=\"_blank\" rel=\"noreferrer noopener\">megh\u00edv\u00f3<\/a> (pdf)<\/p>\n\n\n\n<p>2026. \u00e1prilis 14-i \u00fcl\u00e9s <a href=\"https:\/\/www.salgotarjan.hu\/wp-content\/uploads\/valasztasok_20260414_oevb_meghivo.pdf\" data-type=\"link\" data-id=\"https:\/\/www.salgotarjan.hu\/wp-content\/uploads\/valasztasok_20260414_oevb_meghivo.pdf\" target=\"_blank\" rel=\"noreferrer noopener\">megh\u00edv\u00f3<\/a> (pdf)<\/p>\n\n\n\n<p>2026. \u00e1prilis 10-i \u00fcl\u00e9s <a href=\"https:\/\/www.salgotarjan.hu\/wp-content\/uploads\/valasztasok_20260410_meghivo.pdf\" data-type=\"link\" data-id=\"https:\/\/www.salgotarjan.hu\/wp-content\/uploads\/valasztasok_20260410_meghivo.pdf\" target=\"_blank\" rel=\"noreferrer noopener\">megh\u00edv\u00f3<\/a> (pdf)<\/p>\n\n\n\n<p>2026. \u00e1prilis 3-i \u00fcl\u00e9s <a href=\"https:\/\/www.salgotarjan.hu\/wp-content\/uploads\/valasztasok_20260403_meghivo.pdf\" data-type=\"link\" data-id=\"https:\/\/www.salgotarjan.hu\/wp-content\/uploads\/valasztasok_20260326_meghivo.pdf\" target=\"_blank\" rel=\"noreferrer noopener\">megh\u00edv\u00f3<\/a> (pdf)<\/p>\n\n\n\n<p>2026. m\u00e1rcius 26-i \u00fcl\u00e9s <a href=\"https:\/\/www.salgotarjan.hu\/wp-content\/uploads\/valasztasok_20260326_meghivo.pdf\" data-type=\"link\" data-id=\"https:\/\/www.salgotarjan.hu\/wp-content\/uploads\/valasztasok_20260326_meghivo.pdf\" target=\"_blank\" rel=\"noreferrer noopener\">megh\u00edv\u00f3<\/a> (pdf)<\/p>\n\n\n\n<p>2026. m\u00e1rcius 16-i \u00fcl\u00e9s&nbsp;<a href=\"https:\/\/www.salgotarjan.hu\/wp-content\/uploads\/valasztasok_20260316_meghivo.pdf\" target=\"_blank\" rel=\"noreferrer noopener\">megh\u00edv\u00f3<\/a>&nbsp;(pdf)<\/p>\n\n\n\n<p>2026. m\u00e1rcius 12-i \u00fcl\u00e9s&nbsp;<a href=\"https:\/\/www.salgotarjan.hu\/wp-content\/uploads\/valasztasok_20260312_meghivo.pdf\" target=\"_blank\" rel=\"noreferrer noopener\">megh\u00edv\u00f3<\/a>&nbsp;(pdf)<\/p>\n\n\n\n<p>2026. m\u00e1rcius 6. 16:10-i \u00fcl\u00e9s&nbsp;<a href=\"https:\/\/www.salgotarjan.hu\/wp-content\/uploads\/valasztasok_20260306-1610_meghivo.pdf\" target=\"_blank\" rel=\"noreferrer noopener\">megh\u00edv\u00f3<\/a>&nbsp;(pdf)<\/p>\n\n\n\n<p>2026. m\u00e1rcius 6. 15:30-i \u00fcl\u00e9s&nbsp;<a href=\"https:\/\/www.salgotarjan.hu\/wp-content\/uploads\/valasztasok_20260306-1530_meghivo.pdf\" target=\"_blank\" rel=\"noreferrer noopener\">megh\u00edv\u00f3<\/a>&nbsp;(pdf)<\/p>\n\n\n\n<p>2026. febru\u00e1r 25-i \u00fcl\u00e9s&nbsp;<a href=\"https:\/\/www.salgotarjan.hu\/wp-content\/uploads\/valasztasok_20260225_meghivo.pdf\" target=\"_blank\" rel=\"noreferrer noopener\">megh\u00edv\u00f3<\/a>&nbsp;(pdf)<\/p>\n\n\n\n<p>2026. febru\u00e1r 26-i \u00fcl\u00e9s&nbsp;<a href=\"https:\/\/www.salgotarjan.hu\/wp-content\/uploads\/valasztasok_20260226_meghivo.pdf\" data-type=\"link\" data-id=\"https:\/\/www.salgotarjan.hu\/wp-content\/uploads\/valasztasok_20260226_meghivo.pdf\" target=\"_blank\" rel=\"noreferrer noopener\">megh\u00edv\u00f3<\/a>&nbsp;(pdf)<\/p>\n\n\n\n<p>A v\u00e1laszt\u00e1si bizotts\u00e1gok d\u00f6nt\u00e9sei:<\/p>\n\n\n\n<p>1\/2026. (II. 25.) OEVB hat\u00e1rozat &#8211; <a href=\"https:\/\/www.salgotarjan.hu\/wp-content\/uploads\/valasztasok_20260225_oevb_1.pdf\" data-type=\"link\" data-id=\"https:\/\/www.salgotarjan.hu\/wp-content\/uploads\/valasztasok_20260225_oevb_1.pdf\" target=\"_blank\" rel=\"noreferrer noopener\">Szafk\u00f3 Zolt\u00e1n P\u00e9ter, a Tisztelet \u00e9s Szabads\u00e1g P\u00e1rt jel\u00f6ltj\u00e9nek nyilv\u00e1ntart\u00e1sba v\u00e9tele<\/a><\/p>\n\n\n\n<p>2\/2026. (II. 25.) OEVB hat\u00e1rozat &#8211; <a href=\"https:\/\/www.salgotarjan.hu\/wp-content\/uploads\/valasztasok_20260225_oevb_2.pdf\" data-type=\"link\" data-id=\"https:\/\/www.salgotarjan.hu\/wp-content\/uploads\/valasztasok_20260225_oevb_2.pdf\" target=\"_blank\" rel=\"noreferrer noopener\">Becs\u00f3 Zsolt, a FIDESZ &#8211; Magyar Polg\u00e1ri Sz\u00f6vets\u00e9g \u00e9s a Kereszt\u00e9nydemokrata N\u00e9pp\u00e1rt k\u00f6z\u00f6s jel\u00f6ltj\u00e9nek nyilv\u00e1ntart\u00e1sba v\u00e9tele<\/a><\/p>\n\n\n\n<p>3\/2026. (II. 25.) OEVB hat\u00e1rozat &#8211; <a href=\"https:\/\/www.salgotarjan.hu\/wp-content\/uploads\/valasztasok_20260225_oevb_3.pdf\" target=\"_blank\" rel=\"noreferrer noopener\">K. A. mag\u00e1nszem\u00e9ly \u00e1ltal beny\u00fajtott kifog\u00e1s elb\u00edr\u00e1l\u00e1sa<\/a><\/p>\n\n\n\n<p>4\/2026. (II. 26.) OEVB hat\u00e1rozat &#8211; <a href=\"https:\/\/www.salgotarjan.hu\/wp-content\/uploads\/valasztasok_20260226_oevb_4.pdf\" data-type=\"link\" data-id=\"https:\/\/www.salgotarjan.hu\/wp-content\/uploads\/valasztasok_20260226_oevb_4.pdf\" target=\"_blank\" rel=\"noreferrer noopener\">Berki S\u00e1ndor f\u00fcggetlen jel\u00f6lt nyilv\u00e1ntart\u00e1sba v\u00e9tele<\/a><\/p>\n\n\n\n<p>5\/2026. (II. 26.) OEVB hat\u00e1rozat &#8211; <a href=\"https:\/\/www.salgotarjan.hu\/wp-content\/uploads\/valasztasok_20260226_oevb_5.pdf\" data-type=\"link\" data-id=\"https:\/\/www.salgotarjan.hu\/wp-content\/uploads\/valasztasok_20260226_oevb_5.pdf\" target=\"_blank\" rel=\"noreferrer noopener\">Bajnok Gyula, a Mi Haz\u00e1nk Mozgalom jel\u00f6ltj\u00e9nek nyilv\u00e1ntart\u00e1sba v\u00e9tele<\/a><\/p>\n\n\n\n<p>6\/2026. (II. 26.) OEVB hat\u00e1rozat &#8211; <a href=\"https:\/\/www.salgotarjan.hu\/wp-content\/uploads\/valasztasok_20260226_oevb_6.pdf\" data-type=\"link\" data-id=\"https:\/\/www.salgotarjan.hu\/wp-content\/uploads\/valasztasok_20260226_oevb_6.pdf\" target=\"_blank\" rel=\"noreferrer noopener\">Tisztelet \u00e9s Szabads\u00e1g P\u00e1rt \u00e1ltal beny\u00fajtott kifog\u00e1s elb\u00edr\u00e1l\u00e1sa<\/a><\/p>\n\n\n\n<p>7\/2026. (III. 06.) OEVB hat\u00e1rozat &#8211; <a href=\"https:\/\/www.salgotarjan.hu\/wp-content\/uploads\/valasztasok_20260306_oevb_7.pdf\" data-type=\"link\" data-id=\"https:\/\/www.salgotarjan.hu\/wp-content\/uploads\/valasztasok_20260306_oevb_7.pdf\" target=\"_blank\" rel=\"noreferrer noopener\">Krizs Norbert, A SZOLIDARIT\u00c1S P\u00c1RTJA \u00e9s a Magyar Munk\u00e1sp\u00e1rt k\u00f6z\u00f6s jel\u00f6ltj\u00e9nek nyilv\u00e1ntart\u00e1sba v\u00e9tele<\/a><\/p>\n\n\n\n<p>8\/2026. (III. 06.) OEVB hat\u00e1rozat &#8211; <a href=\"https:\/\/www.salgotarjan.hu\/wp-content\/uploads\/valasztasok_20260306_oevb_8.pdf\" data-type=\"link\" data-id=\"https:\/\/www.salgotarjan.hu\/wp-content\/uploads\/valasztasok_20260306_oevb_8.pdf\" target=\"_blank\" rel=\"noreferrer noopener\">God\u00f3 Beatrix Katalin, a Demokratikus Koal\u00edci\u00f3 jel\u00f6ltj\u00e9nek nyilv\u00e1ntart\u00e1sba v\u00e9tele<\/a><\/p>\n\n\n\n<p>9\/2026. (III. 06.) OEVB hat\u00e1rozat &#8211; <a href=\"https:\/\/www.salgotarjan.hu\/wp-content\/uploads\/valasztasok_20260306_oevb_9.pdf\" data-type=\"link\" data-id=\"https:\/\/www.salgotarjan.hu\/wp-content\/uploads\/valasztasok_20260306_oevb_9.pdf\" target=\"_blank\" rel=\"noreferrer noopener\">Czvanczig L\u00e1szl\u00f3, a Magyar K\u00e9tfark\u00fa Kutya P\u00e1rt jel\u00f6ltj\u00e9nek nyilv\u00e1ntart\u00e1sba v\u00e9tele<\/a><\/p>\n\n\n\n<p>10\/2026. (III. 06.) OEVB hat\u00e1rozat &#8211; <a href=\"https:\/\/www.salgotarjan.hu\/wp-content\/uploads\/valasztasok_20260306_oevb_10.pdf\" data-type=\"link\" data-id=\"https:\/\/www.salgotarjan.hu\/wp-content\/uploads\/valasztasok_20260306_oevb_10.pdf\" target=\"_blank\" rel=\"noreferrer noopener\">Ol\u00e1h Mih\u00e1ly, a Norm\u00e1lis \u00c9let P\u00e1rtja jel\u00f6ltj\u00e9nek nyilv\u00e1ntart\u00e1sba v\u00e9tel\u00e9nek visszautas\u00edt\u00e1sa<\/a><\/p>\n\n\n\n<p>11\/2026. (III. 06.) OEVB hat\u00e1rozat &#8211; <a href=\"https:\/\/www.salgotarjan.hu\/wp-content\/uploads\/valasztasok_20260306_oevb_11.pdf\" data-type=\"link\" data-id=\"https:\/\/www.salgotarjan.hu\/wp-content\/uploads\/valasztasok_20260306_oevb_11.pdf\" target=\"_blank\" rel=\"noreferrer noopener\">T\u00f3th Tibor J\u00f3zsef, a Jobbik Magyarorsz\u00e1g\u00e9rt Mozgalom jel\u00f6ltj\u00e9nek nyilv\u00e1ntart\u00e1sba v\u00e9tel\u00e9nek visszautas\u00edt\u00e1sa<\/a><\/p>\n\n\n\n<p>12\/2026. (III. 06.) OEVB hat\u00e1rozat &#8211; <a href=\"https:\/\/www.salgotarjan.hu\/wp-content\/uploads\/valasztasok_20260306_oevb_12.pdf\" data-type=\"link\" data-id=\"https:\/\/www.salgotarjan.hu\/wp-content\/uploads\/valasztasok_20260306_oevb_12.pdf\" target=\"_blank\" rel=\"noreferrer noopener\">Mih\u00e1ly R\u00f3bertn\u00e9, a K\u00f6z\u00e9pen \u00c1ll\u00f3k P\u00e1rtja jel\u00f6ltj\u00e9nek nyilv\u00e1ntart\u00e1sba v\u00e9tel\u00e9nek visszautas\u00edt\u00e1sa<\/a><\/p>\n\n\n\n<p>13\/2026. (III. 06.) OEVB hat\u00e1rozat &#8211; <a href=\"https:\/\/www.salgotarjan.hu\/wp-content\/uploads\/valasztasok_20260306_oevb_13.pdf\" data-type=\"link\" data-id=\"https:\/\/www.salgotarjan.hu\/wp-content\/uploads\/valasztasok_20260306_oevb_13.pdf\" target=\"_blank\" rel=\"noreferrer noopener\">A 2026. \u00e1prilis 12. napj\u00e1ra kit\u0171z\u00f6tt orsz\u00e1ggy\u0171l\u00e9si k\u00e9pvisel\u0151k 2026. \u00e9vi \u00e1ltal\u00e1nos v\u00e1laszt\u00e1s\u00e1n a N\u00f3gr\u00e1d v\u00e1rmegyei 01. sz. egy\u00e9ni v\u00e1laszt\u00f3ker\u00fcletben a bejelentett jel\u00f6ltek sorrendj\u00e9nek sorsol\u00e1sa<\/a><\/p>\n\n\n\n<p>14\/2026. (III. 12.) OEVB hat\u00e1rozat &#8211; <a href=\"https:\/\/www.salgotarjan.hu\/wp-content\/uploads\/valasztasok_20260312_oevb_14.pdf\" data-type=\"link\" data-id=\"https:\/\/www.salgotarjan.hu\/wp-content\/uploads\/valasztasok_20260312_oevb_14.pdf\" target=\"_blank\" rel=\"noreferrer noopener\">B\u00edrs\u00e1g kiszab\u00e1sa a Mi Haz\u00e1nk Mozgalom jel\u00f6l\u0151 szervezetre<\/a><\/p>\n\n\n\n<p>15\/2026. (III. 12.) OEVB hat\u00e1rozat &#8211; <a href=\"https:\/\/www.salgotarjan.hu\/wp-content\/uploads\/valasztasok_20260312_oevb_15.pdf\" data-type=\"link\" data-id=\"https:\/\/www.salgotarjan.hu\/wp-content\/uploads\/valasztasok_20260312_oevb_15.pdf\" target=\"_blank\" rel=\"noreferrer noopener\">B\u00edrs\u00e1g kiszab\u00e1sa a Norm\u00e1lis \u00c9let P\u00e1rtja jel\u00f6l\u0151 szervezetre<\/a><\/p>\n\n\n\n<p>16\/2026. (III. 12.) OEVB hat\u00e1rozat &#8211; <a href=\"https:\/\/www.salgotarjan.hu\/wp-content\/uploads\/valasztasok_20260312_oevb_16.pdf\" data-type=\"link\" data-id=\"https:\/\/www.salgotarjan.hu\/wp-content\/uploads\/valasztasok_20260312_oevb_16.pdf\" target=\"_blank\" rel=\"noreferrer noopener\">B\u00edrs\u00e1g kiszab\u00e1sa a Jobbik Magyarorsz\u00e1g\u00e9rt Mozgalom jel\u00f6l\u0151 szervezetre<\/a><\/p>\n\n\n\n<p>17\/2026. (III. 16.) OEVB hat\u00e1rozat &#8211; <a href=\"https:\/\/www.salgotarjan.hu\/wp-content\/uploads\/valasztasok_20260316_oevb_17.pdf\" data-type=\"link\" data-id=\"https:\/\/www.salgotarjan.hu\/wp-content\/uploads\/valasztasok_20260316_oevb_17.pdf\" target=\"_blank\" rel=\"noreferrer noopener\">A k\u00fclk\u00e9pviseleteken leadott, valamint az \u00e1tjelentkez\u00e9ssel szavaz\u00f3 v\u00e1laszt\u00f3polg\u00e1rok \u00e1ltal leadott szavazatok megsz\u00e1ml\u00e1l\u00e1s\u00e1ra illet\u00e9kes, az orsz\u00e1ggy\u0171l\u00e9si egy\u00e9ni v\u00e1laszt\u00f3ker\u00fclet sz\u00e9khely telep\u00fcl\u00e9s\u00e9n m\u0171k\u00f6d\u0151 szavazatsz\u00e1ml\u00e1l\u00f3 bizotts\u00e1g kijel\u00f6l\u00e9se<\/a><\/p>\n\n\n\n<p>18\/2026. (III. 16.) OEVB hat\u00e1rozat &#8211; <a href=\"https:\/\/www.salgotarjan.hu\/wp-content\/uploads\/valasztasok_20260316_oevb_18.pdf\" data-type=\"link\" data-id=\"https:\/\/www.salgotarjan.hu\/wp-content\/uploads\/valasztasok_20260316_oevb_18.pdf\" target=\"_blank\" rel=\"noreferrer noopener\">A N\u00f3gr\u00e1d v\u00e1rmegyei 01. sz. orsz\u00e1ggy\u0171l\u00e9si egy\u00e9ni v\u00e1laszt\u00f3ker\u00fcleti szavaz\u00f3lap adattartalm\u00e1nak j\u00f3v\u00e1hagy\u00e1sa<\/a><\/p>\n\n\n\n<p>19\/2026. (III. 26.) OEVB hat\u00e1rozat &#8211; <a href=\"https:\/\/www.salgotarjan.hu\/wp-content\/uploads\/valasztasok_20260326_oevb_19.pdf\" data-type=\"link\" data-id=\"https:\/\/www.salgotarjan.hu\/wp-content\/uploads\/valasztasok_20260326_oevb_19.pdf\" target=\"_blank\" rel=\"noreferrer noopener\">Mag\u00e1nszem\u00e9ly \u00e1ltal beny\u00fajtott kifog\u00e1s elb\u00edr\u00e1l\u00e1sa<\/a><\/p>\n\n\n\n<p>20\/2026. (III. 26.) OEVB hat\u00e1rozat &#8211; <a href=\"https:\/\/www.salgotarjan.hu\/wp-content\/uploads\/valasztasok_20260326_oevb_20.pdf\" data-type=\"link\" data-id=\"https:\/\/www.salgotarjan.hu\/wp-content\/uploads\/valasztasok_20260326_oevb_20.pdf\" target=\"_blank\" rel=\"noreferrer noopener\">Mag\u00e1nszem\u00e9ly \u00e1ltal beny\u00fajtott kifog\u00e1s elb\u00edr\u00e1l\u00e1sa<\/a><\/p>\n\n\n\n<p>21\/2026. (III. 26.) OEVB hat\u00e1rozat &#8211; <a href=\"https:\/\/www.salgotarjan.hu\/wp-content\/uploads\/valasztasok_20260326_oevb_21.pdf\" data-type=\"link\" data-id=\"https:\/\/www.salgotarjan.hu\/wp-content\/uploads\/valasztasok_20260326_oevb_21.pdf\" target=\"_blank\" rel=\"noreferrer noopener\">Mag\u00e1nszem\u00e9ly \u00e1ltal beny\u00fajtott kifog\u00e1s elb\u00edr\u00e1l\u00e1sa<\/a><\/p>\n\n\n\n<p>22\/2026. (IV. 03.) OEVB hat\u00e1rozat &#8211; <a href=\"https:\/\/www.salgotarjan.hu\/wp-content\/uploads\/valasztasok_20260403_oevb_22.pdf\" data-type=\"link\" data-id=\"https:\/\/www.salgotarjan.hu\/wp-content\/uploads\/valasztasok_20260403_oevb_22.pdf\" target=\"_blank\" rel=\"noreferrer noopener\">Kifog\u00e1s elb\u00edr\u00e1l\u00e1sa<\/a><\/p>\n\n\n\n<p>23\/2026. (IV. 03.) OEVB hat\u00e1rozat &#8211; <a href=\"https:\/\/www.salgotarjan.hu\/wp-content\/uploads\/valasztasok_20260403_oevb_23.pdf\" data-type=\"link\" data-id=\"https:\/\/www.salgotarjan.hu\/wp-content\/uploads\/valasztasok_20260403_oevb_23.pdf\" target=\"_blank\" rel=\"noreferrer noopener\">Kifog\u00e1s elb\u00edr\u00e1l\u00e1sa<\/a><\/p>\n\n\n\n<p>24\/2026. (IV. 10.) OEVB hat\u00e1rozat &#8211; <a href=\"https:\/\/www.salgotarjan.hu\/wp-content\/uploads\/valasztasok_20260410_oevb_24.pdf\" data-type=\"link\" data-id=\"https:\/\/www.salgotarjan.hu\/wp-content\/uploads\/valasztasok_20260403_oevb_23.pdf\" target=\"_blank\" rel=\"noreferrer noopener\">Kifog\u00e1s elb\u00edr\u00e1l\u00e1sa<\/a><\/p>\n\n\n\n<p>25\/2026. (IV. 10.) OEVB hat\u00e1rozat &#8211; <a href=\"https:\/\/www.salgotarjan.hu\/wp-content\/uploads\/valasztasok_20260410_oevb_25.pdf\" data-type=\"link\" data-id=\"https:\/\/www.salgotarjan.hu\/wp-content\/uploads\/valasztasok_20260403_oevb_23.pdf\" target=\"_blank\" rel=\"noreferrer noopener\">Kifog\u00e1s elb\u00edr\u00e1l\u00e1sa<\/a><\/p>\n\n\n\n<p>26\/2026. (IV. 14.) OEVB hat\u00e1rozat &#8211; <a href=\"https:\/\/www.salgotarjan.hu\/wp-content\/uploads\/valasztasok_20260414_oevb_26.pdf\" data-type=\"link\" data-id=\"https:\/\/www.salgotarjan.hu\/wp-content\/uploads\/valasztasok_20260414_oevb_26.pdf\" target=\"_blank\" rel=\"noreferrer noopener\">Kifog\u00e1s elb\u00edr\u00e1l\u00e1sa<\/a><\/p>\n\n\n\n<p>27\/2026. (IV. 14.) OEVB hat\u00e1rozat &#8211; <a href=\"https:\/\/www.salgotarjan.hu\/wp-content\/uploads\/valasztasok_20260414_oevb_27.pdf\" data-type=\"link\" data-id=\"https:\/\/www.salgotarjan.hu\/wp-content\/uploads\/valasztasok_20260414_oevb_27.pdf\" target=\"_blank\" rel=\"noreferrer noopener\">Kifog\u00e1s elb\u00edr\u00e1l\u00e1sa<\/a><\/p>\n\n\n\n<p>28\/2026. (IV. 18.) OEVB hat\u00e1rozat &#8211; <a href=\"https:\/\/www.salgotarjan.hu\/wp-content\/uploads\/valasztasok_20260418_oevb_28.pdf\" data-type=\"link\" data-id=\"https:\/\/www.salgotarjan.hu\/wp-content\/uploads\/valasztasok_20260418_oevb_28.pdf\">A N\u00f3gr\u00e1d v\u00e1rmegyei 01. sz\u00e1m\u00fa orsz\u00e1ggy\u0171l\u00e9si egy\u00e9ni v\u00e1laszt\u00f3ker\u00fclet v\u00e1laszt\u00e1si eredm\u00e9ny\u00e9nek meg\u00e1llap\u00edt\u00e1sa<\/a><\/p>\n","protected":false},"excerpt":{"rendered":"<p>A 2026. \u00e9vi \u00e1ltal\u00e1nos orsz\u00e1ggy\u0171l\u00e9si k\u00e9pvisel\u0151-v\u00e1laszt\u00e1ssal kapcsolatos minden fontos inform\u00e1ci\u00f3t (pl. v\u00e1laszt\u00f3ker\u00fcletek, szavaz\u00f3k\u00f6r\u00f6k, nyilv\u00e1ntart\u00e1sba vett jel\u00f6ltek, list\u00e1k, eredm\u00e9nyek) a Nemzeti V\u00e1laszt\u00e1si Iroda hivatalos honlapj\u00e1nak al\u00e1bbi aloldal\u00e1n tal\u00e1l: https:\/\/vtr.valasztas.hu\/ogy2026 V\u00e1laszt\u00f3polg\u00e1roknak:&#8211; k\u00f6zlem\u00e9ny a szavaz\u00e1s hely\u00e9r\u0151l \u00e9s idej\u00e9r\u0151l, a szavaz\u00e1s m\u00f3dj\u00e1r\u00f3l&#8211; a hat\u00e1rid\u0151kr\u0151l&#8211; a \u201eKit aj\u00e1nlottam\u201d szolg\u00e1ltat\u00e1s el\u00e9r\u00e9se&#8211; szavaz\u00f3helyis\u00e9g-keres\u0151&#8211; a v\u00e1laszt\u00e1s nem hiteles eredm\u00e9ny\u00e9t tartalmaz\u00f3 t\u00e1j\u00e9koztat\u00f3 adatok a &#8230; <a title=\"V\u00e1laszt\u00e1si inform\u00e1ci\u00f3k \/ 2026. \u00e9vi orsz\u00e1ggy\u0171l\u00e9si k\u00e9pvisel\u0151k v\u00e1laszt\u00e1sa\" class=\"read-more\" href=\"https:\/\/www.salgotarjan.hu\/?page_id=14449\" aria-label=\"Read more about V\u00e1laszt\u00e1si inform\u00e1ci\u00f3k \/ 2026. \u00e9vi orsz\u00e1ggy\u0171l\u00e9si k\u00e9pvisel\u0151k v\u00e1laszt\u00e1sa\">Olvass tov\u00e1bb<\/a><\/p>\n","protected":false},"author":7,"featured_media":0,"parent":0,"menu_order":0,"comment_status":"closed","ping_status":"closed","template":"","meta":{"footnotes":""},"class_list":["post-14449","page","type-page","status-publish"],"_links":{"self":[{"href":"https:\/\/www.salgotarjan.hu\/index.php?rest_route=\/wp\/v2\/pages\/14449","targetHints":{"allow":["GET"]}}],"collection":[{"href":"https:\/\/www.salgotarjan.hu\/index.php?rest_route=\/wp\/v2\/pages"}],"about":[{"href":"https:\/\/www.salgotarjan.hu\/index.php?rest_route=\/wp\/v2\/types\/page"}],"author":[{"embeddable":true,"href":"https:\/\/www.salgotarjan.hu\/index.php?rest_route=\/wp\/v2\/users\/7"}],"replies":[{"embeddable":true,"href":"https:\/\/www.salgotarjan.hu\/index.php?rest_route=%2Fwp%2Fv2%2Fcomments&post=14449"}],"version-history":[{"count":1,"href":"https:\/\/www.salgotarjan.hu\/index.php?rest_route=\/wp\/v2\/pages\/14449\/revisions"}],"predecessor-version":[{"id":17008,"href":"https:\/\/www.salgotarjan.hu\/index.php?rest_route=\/wp\/v2\/pages\/14449\/revisions\/17008"}],"wp:attachment":[{"href":"https:\/\/www.salgotarjan.hu\/index.php?rest_route=%2Fwp%2Fv2%2Fmedia&parent=14449"}],"curies":[{"name":"wp","href":"https:\/\/api.w.org\/{rel}","templated":true}]}}