{"id":13009,"date":"2022-04-09T20:21:09","date_gmt":"2022-04-09T18:21:09","guid":{"rendered":"https:\/\/www.salgotarjan.hu\/?page_id=13009"},"modified":"2022-10-18T16:10:03","modified_gmt":"2022-10-18T14:10:03","slug":"valasztasok-valasztasi-bizottsag-dontesei-2022-helyi-valasztasi-bizottsag-dontesei","status":"publish","type":"page","link":"https:\/\/www.salgotarjan.hu\/?page_id=13009","title":{"rendered":"V\u00e1laszt\u00e1sok \/ V\u00e1laszt\u00e1si bizotts\u00e1g d\u00f6nt\u00e9sei \/ 2022. Helyi V\u00e1laszt\u00e1si Bizotts\u00e1g d\u00f6nt\u00e9sei"},"content":{"rendered":"\n<p>1\/2022. (IV.11.) HVB. sz. hat\u00e1rozata<br>Meg\u00fcresedett telep\u00fcl\u00e9si roma nemzetis\u00e9gi \u00f6nkorm\u00e1nyzati k\u00e9pvisel\u0151i mand\u00e1tum kiad\u00e1s\u00e1r\u00f3l val\u00f3 d\u00f6nt\u00e9s<br><a href=\"https:\/\/www.salgotarjan.hu\/wp-content\/uploads\/valasztasok_20220411_hvb_1.pdf\" target=\"_blank\" rel=\"noreferrer noopener\">Let\u00f6lt\u00e9s<\/a> (pdf)<\/p>\n\n\n\n<p>2\/2022. (IV.25.) HVB. sz. hat\u00e1rozata<br>Id\u0151k\u00f6zi v\u00e1laszt\u00e1s id\u0151pontj\u00e1nak kit\u0171z\u00e9se \u00e9s a hat\u00e1rid\u0151k meg\u00e1llap\u00edt\u00e1sa<br><a rel=\"noreferrer noopener\" href=\"https:\/\/www.salgotarjan.hu\/wp-content\/uploads\/valasztasok_20220425_hvb_2.pdf\" target=\"_blank\">Let\u00f6lt\u00e9s<\/a> (pdf)<\/p>\n\n\n\n<p>3\/2022. (V.13.) HVB. sz. hat\u00e1rozata<br>Magyar Munk\u00e1sp\u00e1rt jel\u00f6l\u0151 szervezet nyilv\u00e1ntart\u00e1sba v\u00e9tele<br><a href=\"https:\/\/www.salgotarjan.hu\/wp-content\/uploads\/valasztasok_20220513_hvb_3.pdf\">Let\u00f6lt\u00e9s<\/a> (pdf)<\/p>\n\n\n\n<p>4\/2022. (V.13.) HVB. sz. hat\u00e1rozata<br>Mi Haz\u00e1nk Mozgalom jel\u00f6l\u0151 szervezet nyilv\u00e1ntart\u00e1sba v\u00e9tele<br><a href=\"https:\/\/www.salgotarjan.hu\/wp-content\/uploads\/valasztasok_20220513_hvb_4.pdf\">Let\u00f6lt\u00e9s<\/a> (pdf)<\/p>\n\n\n\n<p>5\/2022. (V.13.) HVB. sz. hat\u00e1rozata<br>Igen Szolidarit\u00e1s Magyarorsz\u00e1g\u00e9rt Mozgalom jel\u00f6l\u0151 szervezet nyilv\u00e1ntart\u00e1sba v\u00e9tele<br><a href=\"https:\/\/www.salgotarjan.hu\/wp-content\/uploads\/valasztasok_20220513_hvb_5.pdf\">Let\u00f6lt\u00e9s<\/a> (pdf)<\/p>\n\n\n\n<p>6\/2022. (V.20.) HVB. sz. hat\u00e1rozata<br>Megold\u00e1s Mozgalom jel\u00f6l\u0151 szervezet nyilv\u00e1ntart\u00e1sba v\u00e9tele<br><a href=\"https:\/\/www.salgotarjan.hu\/wp-content\/uploads\/valasztasok_20220520_hvb_6.pdf\">Let\u00f6lt\u00e9s<\/a> (pdf)<\/p>\n\n\n\n<p>7\/2022. (V.25.) HVB. sz. hat\u00e1rozata<br>FIDESZ-Magyar Polg\u00e1ri Sz\u00f6vets\u00e9g jel\u00f6l\u0151 szervezet nyilv\u00e1ntart\u00e1sba v\u00e9tele<br><a href=\"https:\/\/www.salgotarjan.hu\/wp-content\/uploads\/valasztasok_20220525_hvb_7.pdf\">Let\u00f6lt\u00e9s<\/a> (pdf)<\/p>\n\n\n\n<p>8\/2022. (V.25.) HVB. sz. hat\u00e1rozata<br>Kereszt\u00e9nydemokrata N\u00e9pp\u00e1rt jel\u00f6l\u0151 szervezet nyilv\u00e1ntart\u00e1sba v\u00e9tele<br><a href=\"https:\/\/www.salgotarjan.hu\/wp-content\/uploads\/valasztasok_20220525_hvb_8.pdf\">Let\u00f6lt\u00e9s<\/a> (pdf)<\/p>\n\n\n\n<p>9\/2022. (VI.01.) HVB. sz. hat\u00e1rozata<br>Egyedi Norbert, a Mi Haz\u00e1nk Mozgalom egy\u00e9ni v\u00e1laszt\u00f3ker\u00fcleti k\u00e9pvisel\u0151jel\u00f6ltj\u00e9nek nyilv\u00e1ntart\u00e1sba v\u00e9tele<br><a href=\"https:\/\/www.salgotarjan.hu\/wp-content\/uploads\/valasztasok_20220601_hvb_9.pdf\">Let\u00f6lt\u00e9s<\/a> (pdf)<\/p>\n\n\n\n<p>10\/2022. (VI.01.) HVB. sz. hat\u00e1rozata<br>Lud\u00e1nyi J\u00f3zsef, f\u00fcggetlen egy\u00e9ni v\u00e1laszt\u00f3ker\u00fcleti k\u00e9pvisel\u0151jel\u00f6lt nyilv\u00e1ntart\u00e1sba v\u00e9tele<br><a href=\"https:\/\/www.salgotarjan.hu\/wp-content\/uploads\/valasztasok_20220601_hvb_10.pdf\">Let\u00f6lt\u00e9s<\/a> (pdf)<\/p>\n\n\n\n<p>11\/2022. (VI.01.) HVB. sz. hat\u00e1rozata<br>Szab\u00f3 Csaba, a FIDESZ-Magyar Polg\u00e1ri Sz\u00f6vets\u00e9g \u00e9s a Kereszt\u00e9nydemokrata N\u00e9pp\u00e1rt egy\u00e9ni v\u00e1laszt\u00f3ker\u00fcleti k\u00e9pvisel\u0151jel\u00f6ltj\u00e9nek nyilv\u00e1ntart\u00e1sba v\u00e9tele<br><a href=\"https:\/\/www.salgotarjan.hu\/wp-content\/uploads\/valasztasok_20220601_hvb_11.pdf\">Let\u00f6lt\u00e9s<\/a> (pdf)<\/p>\n\n\n\n<p>12\/2022. (VI.07.) HVB. sz. hat\u00e1rozata<br>Nagy Attila Tibor, a Magyar Munk\u00e1sp\u00e1rt \u00e9s az Igen Szolidarit\u00e1s Magyarorsz\u00e1g\u00e9rt Mozgalom egy\u00e9ni v\u00e1laszt\u00f3ker\u00fcleti k\u00e9pvisel\u0151jel\u00f6ltj\u00e9nek nyilv\u00e1ntart\u00e1sba v\u00e9tele<br><a href=\"https:\/\/www.salgotarjan.hu\/wp-content\/uploads\/valasztasok_20220607_hvb_12.pdf\">Let\u00f6lt\u00e9s<\/a> (pdf)<\/p>\n\n\n\n<p>13\/2022. (VI.13.) HVB. sz. hat\u00e1rozata<br>A 2022. j\u00falius 17. napj\u00e1ra kit\u0171z\u00f6tt id\u0151k\u00f6zi helyi \u00f6nkorm\u00e1nyzati k\u00e9pvisel\u0151 v\u00e1laszt\u00e1s\u00e1n a salg\u00f3tarj\u00e1ni 07. sz\u00e1m\u00fa egy\u00e9ni v\u00e1laszt\u00f3ker\u00fcletben \u00e1ll\u00edtott k\u00e9pvisel\u0151jel\u00f6ltek sorrendj\u00e9nek kisorsol\u00e1sa<br><a href=\"https:\/\/www.salgotarjan.hu\/wp-content\/uploads\/valasztasok_20220613_hvb_13.pdf\">Let\u00f6lt\u00e9s<\/a> (pdf)<\/p>\n\n\n\n<p>14\/2022. (VII.6.) HVB. sz. hat\u00e1rozata<br>A 2022. j\u00falius 17. napj\u00e1ra kit\u0171z\u00f6tt id\u0151k\u00f6zi helyi \u00f6nkorm\u00e1nyzati k\u00e9pvisel\u0151 v\u00e1laszt\u00e1s\u00e1n a salg\u00f3tarj\u00e1ni 07. sz\u00e1m\u00fa egy\u00e9ni v\u00e1laszt\u00f3ker\u00fcletben alkalmazand\u00f3 szavaz\u00f3lap adattartalm\u00e1nak j\u00f3v\u00e1hagy\u00e1sa<br><a href=\"https:\/\/www.salgotarjan.hu\/wp-content\/uploads\/valasztasok_20220706_hvb_14.pdf\">Let\u00f6lt\u00e9s<\/a> (pdf)<\/p>\n\n\n\n<p>15\/2022. (VII.14.) HVB. sz. hat\u00e1rozata<br>O.L. mag\u00e1nszem\u00e9ly \u00e1ltal beny\u00fajtott kifog\u00e1s elb\u00edr\u00e1l\u00e1sa<br><a href=\"https:\/\/www.salgotarjan.hu\/wp-content\/uploads\/valasztasok_20220714_hvb_15.pdf\">Let\u00f6lt\u00e9s<\/a> (pdf)<\/p>\n\n\n\n<p>16\/2022. (VII.17.) HVB. sz. hat\u00e1rozata<br>A 2022. j\u00falius 17. napj\u00e1ra a salg\u00f3tarj\u00e1ni 07.sz. egy\u00e9ni v\u00e1laszt\u00f3ker\u00fcletben kit\u0171z\u00f6tt id\u0151k\u00f6zi \u00f6nkorm\u00e1nyzati k\u00e9pvisel\u0151 v\u00e1laszt\u00e1s\u00e1n az egy\u00e9ni v\u00e1laszt\u00f3ker\u00fcleti k\u00e9pvisel\u0151-v\u00e1laszt\u00e1s eredm\u00e9ny\u00e9nek meg\u00e1llap\u00edt\u00e1sa<br><a href=\"https:\/\/www.salgotarjan.hu\/wp-content\/uploads\/valasztasok_20220717_hvb_16.pdf\">Let\u00f6lt\u00e9s<\/a> (pdf)<\/p>\n\n\n\n<p>17\/2022. (IX.14.) HVB. sz. hat\u00e1rozat<br> Meg\u00fcresedett telep\u00fcl\u00e9si roma nemzetis\u00e9gi \u00f6nkorm\u00e1nyzati k\u00e9pvisel\u0151i mand\u00e1tum kiad\u00e1s\u00e1r\u00f3l val\u00f3 d\u00f6nt\u00e9s<br> <a href=\"https:\/\/www.salgotarjan.hu\/wp-content\/uploads\/valasztasok_20220914_hvb_17.pdf\" target=\"_blank\" rel=\"noreferrer noopener\">Let\u00f6lt\u00e9s<\/a> (pdf)<\/p>\n\n\n\n<p>18\/2022. (IX.14.) HVB sz. hat\u00e1rozat<br> Meg\u00fcresedett telep\u00fcl\u00e9si roma nemzetis\u00e9gi \u00f6nkorm\u00e1nyzati k\u00e9pvisel\u0151i mand\u00e1tum kiad\u00e1s\u00e1r\u00f3l val\u00f3 d\u00f6nt\u00e9s<br> <a rel=\"noreferrer noopener\" href=\"https:\/\/www.salgotarjan.hu\/wp-content\/uploads\/valasztasok_20220914_hvb_18.pdf\" target=\"_blank\">Let\u00f6lt\u00e9s<\/a> (pdf)<\/p>\n\n\n\n<p>19\/2022. (X.06.) HVB. sz. hat\u00e1rozat<br>Nemzetis\u00e9gi \u00f6nkorm\u00e1nyzati k\u00e9pvisel\u0151i hely meg\u00fcresed\u00e9se miatt k\u00e9pvisel\u0151i mand\u00e1tum kiad\u00e1sa T\u00f3thn\u00e9 Kov\u00e1cs Hajnalka r\u00e9sz\u00e9re<br><a href=\"https:\/\/www.salgotarjan.hu\/wp-content\/uploads\/valasztasok_20221006_hvb_19.pdf\" target=\"_blank\" rel=\"noreferrer noopener\">Let\u00f6lt\u00e9s<\/a> (pdf)<\/p>\n\n\n\n<p>20\/2022. (X.06.) HVB sz. hat\u00e1rozat<br>Nemzetis\u00e9gi \u00f6nkorm\u00e1nyzati k\u00e9pvisel\u0151i hely meg\u00fcresed\u00e9se miatt k\u00e9pvisel\u0151i mand\u00e1tum kiad\u00e1sa Botos Nikoletta r\u00e9sz\u00e9re<br><a rel=\"noreferrer noopener\" href=\"https:\/\/www.salgotarjan.hu\/wp-content\/uploads\/valasztasok_20221006_hvb_20.pdf\" target=\"_blank\">Let\u00f6lt\u00e9s<\/a> (pdf)<br><br>21\/2022. (X.18.) HVB. sz. hat\u00e1rozat<br>Nemzetis\u00e9gi \u00f6nkorm\u00e1nyzati k\u00e9pvisel\u0151i hely meg\u00fcresed\u00e9se miatt k\u00e9pvisel\u0151i mand\u00e1tum kiad\u00e1sa Bal\u00e1zs Gy\u0151z\u0151 r\u00e9sz\u00e9re<br><a href=\"https:\/\/www.salgotarjan.hu\/wp-content\/uploads\/valasztasok_20221018_hvb_21.pdf\" target=\"_blank\" rel=\"noreferrer noopener\">Let\u00f6lt\u00e9s<\/a> (pdf)<\/p>\n\n\n\n<p>22\/2022. (X.18.) HVB sz. hat\u00e1rozat<br>Nemzetis\u00e9gi \u00f6nkorm\u00e1nyzati k\u00e9pvisel\u0151i hely meg\u00fcresed\u00e9se miatt k\u00e9pvisel\u0151i mand\u00e1tum kiad\u00e1sa Sz\u0151ke B\u00e9la Csab\u00e1n\u00e9 r\u00e9sz\u00e9re<br><a href=\"https:\/\/www.salgotarjan.hu\/wp-content\/uploads\/valasztasok_20221018_hvb_22.pdf\" target=\"_blank\" rel=\"noreferrer noopener\">Let\u00f6lt\u00e9s<\/a> (pdf)<\/p>\n","protected":false},"excerpt":{"rendered":"<p>1\/2022. (IV.11.) HVB. sz. hat\u00e1rozataMeg\u00fcresedett telep\u00fcl\u00e9si roma nemzetis\u00e9gi \u00f6nkorm\u00e1nyzati k\u00e9pvisel\u0151i mand\u00e1tum kiad\u00e1s\u00e1r\u00f3l val\u00f3 d\u00f6nt\u00e9sLet\u00f6lt\u00e9s (pdf) 2\/2022. (IV.25.) HVB. sz. hat\u00e1rozataId\u0151k\u00f6zi v\u00e1laszt\u00e1s id\u0151pontj\u00e1nak kit\u0171z\u00e9se \u00e9s a hat\u00e1rid\u0151k meg\u00e1llap\u00edt\u00e1saLet\u00f6lt\u00e9s (pdf) 3\/2022. (V.13.) HVB. sz. hat\u00e1rozataMagyar Munk\u00e1sp\u00e1rt jel\u00f6l\u0151 szervezet nyilv\u00e1ntart\u00e1sba v\u00e9teleLet\u00f6lt\u00e9s (pdf) 4\/2022. (V.13.) HVB. sz. hat\u00e1rozataMi Haz\u00e1nk Mozgalom jel\u00f6l\u0151 szervezet nyilv\u00e1ntart\u00e1sba v\u00e9teleLet\u00f6lt\u00e9s (pdf) 5\/2022. (V.13.) HVB. sz. &#8230; <a title=\"V\u00e1laszt\u00e1sok \/ V\u00e1laszt\u00e1si bizotts\u00e1g d\u00f6nt\u00e9sei \/ 2022. Helyi V\u00e1laszt\u00e1si Bizotts\u00e1g d\u00f6nt\u00e9sei\" class=\"read-more\" href=\"https:\/\/www.salgotarjan.hu\/?page_id=13009\" aria-label=\"Read more about V\u00e1laszt\u00e1sok \/ V\u00e1laszt\u00e1si bizotts\u00e1g d\u00f6nt\u00e9sei \/ 2022. Helyi V\u00e1laszt\u00e1si Bizotts\u00e1g d\u00f6nt\u00e9sei\">Olvass tov\u00e1bb<\/a><\/p>\n","protected":false},"author":7,"featured_media":0,"parent":0,"menu_order":0,"comment_status":"closed","ping_status":"closed","template":"","meta":{"footnotes":""},"class_list":["post-13009","page","type-page","status-publish"],"_links":{"self":[{"href":"https:\/\/www.salgotarjan.hu\/index.php?rest_route=\/wp\/v2\/pages\/13009","targetHints":{"allow":["GET"]}}],"collection":[{"href":"https:\/\/www.salgotarjan.hu\/index.php?rest_route=\/wp\/v2\/pages"}],"about":[{"href":"https:\/\/www.salgotarjan.hu\/index.php?rest_route=\/wp\/v2\/types\/page"}],"author":[{"embeddable":true,"href":"https:\/\/www.salgotarjan.hu\/index.php?rest_route=\/wp\/v2\/users\/7"}],"replies":[{"embeddable":true,"href":"https:\/\/www.salgotarjan.hu\/index.php?rest_route=%2Fwp%2Fv2%2Fcomments&post=13009"}],"version-history":[{"count":1,"href":"https:\/\/www.salgotarjan.hu\/index.php?rest_route=\/wp\/v2\/pages\/13009\/revisions"}],"predecessor-version":[{"id":13627,"href":"https:\/\/www.salgotarjan.hu\/index.php?rest_route=\/wp\/v2\/pages\/13009\/revisions\/13627"}],"wp:attachment":[{"href":"https:\/\/www.salgotarjan.hu\/index.php?rest_route=%2Fwp%2Fv2%2Fmedia&parent=13009"}],"curies":[{"name":"wp","href":"https:\/\/api.w.org\/{rel}","templated":true}]}}