{"id":11686,"date":"2021-02-11T12:08:09","date_gmt":"2021-02-11T11:08:09","guid":{"rendered":"https:\/\/www.salgotarjan.hu\/?page_id=11686"},"modified":"2023-11-28T17:43:19","modified_gmt":"2023-11-28T16:43:19","slug":"klimastrategia","status":"publish","type":"page","link":"https:\/\/www.salgotarjan.hu\/?page_id=11686","title":{"rendered":"Kl\u00edmastrat\u00e9giai projekt"},"content":{"rendered":"\n<figure class=\"wp-block-image size-large\"><img loading=\"lazy\" decoding=\"async\" width=\"880\" height=\"635\" src=\"https:\/\/www.salgotarjan.hu\/wp-content\/uploads\/klimastrategiaiprojekt_20210211_fejlec.jpg\" alt=\"\" class=\"wp-image-11691\" srcset=\"https:\/\/www.salgotarjan.hu\/wp-content\/uploads\/klimastrategiaiprojekt_20210211_fejlec.jpg 880w, https:\/\/www.salgotarjan.hu\/wp-content\/uploads\/klimastrategiaiprojekt_20210211_fejlec-300x216.jpg 300w, https:\/\/www.salgotarjan.hu\/wp-content\/uploads\/klimastrategiaiprojekt_20210211_fejlec-768x554.jpg 768w\" sizes=\"auto, (max-width: 880px) 100vw, 880px\" \/><\/figure>\n\n\n\n<div class=\"wp-block-columns is-layout-flex wp-container-core-columns-is-layout-9d6595d7 wp-block-columns-is-layout-flex\">\n<div class=\"wp-block-column is-vertically-aligned-center is-layout-flow wp-block-column-is-layout-flow\">\n<p class=\"has-accent-color has-text-color\">A t\u00e1mogat\u00e1s m\u00e9rt\u00e9ke: <strong>100%<\/strong><\/p>\n\n\n\n<p class=\"has-accent-color has-text-color\">A projekt befejez\u00e9si d\u00e1tuma: <strong>2022.11.30.<\/strong><\/p>\n\n\n\n<p>A Sz\u00e9chenyi 2020 program keret\u00e9ben Salg\u00f3tarj\u00e1n Megyei Jog\u00fa V\u00e1ros \u00d6nkorm\u00e1nyzata 20 milli\u00f3 forint vissza nem t\u00e9r\u00edtend\u0151 eur\u00f3pai uni\u00f3s t\u00e1mogat\u00e1sb\u00f3l val\u00f3s\u00edtotta meg a KEHOP-1.2.1-18-2019-00240 azonos\u00edt\u00f3sz\u00e1m\u00fa, \u201eSalg\u00f3tarj\u00e1n Megyei Jog\u00fa V\u00e1ros helyi kl\u00edmastrat\u00e9gi\u00e1ja\u201d projektj\u00e9t.<\/p>\n\n\n\n<p>A 2021. febru\u00e1rj\u00e1ban indult folyamat keret\u00e9ben kidolgoz\u00e1sra ker\u00fclt a Salg\u00f3tarj\u00e1n v\u00e1ros kl\u00edmastrat\u00e9gi\u00e1ja, melynek legf\u0151bb c\u00e9lkit\u0171z\u00e9se a kl\u00edmav\u00e1ltoz\u00e1s okozta kock\u00e1zatok megel\u0151z\u00e9se, a hat\u00e1sok m\u00e9rs\u00e9kl\u00e9se \u00e9s a hat\u00e1sokhoz val\u00f3 alkalmazkod\u00f3-k\u00e9pess\u00e9g jav\u00edt\u00e1sa, olyan, a helyi felt\u00e9telekhez illeszked\u0151 strat\u00e9giai dokumentum megalkot\u00e1sa r\u00e9v\u00e9n, amely az \u00e9rintettek sz\u00e9les k\u00f6r\u00e9nek bevon\u00e1s\u00e1val hat\u00e1rozza meg a legfontosabb r\u00f6vid \u00e9s hossz\u00fa t\u00e1v\u00fa int\u00e9zked\u00e9sek k\u00f6r\u00e9t. Szak\u00e9rt\u0151k \u00e1ll\u00edtott\u00e1k \u00f6ssze azt a szakmai tervezetet, amellyel kapcsolatban minden \u00e9rdekelt elmondhatta \u00e1ll\u00e1spontj\u00e1t, javaslatait az \u00fan. t\u00e1rsadalmas\u00edt\u00e1s sor\u00e1n: a helyi lakoss\u00e1g \u00e9s a d\u00f6nt\u00e9shoz\u00f3k online nyilv\u00e1n\u00edthattak v\u00e9lem\u00e9nyt.<br>A kl\u00edmastrat\u00e9gia megalkot\u00e1s\u00e1val p\u00e1rhuzamosan szeml\u00e9letform\u00e1l\u00f3 programok, akci\u00f3k seg\u00edtett\u00e9k a lakoss\u00e1g sz\u00e9les k\u00f6r\u0171 t\u00e1j\u00e9koztat\u00e1s\u00e1t \u00e9s a t\u00e9m\u00e1ban val\u00f3 j\u00e1rtass\u00e1g\u00e1nak elm\u00e9ly\u00edt\u00e9s\u00e9t. A k\u00f6rnyezet- \u00e9s kl\u00edmatudatos \u00e9letm\u00f3ddal kapcsolatos ismereteket a lakoss\u00e1g sz\u00e9les r\u00e9tegeihez siker\u00fclt eljuttatni az iskolai \u00e9s \u00f3vodai esem\u00e9nyeken, valamint a v\u00e1rosi rendezv\u00e9nyeken fel\u00e1ll\u00edtott Kl\u00edma-Ponton. Itt az \u00e9rdekl\u0151d\u0151k a mindennapok sor\u00e1n alkalmazhat\u00f3 praktikus tan\u00e1csokkal is gazdagodtak, de rendk\u00edv\u00fcl n\u00e9pszer\u0171ek voltak a kisgyermekeket foglalkoztat\u00f3 j\u00e1t\u00e9kok, sz\u00ednez\u0151k \u00e9s feladatlapok, ahogyan a feln\u0151ttek is \u00e9rdekl\u0151d\u00e9ssel \u00e9s \u00f6r\u00f6mmel t\u00f6lt\u00f6tt\u00e9k ki a kl\u00edmatot\u00f3t.<\/p>\n<\/div>\n<\/div>\n\n\n\n<h2 class=\"wp-block-heading\" id=\"hirdetesek\">Hirdet\u00e9sek<\/h2>\n\n\n\n<p>2022-11-18 <a href=\"https:\/\/www.salgotarjan.hu\/wp-content\/uploads\/klimastrategiaiprojekt_20221118_zarokonferencia_hirdetes.jpg\" target=\"_blank\" rel=\"noreferrer noopener\">Z\u00e1r\u00f3konferencia hirdet\u00e9s<\/a><\/p>\n\n\n\n<p>2022-07-01 <a rel=\"noreferrer noopener\" href=\"https:\/\/www.salgotarjan.hu\/wp-content\/uploads\/klimastrategiaiprojekt_20221003_pontparti_hirdetes.pdf\" target=\"_blank\">SMA hirdet\u00e9s \u2013 Pont ott party<\/a><br><br>2022-06-22 <a href=\"https:\/\/www.salgotarjan.hu\/?p=13261\">Kl\u00edmav\u00e9delmi szeml\u00e9letform\u00e1l\u00e1s az \u00f3vod\u00e1kban (hirdetm\u00e9ny)<\/a><\/p>\n\n\n\n<p>2022-06-04 <a href=\"https:\/\/www.salgotarjan.hu\/?p=13211\">V\u00e1rosi kl\u00edmastrat\u00e9gia bemutat\u00e1sa<\/a><\/p>\n\n\n\n<p>2022-01-31 <a href=\"https:\/\/www.salgotarjan.hu\/?p=12705\">Felh\u00edv\u00e1s<\/a><\/p>\n\n\n\n<p>2021-09-28 <a href=\"https:\/\/www.salgotarjan.hu\/?p=12274\">Kl\u00edma-pont a Belv\u00e1rosi Csal\u00e1di Napon<\/a><\/p>\n\n\n\n<p>2021-09-13 <a href=\"https:\/\/www.salgotarjan.hu\/?p=12221\">Kl\u00edma-pont a Csal\u00e1di Mozg\u00e1sfesztiv\u00e1lon<\/a><\/p>\n\n\n\n<p>2021-06-29 <a href=\"https:\/\/www.salgotarjan.hu\/?p=12125\">Mondjon v\u00e9lem\u00e9nyt a salg\u00f3tarj\u00e1ni kl\u00edmastrat\u00e9gi\u00e1r\u00f3l<\/a><\/p>\n\n\n\n<p>2021-05-12 <a href=\"https:\/\/www.salgotarjan.hu\/?p=11883\">P\u00e1ly\u00e1zat salg\u00f3tarj\u00e1ni tanul\u00f3knak (m\u00f3dos\u00edtott felh\u00edv\u00e1s)<\/a><\/p>\n\n\n\n<p>2021-04-14 <a href=\"https:\/\/www.salgotarjan.hu\/?p=11837\">\u00dajs\u00e1ghirdet\u00e9s<\/a><\/p>\n\n\n\n<p>2021-03-01 <a href=\"https:\/\/www.salgotarjan.hu\/?p=11742\">Fot\u00f3- \u00e9s vide\u00f3p\u00e1ly\u00e1zat salg\u00f3tarj\u00e1ni tanul\u00f3k r\u00e9sz\u00e9re<\/a><\/p>\n\n\n\n<p>2020-06-01 <a rel=\"noreferrer noopener\" href=\"https:\/\/www.salgotarjan.hu\/wp-content\/uploads\/klimastrategiaiprojekt_20221003_ujsag_hirdetes.pdf\" target=\"_blank\">SMA image hirdet\u00e9s \u2013 nyit\u00f3kamp\u00e1ny<\/a><\/p>\n\n\n\n<h2 class=\"wp-block-heading\" id=\"hirdetesek\">Sajt\u00f3k\u00f6zlem\u00e9nyek<\/h2>\n\n\n\n<p>2022-11-22 <a rel=\"noreferrer noopener\" href=\"https:\/\/www.salgotarjan.hu\/?p=13689\" target=\"_blank\">Z\u00e1r\u00f3 sajt\u00f3k\u00f6zlem\u00e9ny<\/a><\/p>\n\n\n\n<p>2022-06-22 <a href=\"https:\/\/www.salgotarjan.hu\/?p=13258\">Kl\u00edmav\u00e9delmi szeml\u00e9letform\u00e1l\u00e1s az \u00f3vod\u00e1kban (sajt\u00f3k\u00f6zlem\u00e9ny)<\/a><\/p>\n\n\n\n<p>2022-06-08 <a href=\"https:\/\/www.salgotarjan.hu\/?p=13229\">Sajt\u00f3k\u00f6zlem\u00e9ny<\/a><\/p>\n\n\n\n<p>2021-10-03 <a href=\"https:\/\/www.salgotarjan.hu\/wp-content\/uploads\/klimastrategiaiprojekt_20221005_sajtokozlemeny_20211003.pdf\" target=\"_blank\" rel=\"noreferrer noopener\">Sajt\u00f3k\u00f6zlem\u00e9ny<\/a><br><br>2021-09-18 <a rel=\"noreferrer noopener\" href=\"https:\/\/www.salgotarjan.hu\/wp-content\/uploads\/klimastrategiaiprojekt_20221005_sajtokozlemeny_20210918.pdf\" target=\"_blank\">Sajt\u00f3k\u00f6zlem\u00e9ny<\/a><\/p>\n\n\n\n<p>2021-07-23 <a href=\"https:\/\/www.salgotarjan.hu\/wp-content\/uploads\/klimastrategiaiprojekt_20221005_sajtokozlemeny_20210723.pdf\" target=\"_blank\" rel=\"noreferrer noopener\">Sajt\u00f3k\u00f6zlem\u00e9ny<\/a><br><br>2021-07-05 <a href=\"https:\/\/www.salgotarjan.hu\/?p=12010\">Lakoss\u00e1gi v\u00e9lem\u00e9nyeket v\u00e1runk a salg\u00f3tarj\u00e1ni kl\u00edmastrat\u00e9gi\u00e1hoz<\/a><\/p>\n\n\n\n<p>2021-04-14 <a href=\"https:\/\/www.salgotarjan.hu\/?p=11834\">Kl\u00edmastrat\u00e9gia k\u00e9sz\u00fcl v\u00e1rosban (\u00fajs\u00e1gcikk)<\/a><\/p>\n\n\n\n<p>2021-02-11 <a href=\"https:\/\/www.salgotarjan.hu\/?p=11694\">Sajt\u00f3k\u00f6zlem\u00e9ny<\/a><\/p>\n\n\n\n<h2 class=\"wp-block-heading\" id=\"interjuk-tudositasok\">Interj\u00fak, tud\u00f3s\u00edt\u00e1sok<\/h2>\n\n\n\n<p>2021-09-21 <a href=\"https:\/\/www.salgotarjan.hu\/?p=12253\">Kl\u00edma-pont a Csal\u00e1di Mozg\u00e1sfesztiv\u00e1lon<\/a><meta http-equiv=\"content-type\" content=\"text\/html; charset=utf-8\"><\/p>\n\n\n\n<p>2021-06-22 <a href=\"https:\/\/www.salgotarjan.hu\/?p=12129\">Pont Ott Parti, Kl\u00edmas\u00e1tor<\/a><\/p>\n\n\n\n<p>2021-06-16 <a href=\"https:\/\/www.salgotarjan.hu\/?p=11976\">Havi Aktu\u00e1lis \u2013 besz\u00e9lget\u00e9s a k\u00e9sz\u00fcl\u0151 kl\u00edmastrat\u00e9gia kapcs\u00e1n (Salg\u00f3tarj\u00e1ni V\u00e1rosi Telev\u00edzi\u00f3)<\/a><\/p>\n\n\n\n<p><a rel=\"noreferrer noopener\" href=\"https:\/\/youtu.be\/OYCqSGjvx1E\" target=\"_blank\">Rendhagy\u00f3 tan\u00f3r\u00e1k<\/a><\/p>\n\n\n\n<p><a href=\"https:\/\/youtu.be\/0VlirmTCpkI\" target=\"_blank\" rel=\"noreferrer noopener\">Belv\u00e1rosi Csal\u00e1di Nap<\/a><\/p>\n\n\n\n<p><a href=\"https:\/\/youtu.be\/ZAF2ce4AZE0\" target=\"_blank\" rel=\"noreferrer noopener\">Workshop(ok)<\/a><\/p>\n\n\n\n<p><a href=\"https:\/\/youtu.be\/q5P-Vkwr1-s\" target=\"_blank\" rel=\"noreferrer noopener\">Kreat\u00edv \u00e9s j\u00e1t\u00e9kos foglalkoz\u00e1s szervez\u00e9se gyermekek sz\u00e1m\u00e1ra<\/a><\/p>\n\n\n\n<p><a rel=\"noreferrer noopener\" href=\"https:\/\/youtu.be\/0qP0btbs3yY\" target=\"_blank\">F\u00f3rum a kl\u00edmastrat\u00e9gia gyakorlati megval\u00f3s\u00edt\u00e1s\u00e1r\u00f3l \u2013 z\u00e1r\u00f3konferencia<\/a><\/p>\n\n\n\n<p><a rel=\"noreferrer noopener\" href=\"https:\/\/youtu.be\/ZBeKCUTi--o\" target=\"_blank\">Lez\u00e1rult a kl\u00edmastrat\u00e9giai projekt<\/a><\/p>\n\n\n\n<h2 class=\"wp-block-heading\">Egyebek<\/h2>\n\n\n\n<p><a href=\"https:\/\/www.salgotarjan.hu\/wp-content\/uploads\/klimastrategiaiprojekt_20210301_fotopalyazat.zip\">Fot\u00f3p\u00e1ly\u00e1zat felh\u00edv\u00e1s \u00e9s adatlap<\/a> (zip)<\/p>\n\n\n\n<p>2021-03-03 <a href=\"https:\/\/www.salgotarjan.hu\/?p=11753\">Kl\u00edmastrat\u00e9gia \u2013 Ossza meg vel\u00fcnk \u00d6n is a v\u00e9lem\u00e9ny\u00e9t!<\/a><\/p>\n\n\n\n<p>2021-03-01 <a href=\"https:\/\/www.salgotarjan.hu\/?p=11742\">Fot\u00f3- \u00e9s vide\u00f3p\u00e1ly\u00e1zat salg\u00f3tarj\u00e1ni tanul\u00f3k r\u00e9sz\u00e9re<\/a><\/p>\n\n\n\n<p><a href=\"https:\/\/www.salgotarjan.hu\/?p=13684\">Sikeres z\u00e1r\u00f3f\u00f3rum a v\u00e1rosi kl\u00edmastrat\u00e9gia gyakorlati megval\u00f3s\u00edt\u00e1s\u00e1r\u00f3l!<\/a> (szakmai cikk)<br><br><a rel=\"noreferrer noopener\" href=\"https:\/\/www.salgotarjan.hu\/wp-content\/uploads\/klimastrategiaiprojekt_20210211_projekt_osszefoglalo.pdf\" target=\"_blank\">Projekt \u00f6sszefoglal\u00f3<\/a> (pdf)<\/p>\n\n\n\n<p><a rel=\"noreferrer noopener\" href=\"https:\/\/www.salgotarjan.hu\/wp-content\/uploads\/klimastrategiaiprojekt_20210705_salgotarjan_klimastrategiaja_egyeztetesi_valtozat_20210531.pdf\" target=\"_blank\">Salg\u00f3tarj\u00e1n MJV Kl\u00edmastrat\u00e9gi\u00e1ja \/ Egyeztet\u00e9si v\u00e1ltozat<\/a> (pdf)<\/p>\n\n\n\n<p><a href=\"https:\/\/www.salgotarjan.hu\/wp-content\/uploads\/klimastrategiaiprojekt_20221003_salgotarjan_klimastrategiaja_vegleges_valtozat.pdf\" target=\"_blank\" rel=\"noreferrer noopener\">Salg\u00f3tarj\u00e1n MJV Kl\u00edmastrat\u00e9gi\u00e1ja \/ V\u00e9gleges v\u00e1ltozat<\/a> (pdf)<\/p>\n","protected":false},"excerpt":{"rendered":"<p>A t\u00e1mogat\u00e1s m\u00e9rt\u00e9ke: 100% A projekt befejez\u00e9si d\u00e1tuma: 2022.11.30. A Sz\u00e9chenyi 2020 program keret\u00e9ben Salg\u00f3tarj\u00e1n Megyei Jog\u00fa V\u00e1ros \u00d6nkorm\u00e1nyzata 20 milli\u00f3 forint vissza nem t\u00e9r\u00edtend\u0151 eur\u00f3pai uni\u00f3s t\u00e1mogat\u00e1sb\u00f3l val\u00f3s\u00edtotta meg a KEHOP-1.2.1-18-2019-00240 azonos\u00edt\u00f3sz\u00e1m\u00fa, \u201eSalg\u00f3tarj\u00e1n Megyei Jog\u00fa V\u00e1ros helyi kl\u00edmastrat\u00e9gi\u00e1ja\u201d projektj\u00e9t. A 2021. febru\u00e1rj\u00e1ban indult folyamat keret\u00e9ben kidolgoz\u00e1sra ker\u00fclt a Salg\u00f3tarj\u00e1n v\u00e1ros kl\u00edmastrat\u00e9gi\u00e1ja, melynek legf\u0151bb c\u00e9lkit\u0171z\u00e9se &#8230; <a title=\"Kl\u00edmastrat\u00e9giai projekt\" class=\"read-more\" href=\"https:\/\/www.salgotarjan.hu\/?page_id=11686\" aria-label=\"Read more about Kl\u00edmastrat\u00e9giai projekt\">Olvass tov\u00e1bb<\/a><\/p>\n","protected":false},"author":7,"featured_media":0,"parent":0,"menu_order":0,"comment_status":"closed","ping_status":"closed","template":"","meta":{"footnotes":""},"class_list":["post-11686","page","type-page","status-publish"],"_links":{"self":[{"href":"https:\/\/www.salgotarjan.hu\/index.php?rest_route=\/wp\/v2\/pages\/11686","targetHints":{"allow":["GET"]}}],"collection":[{"href":"https:\/\/www.salgotarjan.hu\/index.php?rest_route=\/wp\/v2\/pages"}],"about":[{"href":"https:\/\/www.salgotarjan.hu\/index.php?rest_route=\/wp\/v2\/types\/page"}],"author":[{"embeddable":true,"href":"https:\/\/www.salgotarjan.hu\/index.php?rest_route=\/wp\/v2\/users\/7"}],"replies":[{"embeddable":true,"href":"https:\/\/www.salgotarjan.hu\/index.php?rest_route=%2Fwp%2Fv2%2Fcomments&post=11686"}],"version-history":[{"count":1,"href":"https:\/\/www.salgotarjan.hu\/index.php?rest_route=\/wp\/v2\/pages\/11686\/revisions"}],"predecessor-version":[{"id":14518,"href":"https:\/\/www.salgotarjan.hu\/index.php?rest_route=\/wp\/v2\/pages\/11686\/revisions\/14518"}],"wp:attachment":[{"href":"https:\/\/www.salgotarjan.hu\/index.php?rest_route=%2Fwp%2Fv2%2Fmedia&parent=11686"}],"curies":[{"name":"wp","href":"https:\/\/api.w.org\/{rel}","templated":true}]}}